
{"id":844,"date":"2021-11-24T16:28:45","date_gmt":"2021-11-24T16:28:45","guid":{"rendered":"http:\/\/reveeveille.net\/lamontagnetranquille\/?page_id=844"},"modified":"2021-11-24T16:28:46","modified_gmt":"2021-11-24T16:28:46","slug":"massifs-et-sommets","status":"publish","type":"page","link":"https:\/\/www.reveeveille.net\/lamontagnetranquille\/massifs-et-sommets\/","title":{"rendered":"Massifs et sommets"},"content":{"rendered":"\n<p>Cette rubrique ne propose pas d&rsquo;information sp\u00e9cifique. Elle se contente de regrouper par massifs et sommets les articles publi\u00e9s dans les autres rubriques du site. Et d&rsquo;une certaine mani\u00e8re, elle dessine la cartographie de mes balades en montagne.<\/p>\n\n\n\n<h2 class=\"wp-block-heading\">Alpes<\/h2>\n\n\n<div class=\"pt-cv-wrapper\"><div class=\"pt-cv-view pt-cv-collapsible\" id=\"pt-cv-view-0aec01dyc4\"><div data-id=\"pt-cv-page-1\" class=\"pt-cv-page\" data-cvc=\"1\"><div class=\"panel-group\" id=\"76ce22dwrx\"><div class=\"panel panel-default pt-cv-content-item pt-cv-2-col\" >\r\n<div class=\"panel-heading pt-cv-title\">\r\n    <a class=\"panel-title\" data-toggle=\"cvcollapse\" data-parent=\"#76ce22dwrx\" data-target=\"#2230e0dmj2\" href='https:\/\/www.reveeveille.net\/lamontagnetranquille\/la-grande-sassiere\/' onclick='event.preventDefault()'>\r\n\t\tLa grande Sassi\u00e8re, un sommet parfait pour l&rsquo;acclimatation \u00e0 l&rsquo;altitude\t<\/a>\r\n\t<\/div>\r\n<div id=\"2230e0dmj2\" class=\"panel-collapse collapse in\">\r\n\t<div class=\"panel-body\">\r\n\t\t<a href=\"https:\/\/www.reveeveille.net\/lamontagnetranquille\/la-grande-sassiere\/\" class=\"_self pt-cv-href-thumbnail pt-cv-thumb-left\" target=\"_self\" ><img loading=\"lazy\" decoding=\"async\" width=\"300\" height=\"225\" src=\"https:\/\/www.reveeveille.net\/lamontagnetranquille\/wp-content\/uploads\/2024\/03\/20230808_grande_sassiere_06-300x225.jpg\" class=\"pt-cv-thumbnail pull-left\" alt=\"\" srcset=\"https:\/\/www.reveeveille.net\/lamontagnetranquille\/wp-content\/uploads\/2024\/03\/20230808_grande_sassiere_06-300x225.jpg 300w, https:\/\/www.reveeveille.net\/lamontagnetranquille\/wp-content\/uploads\/2024\/03\/20230808_grande_sassiere_06-1024x768.jpg 1024w, https:\/\/www.reveeveille.net\/lamontagnetranquille\/wp-content\/uploads\/2024\/03\/20230808_grande_sassiere_06-768x576.jpg 768w, https:\/\/www.reveeveille.net\/lamontagnetranquille\/wp-content\/uploads\/2024\/03\/20230808_grande_sassiere_06.jpg 1500w\" sizes=\"auto, (max-width: 300px) 100vw, 300px\" \/><\/a>\n<div class=\"pt-cv-content\">Avec ses 3747 m\u00e8tres d'altitude (\u00e0 peine 100 m\u00e8tres de moins que l'Aiguille du Midi ou le Viso), la grande ...<br \/><div class=\"pt-cv-rmwrap\"><a href=\"https:\/\/www.reveeveille.net\/lamontagnetranquille\/la-grande-sassiere\/\" class=\"_self pt-cv-readmore btn btn-success\" target=\"_self\">Lire<\/a><\/div><\/div>\n<div class=\"pt-cv-meta-fields\"><span class=\"entry-date\"> <time datetime=\"2025-06-21T08:16:20+00:00\">juin 21, 2025<\/time><\/span><span> \/ <\/span><span class=\"terms\"> <a href='https:\/\/www.reveeveille.net\/lamontagnetranquille\/category\/itineraires\/acclimatation\/' title='Acclimatation' class='pt-cv-tax-acclimatation'>Acclimatation<\/a>, <a href='https:\/\/www.reveeveille.net\/lamontagnetranquille\/category\/massifs-et-sommets\/alpes\/vanoise\/' title='Vanoise' class='pt-cv-tax-vanoise'>Vanoise<\/a><\/span><\/div>\t<\/div>\r\n<\/div><\/div>\n<div class=\"panel panel-default pt-cv-content-item pt-cv-2-col\" >\r\n<div class=\"panel-heading pt-cv-title\">\r\n    <a class=\"panel-title\" data-toggle=\"cvcollapse\" data-parent=\"#76ce22dwrx\" data-target=\"#9fdc67724h\" href='https:\/\/www.reveeveille.net\/lamontagnetranquille\/un-mont-blanc-a-larrache\/' onclick='event.preventDefault()'>\r\n\t\tUn Mont-Blanc \u00e0 l&rsquo;arrache\t<\/a>\r\n\t<\/div>\r\n<div id=\"9fdc67724h\" class=\"panel-collapse collapse \">\r\n\t<div class=\"panel-body\">\r\n\t\t<a href=\"https:\/\/www.reveeveille.net\/lamontagnetranquille\/un-mont-blanc-a-larrache\/\" class=\"_self pt-cv-href-thumbnail pt-cv-thumb-left\" target=\"_self\" ><img loading=\"lazy\" decoding=\"async\" width=\"300\" height=\"196\" src=\"https:\/\/www.reveeveille.net\/lamontagnetranquille\/wp-content\/uploads\/2021\/11\/19890615_mont_blanc_arrache_15-300x196.jpg\" class=\"pt-cv-thumbnail pull-left\" alt=\"\" srcset=\"https:\/\/www.reveeveille.net\/lamontagnetranquille\/wp-content\/uploads\/2021\/11\/19890615_mont_blanc_arrache_15-300x196.jpg 300w, https:\/\/www.reveeveille.net\/lamontagnetranquille\/wp-content\/uploads\/2021\/11\/19890615_mont_blanc_arrache_15-1024x668.jpg 1024w, https:\/\/www.reveeveille.net\/lamontagnetranquille\/wp-content\/uploads\/2021\/11\/19890615_mont_blanc_arrache_15-768x501.jpg 768w, https:\/\/www.reveeveille.net\/lamontagnetranquille\/wp-content\/uploads\/2021\/11\/19890615_mont_blanc_arrache_15.jpg 1500w\" sizes=\"auto, (max-width: 300px) 100vw, 300px\" \/><\/a>\n<div class=\"pt-cv-content\">Ce texte figure dans le livre \"Sacr\u00e9 mont Blanc\" (2020) Juin 1989, itin\u00e9raire des Grands Mulets Encore quelques jours d'efforts, ...<br \/><div class=\"pt-cv-rmwrap\"><a href=\"https:\/\/www.reveeveille.net\/lamontagnetranquille\/un-mont-blanc-a-larrache\/\" class=\"_self pt-cv-readmore btn btn-success\" target=\"_self\">Lire<\/a><\/div><\/div>\n<div class=\"pt-cv-meta-fields\"><span class=\"entry-date\"> <time datetime=\"2024-03-08T15:41:49+00:00\">mars 8, 2024<\/time><\/span><span> \/ <\/span><span class=\"terms\"> <a href='https:\/\/www.reveeveille.net\/lamontagnetranquille\/tag\/mont-blanc\/' title='Mont-Blanc' class='pt-cv-tax-mont-blanc'>Mont-Blanc<\/a>, <a href='https:\/\/www.reveeveille.net\/lamontagnetranquille\/category\/massifs-et-sommets\/alpes\/mont-blanc\/' title='Mont-Blanc' class='pt-cv-tax-mont-blanc'>Mont-Blanc<\/a>, <a href='https:\/\/www.reveeveille.net\/lamontagnetranquille\/category\/recits\/' title='R\u00e9cits' class='pt-cv-tax-recits'>R\u00e9cits<\/a><\/span><\/div>\t<\/div>\r\n<\/div><\/div>\n<div class=\"panel panel-default pt-cv-content-item pt-cv-2-col\" >\r\n<div class=\"panel-heading pt-cv-title\">\r\n    <a class=\"panel-title\" data-toggle=\"cvcollapse\" data-parent=\"#76ce22dwrx\" data-target=\"#a28d43cs3q\" href='https:\/\/www.reveeveille.net\/lamontagnetranquille\/intuition\/' onclick='event.preventDefault()'>\r\n\t\tIntuition\t<\/a>\r\n\t<\/div>\r\n<div id=\"a28d43cs3q\" class=\"panel-collapse collapse \">\r\n\t<div class=\"panel-body\">\r\n\t\t<a href=\"https:\/\/www.reveeveille.net\/lamontagnetranquille\/intuition\/\" class=\"_self pt-cv-href-thumbnail pt-cv-thumb-left\" target=\"_self\" ><img loading=\"lazy\" decoding=\"async\" width=\"300\" height=\"198\" src=\"https:\/\/www.reveeveille.net\/lamontagnetranquille\/wp-content\/uploads\/2021\/11\/19850701_perou_60_toclaraju_ranrapalca_sommet-300x198.jpg\" class=\"pt-cv-thumbnail pull-left\" alt=\"\" srcset=\"https:\/\/www.reveeveille.net\/lamontagnetranquille\/wp-content\/uploads\/2021\/11\/19850701_perou_60_toclaraju_ranrapalca_sommet-300x198.jpg 300w, https:\/\/www.reveeveille.net\/lamontagnetranquille\/wp-content\/uploads\/2021\/11\/19850701_perou_60_toclaraju_ranrapalca_sommet-1024x674.jpg 1024w, https:\/\/www.reveeveille.net\/lamontagnetranquille\/wp-content\/uploads\/2021\/11\/19850701_perou_60_toclaraju_ranrapalca_sommet-768x506.jpg 768w, https:\/\/www.reveeveille.net\/lamontagnetranquille\/wp-content\/uploads\/2021\/11\/19850701_perou_60_toclaraju_ranrapalca_sommet.jpg 1500w\" sizes=\"auto, (max-width: 300px) 100vw, 300px\" \/><\/a>\n<div class=\"pt-cv-content\">Ce texte figure dans le livre \"Sacr\u00e9 mont Blanc\" (2020) Oisan, Col du Casset, 3265 m, Oisans Comme Pascal tra\u00eene ...<br \/><div class=\"pt-cv-rmwrap\"><a href=\"https:\/\/www.reveeveille.net\/lamontagnetranquille\/intuition\/\" class=\"_self pt-cv-readmore btn btn-success\" target=\"_self\">Lire<\/a><\/div><\/div>\n<div class=\"pt-cv-meta-fields\"><span class=\"entry-date\"> <time datetime=\"2024-03-08T15:40:14+00:00\">mars 8, 2024<\/time><\/span><span> \/ <\/span><span class=\"terms\"> <a href='https:\/\/www.reveeveille.net\/lamontagnetranquille\/category\/massifs-et-sommets\/alpes\/oisans\/' title='Oisans' class='pt-cv-tax-oisans'>Oisans<\/a>, <a href='https:\/\/www.reveeveille.net\/lamontagnetranquille\/category\/recits\/' title='R\u00e9cits' class='pt-cv-tax-recits'>R\u00e9cits<\/a><\/span><\/div>\t<\/div>\r\n<\/div><\/div>\n<div class=\"panel panel-default pt-cv-content-item pt-cv-2-col\" >\r\n<div class=\"panel-heading pt-cv-title\">\r\n    <a class=\"panel-title\" data-toggle=\"cvcollapse\" data-parent=\"#76ce22dwrx\" data-target=\"#5feb454hoc\" href='https:\/\/www.reveeveille.net\/lamontagnetranquille\/le-viso-loin-au-dessus-de-la-plaine-du-po\/' onclick='event.preventDefault()'>\r\n\t\tLe Viso, loin au dessus de la plaine du P\u00f4\t<\/a>\r\n\t<\/div>\r\n<div id=\"5feb454hoc\" class=\"panel-collapse collapse \">\r\n\t<div class=\"panel-body\">\r\n\t\t<a href=\"https:\/\/www.reveeveille.net\/lamontagnetranquille\/le-viso-loin-au-dessus-de-la-plaine-du-po\/\" class=\"_self pt-cv-href-thumbnail pt-cv-thumb-left\" target=\"_self\" ><img loading=\"lazy\" decoding=\"async\" width=\"300\" height=\"225\" src=\"https:\/\/www.reveeveille.net\/lamontagnetranquille\/wp-content\/uploads\/2024\/03\/20230806_viso_12-300x225.jpg\" class=\"pt-cv-thumbnail pull-left\" alt=\"\" srcset=\"https:\/\/www.reveeveille.net\/lamontagnetranquille\/wp-content\/uploads\/2024\/03\/20230806_viso_12-300x225.jpg 300w, https:\/\/www.reveeveille.net\/lamontagnetranquille\/wp-content\/uploads\/2024\/03\/20230806_viso_12-1024x768.jpg 1024w, https:\/\/www.reveeveille.net\/lamontagnetranquille\/wp-content\/uploads\/2024\/03\/20230806_viso_12-768x576.jpg 768w, https:\/\/www.reveeveille.net\/lamontagnetranquille\/wp-content\/uploads\/2024\/03\/20230806_viso_12.jpg 1500w\" sizes=\"auto, (max-width: 300px) 100vw, 300px\" \/><\/a>\n<div class=\"pt-cv-content\">Le Viso est un sommet singulier, par bien des aspects. Ses 3800 m\u00e8tres d'altitude ne le classent pas parmi les ...<br \/><div class=\"pt-cv-rmwrap\"><a href=\"https:\/\/www.reveeveille.net\/lamontagnetranquille\/le-viso-loin-au-dessus-de-la-plaine-du-po\/\" class=\"_self pt-cv-readmore btn btn-success\" target=\"_self\">Lire<\/a><\/div><\/div>\n<div class=\"pt-cv-meta-fields\"><span class=\"entry-date\"> <time datetime=\"2024-02-28T16:19:28+00:00\">f\u00e9vrier 28, 2024<\/time><\/span><span> \/ <\/span><span class=\"terms\"> <a href='https:\/\/www.reveeveille.net\/lamontagnetranquille\/category\/itineraires\/acclimatation\/' title='Acclimatation' class='pt-cv-tax-acclimatation'>Acclimatation<\/a>, <a href='https:\/\/www.reveeveille.net\/lamontagnetranquille\/category\/massifs-et-sommets\/alpes\/italie\/' title='Italie' class='pt-cv-tax-italie'>Italie<\/a><\/span><\/div>\t<\/div>\r\n<\/div><\/div>\n<div class=\"panel panel-default pt-cv-content-item pt-cv-2-col\" >\r\n<div class=\"panel-heading pt-cv-title\">\r\n    <a class=\"panel-title\" data-toggle=\"cvcollapse\" data-parent=\"#76ce22dwrx\" data-target=\"#549cdc1chq\" href='https:\/\/www.reveeveille.net\/lamontagnetranquille\/boucle-de-4-jours-au-coolidge\/' onclick='event.preventDefault()'>\r\n\t\tBoucle de 4 jours au Coolidge\t<\/a>\r\n\t<\/div>\r\n<div id=\"549cdc1chq\" class=\"panel-collapse collapse \">\r\n\t<div class=\"panel-body\">\r\n\t\t<a href=\"https:\/\/www.reveeveille.net\/lamontagnetranquille\/boucle-de-4-jours-au-coolidge\/\" class=\"_self pt-cv-href-thumbnail pt-cv-thumb-left\" target=\"_self\" ><img loading=\"lazy\" decoding=\"async\" width=\"300\" height=\"224\" src=\"https:\/\/www.reveeveille.net\/lamontagnetranquille\/wp-content\/uploads\/2021\/11\/20070706_oisan_53-300x224.jpg\" class=\"pt-cv-thumbnail pull-left\" alt=\"\" srcset=\"https:\/\/www.reveeveille.net\/lamontagnetranquille\/wp-content\/uploads\/2021\/11\/20070706_oisan_53-300x224.jpg 300w, https:\/\/www.reveeveille.net\/lamontagnetranquille\/wp-content\/uploads\/2021\/11\/20070706_oisan_53-1024x766.jpg 1024w, https:\/\/www.reveeveille.net\/lamontagnetranquille\/wp-content\/uploads\/2021\/11\/20070706_oisan_53-768x574.jpg 768w, https:\/\/www.reveeveille.net\/lamontagnetranquille\/wp-content\/uploads\/2021\/11\/20070706_oisan_53.jpg 1500w\" sizes=\"auto, (max-width: 300px) 100vw, 300px\" \/><\/a>\n<div class=\"pt-cv-content\">Le Coolidge est un des grands classiques faciles du massif de l'Oisans. Il se fait sans peine en deux journ\u00e9es ...<br \/><div class=\"pt-cv-rmwrap\"><a href=\"https:\/\/www.reveeveille.net\/lamontagnetranquille\/boucle-de-4-jours-au-coolidge\/\" class=\"_self pt-cv-readmore btn btn-success\" target=\"_self\">Lire<\/a><\/div><\/div>\n<div class=\"pt-cv-meta-fields\"><span class=\"entry-date\"> <time datetime=\"2024-01-31T09:22:59+00:00\">janvier 31, 2024<\/time><\/span><span> \/ <\/span><span class=\"terms\"> <a href='https:\/\/www.reveeveille.net\/lamontagnetranquille\/category\/itineraires\/' title='Itin\u00e9raires' class='pt-cv-tax-itineraires'>Itin\u00e9raires<\/a>, <a href='https:\/\/www.reveeveille.net\/lamontagnetranquille\/category\/massifs-et-sommets\/alpes\/oisans\/' title='Oisans' class='pt-cv-tax-oisans'>Oisans<\/a><\/span><\/div>\t<\/div>\r\n<\/div><\/div>\n<div class=\"panel panel-default pt-cv-content-item pt-cv-2-col\" >\r\n<div class=\"panel-heading pt-cv-title\">\r\n    <a class=\"panel-title\" data-toggle=\"cvcollapse\" data-parent=\"#76ce22dwrx\" data-target=\"#b5fe4441ut\" href='https:\/\/www.reveeveille.net\/lamontagnetranquille\/autour-du-glacier-blanc\/' onclick='event.preventDefault()'>\r\n\t\tAutour du glacier blanc\t<\/a>\r\n\t<\/div>\r\n<div id=\"b5fe4441ut\" class=\"panel-collapse collapse \">\r\n\t<div class=\"panel-body\">\r\n\t\t<a href=\"https:\/\/www.reveeveille.net\/lamontagnetranquille\/autour-du-glacier-blanc\/\" class=\"_self pt-cv-href-thumbnail pt-cv-thumb-left\" target=\"_self\" ><img loading=\"lazy\" decoding=\"async\" width=\"300\" height=\"225\" src=\"https:\/\/www.reveeveille.net\/lamontagnetranquille\/wp-content\/uploads\/2021\/11\/20040918_balade_ecrins_97-300x225.jpg\" class=\"pt-cv-thumbnail pull-left\" alt=\"\" srcset=\"https:\/\/www.reveeveille.net\/lamontagnetranquille\/wp-content\/uploads\/2021\/11\/20040918_balade_ecrins_97-300x225.jpg 300w, https:\/\/www.reveeveille.net\/lamontagnetranquille\/wp-content\/uploads\/2021\/11\/20040918_balade_ecrins_97-1024x768.jpg 1024w, https:\/\/www.reveeveille.net\/lamontagnetranquille\/wp-content\/uploads\/2021\/11\/20040918_balade_ecrins_97-768x576.jpg 768w, https:\/\/www.reveeveille.net\/lamontagnetranquille\/wp-content\/uploads\/2021\/11\/20040918_balade_ecrins_97.jpg 1500w\" sizes=\"auto, (max-width: 300px) 100vw, 300px\" \/><\/a>\n<div class=\"pt-cv-content\">J'aime parcourir et sugg\u00e9rer des balades \u00e0 l'\u00e9cart des lieux trop courus. Pour autant, je ne leur renie pas leur ...<br \/><div class=\"pt-cv-rmwrap\"><a href=\"https:\/\/www.reveeveille.net\/lamontagnetranquille\/autour-du-glacier-blanc\/\" class=\"_self pt-cv-readmore btn btn-success\" target=\"_self\">Lire<\/a><\/div><\/div>\n<div class=\"pt-cv-meta-fields\"><span class=\"entry-date\"> <time datetime=\"2021-11-28T16:59:35+00:00\">novembre 28, 2021<\/time><\/span><span> \/ <\/span><span class=\"terms\"> <a href='https:\/\/www.reveeveille.net\/lamontagnetranquille\/category\/itineraires\/' title='Itin\u00e9raires' class='pt-cv-tax-itineraires'>Itin\u00e9raires<\/a>, <a href='https:\/\/www.reveeveille.net\/lamontagnetranquille\/category\/massifs-et-sommets\/alpes\/oisans\/' title='Oisans' class='pt-cv-tax-oisans'>Oisans<\/a><\/span><\/div>\t<\/div>\r\n<\/div><\/div>\n<div class=\"panel panel-default pt-cv-content-item pt-cv-2-col\" >\r\n<div class=\"panel-heading pt-cv-title\">\r\n    <a class=\"panel-title\" data-toggle=\"cvcollapse\" data-parent=\"#76ce22dwrx\" data-target=\"#157ab788v4\" href='https:\/\/www.reveeveille.net\/lamontagnetranquille\/le-monde-est-petit\/' onclick='event.preventDefault()'>\r\n\t\tLe monde est petit\t<\/a>\r\n\t<\/div>\r\n<div id=\"157ab788v4\" class=\"panel-collapse collapse \">\r\n\t<div class=\"panel-body\">\r\n\t\t<a href=\"https:\/\/www.reveeveille.net\/lamontagnetranquille\/le-monde-est-petit\/\" class=\"_self pt-cv-href-thumbnail pt-cv-thumb-left\" target=\"_self\" ><img loading=\"lazy\" decoding=\"async\" width=\"300\" height=\"225\" src=\"https:\/\/www.reveeveille.net\/lamontagnetranquille\/wp-content\/uploads\/2021\/11\/20190730_oisan_et_mont_blanc_raphael_aurelien_11-300x225.jpg\" class=\"pt-cv-thumbnail pull-left\" alt=\"\" srcset=\"https:\/\/www.reveeveille.net\/lamontagnetranquille\/wp-content\/uploads\/2021\/11\/20190730_oisan_et_mont_blanc_raphael_aurelien_11-300x225.jpg 300w, https:\/\/www.reveeveille.net\/lamontagnetranquille\/wp-content\/uploads\/2021\/11\/20190730_oisan_et_mont_blanc_raphael_aurelien_11-768x576.jpg 768w, https:\/\/www.reveeveille.net\/lamontagnetranquille\/wp-content\/uploads\/2021\/11\/20190730_oisan_et_mont_blanc_raphael_aurelien_11.jpg 1000w\" sizes=\"auto, (max-width: 300px) 100vw, 300px\" \/><\/a>\n<div class=\"pt-cv-content\">Ce texte figure dans le livre \"Sacr\u00e9 mont Blanc\" Tandis que nous montons lentement vers le col du mont Maudit, ...<br \/><div class=\"pt-cv-rmwrap\"><a href=\"https:\/\/www.reveeveille.net\/lamontagnetranquille\/le-monde-est-petit\/\" class=\"_self pt-cv-readmore btn btn-success\" target=\"_self\">Lire<\/a><\/div><\/div>\n<div class=\"pt-cv-meta-fields\"><span class=\"entry-date\"> <time datetime=\"2021-11-28T16:58:07+00:00\">novembre 28, 2021<\/time><\/span><span> \/ <\/span><span class=\"terms\"> <a href='https:\/\/www.reveeveille.net\/lamontagnetranquille\/category\/massifs-et-sommets\/alpes\/mont-blanc\/' title='Mont-Blanc' class='pt-cv-tax-mont-blanc'>Mont-Blanc<\/a>, <a href='https:\/\/www.reveeveille.net\/lamontagnetranquille\/category\/recits\/' title='R\u00e9cits' class='pt-cv-tax-recits'>R\u00e9cits<\/a><\/span><\/div>\t<\/div>\r\n<\/div><\/div>\n<div class=\"panel panel-default pt-cv-content-item pt-cv-2-col\" >\r\n<div class=\"panel-heading pt-cv-title\">\r\n    <a class=\"panel-title\" data-toggle=\"cvcollapse\" data-parent=\"#76ce22dwrx\" data-target=\"#6ea4056ef1\" href='https:\/\/www.reveeveille.net\/lamontagnetranquille\/huaraz-versus-chamonix-ou-les-mecques-de-lalpinisme\/' onclick='event.preventDefault()'>\r\n\t\tHuaraz versus Chamonix, ou \u00ab\u00a0les Mecques de l&rsquo;alpinisme\u00a0\u00bb\t<\/a>\r\n\t<\/div>\r\n<div id=\"6ea4056ef1\" class=\"panel-collapse collapse \">\r\n\t<div class=\"panel-body\">\r\n\t\t<a href=\"https:\/\/www.reveeveille.net\/lamontagnetranquille\/huaraz-versus-chamonix-ou-les-mecques-de-lalpinisme\/\" class=\"_self pt-cv-href-thumbnail pt-cv-thumb-left\" target=\"_self\" ><img loading=\"lazy\" decoding=\"async\" width=\"300\" height=\"225\" src=\"https:\/\/www.reveeveille.net\/lamontagnetranquille\/wp-content\/uploads\/2021\/11\/20110914_mont_blanc_01-300x225.jpg\" class=\"pt-cv-thumbnail pull-left\" alt=\"\" srcset=\"https:\/\/www.reveeveille.net\/lamontagnetranquille\/wp-content\/uploads\/2021\/11\/20110914_mont_blanc_01-300x225.jpg 300w, https:\/\/www.reveeveille.net\/lamontagnetranquille\/wp-content\/uploads\/2021\/11\/20110914_mont_blanc_01-1024x768.jpg 1024w, https:\/\/www.reveeveille.net\/lamontagnetranquille\/wp-content\/uploads\/2021\/11\/20110914_mont_blanc_01-768x576.jpg 768w, https:\/\/www.reveeveille.net\/lamontagnetranquille\/wp-content\/uploads\/2021\/11\/20110914_mont_blanc_01.jpg 1500w\" sizes=\"auto, (max-width: 300px) 100vw, 300px\" \/><\/a>\n<div class=\"pt-cv-content\">Ce texte figure dans le livre \"Sacr\u00e9 mont Blanc\" Huaraz est \u00e0 la Cordill\u00e8re Blanche du P\u00e9rou ce que Chamonix ...<br \/><div class=\"pt-cv-rmwrap\"><a href=\"https:\/\/www.reveeveille.net\/lamontagnetranquille\/huaraz-versus-chamonix-ou-les-mecques-de-lalpinisme\/\" class=\"_self pt-cv-readmore btn btn-success\" target=\"_self\">Lire<\/a><\/div><\/div>\n<div class=\"pt-cv-meta-fields\"><span class=\"entry-date\"> <time datetime=\"2021-11-28T16:55:20+00:00\">novembre 28, 2021<\/time><\/span><span> \/ <\/span><span class=\"terms\"> <a href='https:\/\/www.reveeveille.net\/lamontagnetranquille\/category\/massifs-et-sommets\/amerique-latine\/' title='Am\u00e9rique latine' class='pt-cv-tax-amerique-latine'>Am\u00e9rique latine<\/a>, <a href='https:\/\/www.reveeveille.net\/lamontagnetranquille\/category\/massifs-et-sommets\/alpes\/mont-blanc\/' title='Mont-Blanc' class='pt-cv-tax-mont-blanc'>Mont-Blanc<\/a>, <a href='https:\/\/www.reveeveille.net\/lamontagnetranquille\/category\/recits\/' title='R\u00e9cits' class='pt-cv-tax-recits'>R\u00e9cits<\/a><\/span><\/div>\t<\/div>\r\n<\/div><\/div>\n<div class=\"panel panel-default pt-cv-content-item pt-cv-2-col\" >\r\n<div class=\"panel-heading pt-cv-title\">\r\n    <a class=\"panel-title\" data-toggle=\"cvcollapse\" data-parent=\"#76ce22dwrx\" data-target=\"#4366e691fh\" href='https:\/\/www.reveeveille.net\/lamontagnetranquille\/hivernale-a-la-roche-de-jabel\/' onclick='event.preventDefault()'>\r\n\t\tHivernale \u00e0 la roche de Jabel\t<\/a>\r\n\t<\/div>\r\n<div id=\"4366e691fh\" class=\"panel-collapse collapse \">\r\n\t<div class=\"panel-body\">\r\n\t\t<a href=\"https:\/\/www.reveeveille.net\/lamontagnetranquille\/hivernale-a-la-roche-de-jabel\/\" class=\"_self pt-cv-href-thumbnail pt-cv-thumb-left\" target=\"_self\" ><img loading=\"lazy\" decoding=\"async\" width=\"300\" height=\"96\" src=\"https:\/\/www.reveeveille.net\/lamontagnetranquille\/wp-content\/uploads\/2021\/11\/19850410_oisan_prepa_perou_01-300x96.jpg\" class=\"pt-cv-thumbnail pull-left\" alt=\"\" srcset=\"https:\/\/www.reveeveille.net\/lamontagnetranquille\/wp-content\/uploads\/2021\/11\/19850410_oisan_prepa_perou_01-300x96.jpg 300w, https:\/\/www.reveeveille.net\/lamontagnetranquille\/wp-content\/uploads\/2021\/11\/19850410_oisan_prepa_perou_01-1024x328.jpg 1024w, https:\/\/www.reveeveille.net\/lamontagnetranquille\/wp-content\/uploads\/2021\/11\/19850410_oisan_prepa_perou_01-768x246.jpg 768w, https:\/\/www.reveeveille.net\/lamontagnetranquille\/wp-content\/uploads\/2021\/11\/19850410_oisan_prepa_perou_01.jpg 1034w\" sizes=\"auto, (max-width: 300px) 100vw, 300px\" \/><\/a>\n<div class=\"pt-cv-content\">C'est pour une fois une toute petite histoire... sans histoires, justement. Avec mon copain Pascal on pr\u00e9parait \u00e0 l'\u00e9poque un ...<br \/><div class=\"pt-cv-rmwrap\"><a href=\"https:\/\/www.reveeveille.net\/lamontagnetranquille\/hivernale-a-la-roche-de-jabel\/\" class=\"_self pt-cv-readmore btn btn-success\" target=\"_self\">Lire<\/a><\/div><\/div>\n<div class=\"pt-cv-meta-fields\"><span class=\"entry-date\"> <time datetime=\"2021-11-28T16:52:58+00:00\">novembre 28, 2021<\/time><\/span><span> \/ <\/span><span class=\"terms\"> <a href='https:\/\/www.reveeveille.net\/lamontagnetranquille\/category\/massifs-et-sommets\/alpes\/oisans\/' title='Oisans' class='pt-cv-tax-oisans'>Oisans<\/a>, <a href='https:\/\/www.reveeveille.net\/lamontagnetranquille\/category\/recits\/' title='R\u00e9cits' class='pt-cv-tax-recits'>R\u00e9cits<\/a><\/span><\/div>\t<\/div>\r\n<\/div><\/div>\n<div class=\"panel panel-default pt-cv-content-item pt-cv-2-col\" >\r\n<div class=\"panel-heading pt-cv-title\">\r\n    <a class=\"panel-title\" data-toggle=\"cvcollapse\" data-parent=\"#76ce22dwrx\" data-target=\"#18f6989i1w\" href='https:\/\/www.reveeveille.net\/lamontagnetranquille\/retour-a-loisan\/' onclick='event.preventDefault()'>\r\n\t\tRetour \u00e0 l&rsquo;Oisan\t<\/a>\r\n\t<\/div>\r\n<div id=\"18f6989i1w\" class=\"panel-collapse collapse \">\r\n\t<div class=\"panel-body\">\r\n\t\t<a href=\"https:\/\/www.reveeveille.net\/lamontagnetranquille\/retour-a-loisan\/\" class=\"_self pt-cv-href-thumbnail pt-cv-thumb-left\" target=\"_self\" ><img loading=\"lazy\" decoding=\"async\" width=\"300\" height=\"154\" src=\"https:\/\/www.reveeveille.net\/lamontagnetranquille\/wp-content\/uploads\/2021\/11\/20030405_jocelme_avec_lionel_02-300x154.jpg\" class=\"pt-cv-thumbnail pull-left\" alt=\"\" srcset=\"https:\/\/www.reveeveille.net\/lamontagnetranquille\/wp-content\/uploads\/2021\/11\/20030405_jocelme_avec_lionel_02-300x154.jpg 300w, https:\/\/www.reveeveille.net\/lamontagnetranquille\/wp-content\/uploads\/2021\/11\/20030405_jocelme_avec_lionel_02.jpg 750w\" sizes=\"auto, (max-width: 300px) 100vw, 300px\" \/><\/a>\n<div class=\"pt-cv-content\">En ce milieu de mois de mai 2003, les hasards de la vie m'offrent 3 journ\u00e9es de libert\u00e9, pour faire ...<br \/><div class=\"pt-cv-rmwrap\"><a href=\"https:\/\/www.reveeveille.net\/lamontagnetranquille\/retour-a-loisan\/\" class=\"_self pt-cv-readmore btn btn-success\" target=\"_self\">Lire<\/a><\/div><\/div>\n<div class=\"pt-cv-meta-fields\"><span class=\"entry-date\"> <time datetime=\"2021-11-28T16:52:19+00:00\">novembre 28, 2021<\/time><\/span><span> \/ <\/span><span class=\"terms\"> <a href='https:\/\/www.reveeveille.net\/lamontagnetranquille\/category\/massifs-et-sommets\/alpes\/oisans\/' title='Oisans' class='pt-cv-tax-oisans'>Oisans<\/a>, <a href='https:\/\/www.reveeveille.net\/lamontagnetranquille\/category\/recits\/' title='R\u00e9cits' class='pt-cv-tax-recits'>R\u00e9cits<\/a><\/span><\/div>\t<\/div>\r\n<\/div><\/div>\n<div class=\"panel panel-default pt-cv-content-item pt-cv-2-col\" >\r\n<div class=\"panel-heading pt-cv-title\">\r\n    <a class=\"panel-title\" data-toggle=\"cvcollapse\" data-parent=\"#76ce22dwrx\" data-target=\"#e8e2389b2g\" href='https:\/\/www.reveeveille.net\/lamontagnetranquille\/la-frontiere-en-fraude\/' onclick='event.preventDefault()'>\r\n\t\tLa fronti\u00e8re en fraude\t<\/a>\r\n\t<\/div>\r\n<div id=\"e8e2389b2g\" class=\"panel-collapse collapse \">\r\n\t<div class=\"panel-body\">\r\n\t\t<a href=\"https:\/\/www.reveeveille.net\/lamontagnetranquille\/la-frontiere-en-fraude\/\" class=\"_self pt-cv-href-thumbnail pt-cv-thumb-left\" target=\"_self\" ><img loading=\"lazy\" decoding=\"async\" width=\"300\" height=\"214\" src=\"https:\/\/www.reveeveille.net\/lamontagnetranquille\/wp-content\/uploads\/2021\/11\/19830801_mont_blanc_pascal_babette_mireille_11-300x214.jpg\" class=\"pt-cv-thumbnail pull-left\" alt=\"\" srcset=\"https:\/\/www.reveeveille.net\/lamontagnetranquille\/wp-content\/uploads\/2021\/11\/19830801_mont_blanc_pascal_babette_mireille_11-300x214.jpg 300w, https:\/\/www.reveeveille.net\/lamontagnetranquille\/wp-content\/uploads\/2021\/11\/19830801_mont_blanc_pascal_babette_mireille_11-768x548.jpg 768w, https:\/\/www.reveeveille.net\/lamontagnetranquille\/wp-content\/uploads\/2021\/11\/19830801_mont_blanc_pascal_babette_mireille_11.jpg 936w\" sizes=\"auto, (max-width: 300px) 100vw, 300px\" \/><\/a>\n<div class=\"pt-cv-content\">Ce texte figure dans le livre \"Sacr\u00e9 mont Blanc\" (2020) 4 heures du matin, camping des Bossons. Je sors la ...<br \/><div class=\"pt-cv-rmwrap\"><a href=\"https:\/\/www.reveeveille.net\/lamontagnetranquille\/la-frontiere-en-fraude\/\" class=\"_self pt-cv-readmore btn btn-success\" target=\"_self\">Lire<\/a><\/div><\/div>\n<div class=\"pt-cv-meta-fields\"><span class=\"entry-date\"> <time datetime=\"2021-11-28T16:48:25+00:00\">novembre 28, 2021<\/time><\/span><span> \/ <\/span><span class=\"terms\"> <a href='https:\/\/www.reveeveille.net\/lamontagnetranquille\/category\/massifs-et-sommets\/alpes\/mont-blanc\/' title='Mont-Blanc' class='pt-cv-tax-mont-blanc'>Mont-Blanc<\/a>, <a href='https:\/\/www.reveeveille.net\/lamontagnetranquille\/category\/recits\/' title='R\u00e9cits' class='pt-cv-tax-recits'>R\u00e9cits<\/a><\/span><\/div>\t<\/div>\r\n<\/div><\/div>\n<div class=\"panel panel-default pt-cv-content-item pt-cv-2-col\" >\r\n<div class=\"panel-heading pt-cv-title\">\r\n    <a class=\"panel-title\" data-toggle=\"cvcollapse\" data-parent=\"#76ce22dwrx\" data-target=\"#686f2cc2zt\" href='https:\/\/www.reveeveille.net\/lamontagnetranquille\/sacre-mont-blanc\/' onclick='event.preventDefault()'>\r\n\t\tSacr\u00e9 Mont-Blanc\t<\/a>\r\n\t<\/div>\r\n<div id=\"686f2cc2zt\" class=\"panel-collapse collapse \">\r\n\t<div class=\"panel-body\">\r\n\t\t<a href=\"https:\/\/www.reveeveille.net\/lamontagnetranquille\/sacre-mont-blanc\/\" class=\"_self pt-cv-href-thumbnail pt-cv-thumb-left\" target=\"_self\" ><img loading=\"lazy\" decoding=\"async\" width=\"300\" height=\"134\" src=\"https:\/\/www.reveeveille.net\/lamontagnetranquille\/wp-content\/uploads\/2021\/11\/20040918_balade_ecrins_86-300x134.jpg\" class=\"pt-cv-thumbnail pull-left\" alt=\"\" srcset=\"https:\/\/www.reveeveille.net\/lamontagnetranquille\/wp-content\/uploads\/2021\/11\/20040918_balade_ecrins_86-300x134.jpg 300w, https:\/\/www.reveeveille.net\/lamontagnetranquille\/wp-content\/uploads\/2021\/11\/20040918_balade_ecrins_86-1024x458.jpg 1024w, https:\/\/www.reveeveille.net\/lamontagnetranquille\/wp-content\/uploads\/2021\/11\/20040918_balade_ecrins_86-768x344.jpg 768w, https:\/\/www.reveeveille.net\/lamontagnetranquille\/wp-content\/uploads\/2021\/11\/20040918_balade_ecrins_86.jpg 1500w\" sizes=\"auto, (max-width: 300px) 100vw, 300px\" \/><\/a>\n<div class=\"pt-cv-content\">Ar\u00eate des Bosses, juillet 1983 - Allez, Marc, faut y aller ! Hein, quoi ? J'ouvre p\u00e9niblement les yeux. Mal ...<br \/><div class=\"pt-cv-rmwrap\"><a href=\"https:\/\/www.reveeveille.net\/lamontagnetranquille\/sacre-mont-blanc\/\" class=\"_self pt-cv-readmore btn btn-success\" target=\"_self\">Lire<\/a><\/div><\/div>\n<div class=\"pt-cv-meta-fields\"><span class=\"entry-date\"> <time datetime=\"2021-11-28T16:46:57+00:00\">novembre 28, 2021<\/time><\/span><span> \/ <\/span><span class=\"terms\"> <a href='https:\/\/www.reveeveille.net\/lamontagnetranquille\/category\/massifs-et-sommets\/alpes\/mont-blanc\/' title='Mont-Blanc' class='pt-cv-tax-mont-blanc'>Mont-Blanc<\/a>, <a href='https:\/\/www.reveeveille.net\/lamontagnetranquille\/category\/recits\/' title='R\u00e9cits' class='pt-cv-tax-recits'>R\u00e9cits<\/a><\/span><\/div>\t<\/div>\r\n<\/div><\/div>\n<div class=\"panel panel-default pt-cv-content-item pt-cv-2-col\" >\r\n<div class=\"panel-heading pt-cv-title\">\r\n    <a class=\"panel-title\" data-toggle=\"cvcollapse\" data-parent=\"#76ce22dwrx\" data-target=\"#4f38e25gah\" href='https:\/\/www.reveeveille.net\/lamontagnetranquille\/laltimetre-amoureux\/' onclick='event.preventDefault()'>\r\n\t\tL&rsquo;altim\u00e8tre amoureux\t<\/a>\r\n\t<\/div>\r\n<div id=\"4f38e25gah\" class=\"panel-collapse collapse \">\r\n\t<div class=\"panel-body\">\r\n\t\t<a href=\"https:\/\/www.reveeveille.net\/lamontagnetranquille\/laltimetre-amoureux\/\" class=\"_self pt-cv-href-thumbnail pt-cv-thumb-left\" target=\"_self\" ><img loading=\"lazy\" decoding=\"async\" width=\"288\" height=\"300\" src=\"https:\/\/www.reveeveille.net\/lamontagnetranquille\/wp-content\/uploads\/2021\/11\/20020915_mont_blanc_carnet_22-288x300.jpg\" class=\"pt-cv-thumbnail pull-left\" alt=\"\" srcset=\"https:\/\/www.reveeveille.net\/lamontagnetranquille\/wp-content\/uploads\/2021\/11\/20020915_mont_blanc_carnet_22-288x300.jpg 288w, https:\/\/www.reveeveille.net\/lamontagnetranquille\/wp-content\/uploads\/2021\/11\/20020915_mont_blanc_carnet_22.jpg 613w\" sizes=\"auto, (max-width: 288px) 100vw, 288px\" \/><\/a>\n<div class=\"pt-cv-content\">Ce texte figure dans le livre \"Sacr\u00e9 mont Blanc\" (2020) Aux quatre coins de la tente, de petits crochets permettent ...<br \/><div class=\"pt-cv-rmwrap\"><a href=\"https:\/\/www.reveeveille.net\/lamontagnetranquille\/laltimetre-amoureux\/\" class=\"_self pt-cv-readmore btn btn-success\" target=\"_self\">Lire<\/a><\/div><\/div>\n<div class=\"pt-cv-meta-fields\"><span class=\"entry-date\"> <time datetime=\"2021-11-28T16:44:17+00:00\">novembre 28, 2021<\/time><\/span><span> \/ <\/span><span class=\"terms\"> <a href='https:\/\/www.reveeveille.net\/lamontagnetranquille\/category\/massifs-et-sommets\/alpes\/oisans\/' title='Oisans' class='pt-cv-tax-oisans'>Oisans<\/a>, <a href='https:\/\/www.reveeveille.net\/lamontagnetranquille\/category\/recits\/' title='R\u00e9cits' class='pt-cv-tax-recits'>R\u00e9cits<\/a><\/span><\/div>\t<\/div>\r\n<\/div><\/div>\n<div class=\"panel panel-default pt-cv-content-item pt-cv-2-col\" >\r\n<div class=\"panel-heading pt-cv-title\">\r\n    <a class=\"panel-title\" data-toggle=\"cvcollapse\" data-parent=\"#76ce22dwrx\" data-target=\"#041cf17f79\" href='https:\/\/www.reveeveille.net\/lamontagnetranquille\/rencontres-du-premier-deuxieme-et-troisieme-type-a-la-croix-de-belledonne\/' onclick='event.preventDefault()'>\r\n\t\tRencontres du premier, deuxi\u00e8me et troisi\u00e8me type \u00e0 la Croix de Belledonne\t<\/a>\r\n\t<\/div>\r\n<div id=\"041cf17f79\" class=\"panel-collapse collapse \">\r\n\t<div class=\"panel-body\">\r\n\t\t<a href=\"https:\/\/www.reveeveille.net\/lamontagnetranquille\/rencontres-du-premier-deuxieme-et-troisieme-type-a-la-croix-de-belledonne\/\" class=\"_self pt-cv-href-thumbnail pt-cv-thumb-left\" target=\"_self\" ><img loading=\"lazy\" decoding=\"async\" width=\"300\" height=\"225\" src=\"https:\/\/www.reveeveille.net\/lamontagnetranquille\/wp-content\/uploads\/2021\/11\/20050915_croix_de_belledonne_01-300x225.jpg\" class=\"pt-cv-thumbnail pull-left\" alt=\"\" srcset=\"https:\/\/www.reveeveille.net\/lamontagnetranquille\/wp-content\/uploads\/2021\/11\/20050915_croix_de_belledonne_01-300x225.jpg 300w, https:\/\/www.reveeveille.net\/lamontagnetranquille\/wp-content\/uploads\/2021\/11\/20050915_croix_de_belledonne_01-768x576.jpg 768w, https:\/\/www.reveeveille.net\/lamontagnetranquille\/wp-content\/uploads\/2021\/11\/20050915_croix_de_belledonne_01.jpg 1000w\" sizes=\"auto, (max-width: 300px) 100vw, 300px\" \/><\/a>\n<div class=\"pt-cv-content\">Les derni\u00e8res centaines de m\u00e8tres de l'ascension de la Croix de Belledone depuis le lac du Crozet sont d'une curieuse ...<br \/><div class=\"pt-cv-rmwrap\"><a href=\"https:\/\/www.reveeveille.net\/lamontagnetranquille\/rencontres-du-premier-deuxieme-et-troisieme-type-a-la-croix-de-belledonne\/\" class=\"_self pt-cv-readmore btn btn-success\" target=\"_self\">Lire<\/a><\/div><\/div>\n<div class=\"pt-cv-meta-fields\"><span class=\"entry-date\"> <time datetime=\"2021-11-28T16:42:12+00:00\">novembre 28, 2021<\/time><\/span><span> \/ <\/span><span class=\"terms\"> <a href='https:\/\/www.reveeveille.net\/lamontagnetranquille\/category\/massifs-et-sommets\/alpes\/' title='Alpes' class='pt-cv-tax-alpes'>Alpes<\/a>, <a href='https:\/\/www.reveeveille.net\/lamontagnetranquille\/category\/recits\/' title='R\u00e9cits' class='pt-cv-tax-recits'>R\u00e9cits<\/a><\/span><\/div>\t<\/div>\r\n<\/div><\/div>\n<div class=\"panel panel-default pt-cv-content-item pt-cv-2-col\" >\r\n<div class=\"panel-heading pt-cv-title\">\r\n    <a class=\"panel-title\" data-toggle=\"cvcollapse\" data-parent=\"#76ce22dwrx\" data-target=\"#4088f6852r\" href='https:\/\/www.reveeveille.net\/lamontagnetranquille\/trouvaille\/' onclick='event.preventDefault()'>\r\n\t\tTrouvaille\t<\/a>\r\n\t<\/div>\r\n<div id=\"4088f6852r\" class=\"panel-collapse collapse \">\r\n\t<div class=\"panel-body\">\r\n\t\t<a href=\"https:\/\/www.reveeveille.net\/lamontagnetranquille\/trouvaille\/\" class=\"_self pt-cv-href-thumbnail pt-cv-thumb-left\" target=\"_self\" ><img loading=\"lazy\" decoding=\"async\" width=\"300\" height=\"225\" src=\"https:\/\/www.reveeveille.net\/lamontagnetranquille\/wp-content\/uploads\/2021\/11\/20110914_mont_blanc_40-300x225.jpg\" class=\"pt-cv-thumbnail pull-left\" alt=\"\" srcset=\"https:\/\/www.reveeveille.net\/lamontagnetranquille\/wp-content\/uploads\/2021\/11\/20110914_mont_blanc_40-300x225.jpg 300w, https:\/\/www.reveeveille.net\/lamontagnetranquille\/wp-content\/uploads\/2021\/11\/20110914_mont_blanc_40-1024x768.jpg 1024w, https:\/\/www.reveeveille.net\/lamontagnetranquille\/wp-content\/uploads\/2021\/11\/20110914_mont_blanc_40-768x576.jpg 768w, https:\/\/www.reveeveille.net\/lamontagnetranquille\/wp-content\/uploads\/2021\/11\/20110914_mont_blanc_40.jpg 1500w\" sizes=\"auto, (max-width: 300px) 100vw, 300px\" \/><\/a>\n<div class=\"pt-cv-content\">Ce texte figure dans le livre \"Sacr\u00e9 mont Blanc\" (2020) Glacier des Bossons, au dessus de la jonction, Septembre 2011 ...<br \/><div class=\"pt-cv-rmwrap\"><a href=\"https:\/\/www.reveeveille.net\/lamontagnetranquille\/trouvaille\/\" class=\"_self pt-cv-readmore btn btn-success\" target=\"_self\">Lire<\/a><\/div><\/div>\n<div class=\"pt-cv-meta-fields\"><span class=\"entry-date\"> <time datetime=\"2021-11-28T16:17:00+00:00\">novembre 28, 2021<\/time><\/span><span> \/ <\/span><span class=\"terms\"> <a href='https:\/\/www.reveeveille.net\/lamontagnetranquille\/category\/massifs-et-sommets\/alpes\/mont-blanc\/' title='Mont-Blanc' class='pt-cv-tax-mont-blanc'>Mont-Blanc<\/a>, <a href='https:\/\/www.reveeveille.net\/lamontagnetranquille\/category\/recits\/' title='R\u00e9cits' class='pt-cv-tax-recits'>R\u00e9cits<\/a><\/span><\/div>\t<\/div>\r\n<\/div><\/div>\n<div class=\"panel panel-default pt-cv-content-item pt-cv-2-col\" >\r\n<div class=\"panel-heading pt-cv-title\">\r\n    <a class=\"panel-title\" data-toggle=\"cvcollapse\" data-parent=\"#76ce22dwrx\" data-target=\"#3e3329dvir\" href='https:\/\/www.reveeveille.net\/lamontagnetranquille\/soif\/' onclick='event.preventDefault()'>\r\n\t\tSoif !\t<\/a>\r\n\t<\/div>\r\n<div id=\"3e3329dvir\" class=\"panel-collapse collapse \">\r\n\t<div class=\"panel-body\">\r\n\t\t<a href=\"https:\/\/www.reveeveille.net\/lamontagnetranquille\/soif\/\" class=\"_self pt-cv-href-thumbnail pt-cv-thumb-left\" target=\"_self\" ><img loading=\"lazy\" decoding=\"async\" width=\"300\" height=\"224\" src=\"https:\/\/www.reveeveille.net\/lamontagnetranquille\/wp-content\/uploads\/2021\/11\/20061008_cascade_de_runes_entre_feuillages-300x224.jpg\" class=\"pt-cv-thumbnail pull-left\" alt=\"\" srcset=\"https:\/\/www.reveeveille.net\/lamontagnetranquille\/wp-content\/uploads\/2021\/11\/20061008_cascade_de_runes_entre_feuillages-300x224.jpg 300w, https:\/\/www.reveeveille.net\/lamontagnetranquille\/wp-content\/uploads\/2021\/11\/20061008_cascade_de_runes_entre_feuillages-1024x766.jpg 1024w, https:\/\/www.reveeveille.net\/lamontagnetranquille\/wp-content\/uploads\/2021\/11\/20061008_cascade_de_runes_entre_feuillages-768x574.jpg 768w, https:\/\/www.reveeveille.net\/lamontagnetranquille\/wp-content\/uploads\/2021\/11\/20061008_cascade_de_runes_entre_feuillages.jpg 1500w\" sizes=\"auto, (max-width: 300px) 100vw, 300px\" \/><\/a>\n<div class=\"pt-cv-content\">Loin au dessous de nous, les hameaux de la vall\u00e9e de Chamonix dessinent des taches de lumi\u00e8re dans l'obscurit\u00e9. Depuis ...<br \/><div class=\"pt-cv-rmwrap\"><a href=\"https:\/\/www.reveeveille.net\/lamontagnetranquille\/soif\/\" class=\"_self pt-cv-readmore btn btn-success\" target=\"_self\">Lire<\/a><\/div><\/div>\n<div class=\"pt-cv-meta-fields\"><span class=\"entry-date\"> <time datetime=\"2021-11-28T16:10:21+00:00\">novembre 28, 2021<\/time><\/span><span> \/ <\/span><span class=\"terms\"> <a href='https:\/\/www.reveeveille.net\/lamontagnetranquille\/category\/massifs-et-sommets\/alpes\/mont-blanc\/' title='Mont-Blanc' class='pt-cv-tax-mont-blanc'>Mont-Blanc<\/a>, <a href='https:\/\/www.reveeveille.net\/lamontagnetranquille\/category\/recits\/' title='R\u00e9cits' class='pt-cv-tax-recits'>R\u00e9cits<\/a><\/span><\/div>\t<\/div>\r\n<\/div><\/div>\n<div class=\"panel panel-default pt-cv-content-item pt-cv-2-col\" >\r\n<div class=\"panel-heading pt-cv-title\">\r\n    <a class=\"panel-title\" data-toggle=\"cvcollapse\" data-parent=\"#76ce22dwrx\" data-target=\"#019d5b28y1\" href='https:\/\/www.reveeveille.net\/lamontagnetranquille\/telepherique\/' onclick='event.preventDefault()'>\r\n\t\tT\u00e9l\u00e9ph\u00e9rique\t<\/a>\r\n\t<\/div>\r\n<div id=\"019d5b28y1\" class=\"panel-collapse collapse \">\r\n\t<div class=\"panel-body\">\r\n\t\t<a href=\"https:\/\/www.reveeveille.net\/lamontagnetranquille\/telepherique\/\" class=\"_self pt-cv-href-thumbnail pt-cv-thumb-left\" target=\"_self\" ><img loading=\"lazy\" decoding=\"async\" width=\"300\" height=\"225\" src=\"https:\/\/www.reveeveille.net\/lamontagnetranquille\/wp-content\/uploads\/2021\/11\/20110914_mont_blanc_08-300x225.jpg\" class=\"pt-cv-thumbnail pull-left\" alt=\"\" srcset=\"https:\/\/www.reveeveille.net\/lamontagnetranquille\/wp-content\/uploads\/2021\/11\/20110914_mont_blanc_08-300x225.jpg 300w, https:\/\/www.reveeveille.net\/lamontagnetranquille\/wp-content\/uploads\/2021\/11\/20110914_mont_blanc_08-1024x768.jpg 1024w, https:\/\/www.reveeveille.net\/lamontagnetranquille\/wp-content\/uploads\/2021\/11\/20110914_mont_blanc_08-768x576.jpg 768w, https:\/\/www.reveeveille.net\/lamontagnetranquille\/wp-content\/uploads\/2021\/11\/20110914_mont_blanc_08.jpg 1500w\" sizes=\"auto, (max-width: 300px) 100vw, 300px\" \/><\/a>\n<div class=\"pt-cv-content\">Ce texte figure dans le livre \"Sacr\u00e9 mont Blanc\" (Juin 2020) Dans la for\u00eat, les arbres envelopp\u00e8rent la cabine d\u2019un ...<br \/><div class=\"pt-cv-rmwrap\"><a href=\"https:\/\/www.reveeveille.net\/lamontagnetranquille\/telepherique\/\" class=\"_self pt-cv-readmore btn btn-success\" target=\"_self\">Lire<\/a><\/div><\/div>\n<div class=\"pt-cv-meta-fields\"><span class=\"entry-date\"> <time datetime=\"2021-11-28T16:08:34+00:00\">novembre 28, 2021<\/time><\/span><span> \/ <\/span><span class=\"terms\"> <a href='https:\/\/www.reveeveille.net\/lamontagnetranquille\/category\/chroniques\/' title='Chroniques' class='pt-cv-tax-chroniques'>Chroniques<\/a>, <a href='https:\/\/www.reveeveille.net\/lamontagnetranquille\/category\/massifs-et-sommets\/alpes\/oisans\/' title='Oisans' class='pt-cv-tax-oisans'>Oisans<\/a>, <a href='https:\/\/www.reveeveille.net\/lamontagnetranquille\/category\/recits\/' title='R\u00e9cits' class='pt-cv-tax-recits'>R\u00e9cits<\/a><\/span><\/div>\t<\/div>\r\n<\/div><\/div>\n<div class=\"panel panel-default pt-cv-content-item pt-cv-2-col\" >\r\n<div class=\"panel-heading pt-cv-title\">\r\n    <a class=\"panel-title\" data-toggle=\"cvcollapse\" data-parent=\"#76ce22dwrx\" data-target=\"#892848ezn7\" href='https:\/\/www.reveeveille.net\/lamontagnetranquille\/sacre-mont-blanc-un-livre-pour-le-boss\/' onclick='event.preventDefault()'>\r\n\t\tSacr\u00e9 Mont-Blanc, un livre pour le Boss\t<\/a>\r\n\t<\/div>\r\n<div id=\"892848ezn7\" class=\"panel-collapse collapse \">\r\n\t<div class=\"panel-body\">\r\n\t\t<a href=\"https:\/\/www.reveeveille.net\/lamontagnetranquille\/sacre-mont-blanc-un-livre-pour-le-boss\/\" class=\"_self pt-cv-href-thumbnail pt-cv-thumb-left\" target=\"_self\" ><img loading=\"lazy\" decoding=\"async\" width=\"205\" height=\"300\" src=\"https:\/\/www.reveeveille.net\/lamontagnetranquille\/wp-content\/uploads\/2021\/11\/Couverture-2020-205x300.jpg\" class=\"pt-cv-thumbnail pull-left\" alt=\"\" srcset=\"https:\/\/www.reveeveille.net\/lamontagnetranquille\/wp-content\/uploads\/2021\/11\/Couverture-2020-205x300.jpg 205w, https:\/\/www.reveeveille.net\/lamontagnetranquille\/wp-content\/uploads\/2021\/11\/Couverture-2020.jpg 699w\" sizes=\"auto, (max-width: 205px) 100vw, 205px\" \/><\/a>\n<div class=\"pt-cv-content\">Sacr\u00e9 mont Blanc !Marc Lemonnier, C\u00e9cile Aur\u00e9jac et Gilles mazard (dit pilo).250 pages 13 x 20,5 cm, broch\u00e9, 30 illustrations ...<br \/><div class=\"pt-cv-rmwrap\"><a href=\"https:\/\/www.reveeveille.net\/lamontagnetranquille\/sacre-mont-blanc-un-livre-pour-le-boss\/\" class=\"_self pt-cv-readmore btn btn-success\" target=\"_self\">Lire<\/a><\/div><\/div>\n<div class=\"pt-cv-meta-fields\"><span class=\"entry-date\"> <time datetime=\"2021-11-28T16:07:37+00:00\">novembre 28, 2021<\/time><\/span><span> \/ <\/span><span class=\"terms\"> <a href='https:\/\/www.reveeveille.net\/lamontagnetranquille\/category\/massifs-et-sommets\/alpes\/mont-blanc\/' title='Mont-Blanc' class='pt-cv-tax-mont-blanc'>Mont-Blanc<\/a><\/span><\/div>\t<\/div>\r\n<\/div><\/div>\n<div class=\"panel panel-default pt-cv-content-item pt-cv-2-col\" >\r\n<div class=\"panel-heading pt-cv-title\">\r\n    <a class=\"panel-title\" data-toggle=\"cvcollapse\" data-parent=\"#76ce22dwrx\" data-target=\"#6d05d7eeap\" href='https:\/\/www.reveeveille.net\/lamontagnetranquille\/sacre-mont-blanc-2020\/' onclick='event.preventDefault()'>\r\n\t\tSacr\u00e9 mont-Blanc 2020 &#8211; Pr\u00e9face\t<\/a>\r\n\t<\/div>\r\n<div id=\"6d05d7eeap\" class=\"panel-collapse collapse \">\r\n\t<div class=\"panel-body\">\r\n\t\t<a href=\"https:\/\/www.reveeveille.net\/lamontagnetranquille\/sacre-mont-blanc-2020\/\" class=\"_self pt-cv-href-thumbnail pt-cv-thumb-left\" target=\"_self\" ><img loading=\"lazy\" decoding=\"async\" width=\"205\" height=\"300\" src=\"https:\/\/www.reveeveille.net\/lamontagnetranquille\/wp-content\/uploads\/2021\/11\/Couverture-2020-205x300.jpg\" class=\"pt-cv-thumbnail pull-left\" alt=\"\" srcset=\"https:\/\/www.reveeveille.net\/lamontagnetranquille\/wp-content\/uploads\/2021\/11\/Couverture-2020-205x300.jpg 205w, https:\/\/www.reveeveille.net\/lamontagnetranquille\/wp-content\/uploads\/2021\/11\/Couverture-2020.jpg 699w\" sizes=\"auto, (max-width: 205px) 100vw, 205px\" \/><\/a>\n<div class=\"pt-cv-content\">Pr\u00e9face \u00e0 la seconde \u00e9dition du livre \"Sacr\u00e9 mont-Blanc\"sorti en juin 2020 Quoi de neuf au pays du mont-Blanc depuis ...<br \/><div class=\"pt-cv-rmwrap\"><a href=\"https:\/\/www.reveeveille.net\/lamontagnetranquille\/sacre-mont-blanc-2020\/\" class=\"_self pt-cv-readmore btn btn-success\" target=\"_self\">Lire<\/a><\/div><\/div>\n<div class=\"pt-cv-meta-fields\"><span class=\"entry-date\"> <time datetime=\"2021-11-28T16:06:30+00:00\">novembre 28, 2021<\/time><\/span><span> \/ <\/span><span class=\"terms\"> <a href='https:\/\/www.reveeveille.net\/lamontagnetranquille\/category\/massifs-et-sommets\/alpes\/mont-blanc\/' title='Mont-Blanc' class='pt-cv-tax-mont-blanc'>Mont-Blanc<\/a><\/span><\/div>\t<\/div>\r\n<\/div><\/div>\n<div class=\"panel panel-default pt-cv-content-item pt-cv-2-col\" >\r\n<div class=\"panel-heading pt-cv-title\">\r\n    <a class=\"panel-title\" data-toggle=\"cvcollapse\" data-parent=\"#76ce22dwrx\" data-target=\"#639ac77kpj\" href='https:\/\/www.reveeveille.net\/lamontagnetranquille\/idees-noires\/' onclick='event.preventDefault()'>\r\n\t\tId\u00e9es noires\t<\/a>\r\n\t<\/div>\r\n<div id=\"639ac77kpj\" class=\"panel-collapse collapse \">\r\n\t<div class=\"panel-body\">\r\n\t\t<a href=\"https:\/\/www.reveeveille.net\/lamontagnetranquille\/idees-noires\/\" class=\"_self pt-cv-href-thumbnail pt-cv-thumb-left\" target=\"_self\" ><img loading=\"lazy\" decoding=\"async\" width=\"300\" height=\"224\" src=\"https:\/\/www.reveeveille.net\/lamontagnetranquille\/wp-content\/uploads\/2021\/11\/20070119_can_artigues_crane-300x224.jpg\" class=\"pt-cv-thumbnail pull-left\" alt=\"\" srcset=\"https:\/\/www.reveeveille.net\/lamontagnetranquille\/wp-content\/uploads\/2021\/11\/20070119_can_artigues_crane-300x224.jpg 300w, https:\/\/www.reveeveille.net\/lamontagnetranquille\/wp-content\/uploads\/2021\/11\/20070119_can_artigues_crane-1024x766.jpg 1024w, https:\/\/www.reveeveille.net\/lamontagnetranquille\/wp-content\/uploads\/2021\/11\/20070119_can_artigues_crane-768x574.jpg 768w, https:\/\/www.reveeveille.net\/lamontagnetranquille\/wp-content\/uploads\/2021\/11\/20070119_can_artigues_crane.jpg 1500w\" sizes=\"auto, (max-width: 300px) 100vw, 300px\" \/><\/a>\n<div class=\"pt-cv-content\">Ce texte figure dans le livre \"Sacr\u00e9 mont Blanc\" (Juin 2020) Les r\u00e9cits de montagne sont peupl\u00e9s de catastrophe. De ...<br \/><div class=\"pt-cv-rmwrap\"><a href=\"https:\/\/www.reveeveille.net\/lamontagnetranquille\/idees-noires\/\" class=\"_self pt-cv-readmore btn btn-success\" target=\"_self\">Lire<\/a><\/div><\/div>\n<div class=\"pt-cv-meta-fields\"><span class=\"entry-date\"> <time datetime=\"2021-11-28T16:04:58+00:00\">novembre 28, 2021<\/time><\/span><span> \/ <\/span><span class=\"terms\"> <a href='https:\/\/www.reveeveille.net\/lamontagnetranquille\/category\/massifs-et-sommets\/alpes\/mont-blanc\/' title='Mont-Blanc' class='pt-cv-tax-mont-blanc'>Mont-Blanc<\/a>, <a href='https:\/\/www.reveeveille.net\/lamontagnetranquille\/category\/recits\/' title='R\u00e9cits' class='pt-cv-tax-recits'>R\u00e9cits<\/a><\/span><\/div>\t<\/div>\r\n<\/div><\/div>\n<div class=\"panel panel-default pt-cv-content-item pt-cv-2-col\" >\r\n<div class=\"panel-heading pt-cv-title\">\r\n    <a class=\"panel-title\" data-toggle=\"cvcollapse\" data-parent=\"#76ce22dwrx\" data-target=\"#ed3caa4eq2\" href='https:\/\/www.reveeveille.net\/lamontagnetranquille\/la-balance-du-mont-blanc\/' onclick='event.preventDefault()'>\r\n\t\tLa balance du Mont-Blanc\t<\/a>\r\n\t<\/div>\r\n<div id=\"ed3caa4eq2\" class=\"panel-collapse collapse \">\r\n\t<div class=\"panel-body\">\r\n\t\t<a href=\"https:\/\/www.reveeveille.net\/lamontagnetranquille\/la-balance-du-mont-blanc\/\" class=\"_self pt-cv-href-thumbnail pt-cv-thumb-left\" target=\"_self\" ><img loading=\"lazy\" decoding=\"async\" width=\"300\" height=\"141\" src=\"https:\/\/www.reveeveille.net\/lamontagnetranquille\/wp-content\/uploads\/2021\/11\/20190730_oisan_et_mont_blanc_raphael_aurelien_14-300x141.jpg\" class=\"pt-cv-thumbnail pull-left\" alt=\"\" srcset=\"https:\/\/www.reveeveille.net\/lamontagnetranquille\/wp-content\/uploads\/2021\/11\/20190730_oisan_et_mont_blanc_raphael_aurelien_14-300x141.jpg 300w, https:\/\/www.reveeveille.net\/lamontagnetranquille\/wp-content\/uploads\/2021\/11\/20190730_oisan_et_mont_blanc_raphael_aurelien_14-1024x481.jpg 1024w, https:\/\/www.reveeveille.net\/lamontagnetranquille\/wp-content\/uploads\/2021\/11\/20190730_oisan_et_mont_blanc_raphael_aurelien_14-768x361.jpg 768w, https:\/\/www.reveeveille.net\/lamontagnetranquille\/wp-content\/uploads\/2021\/11\/20190730_oisan_et_mont_blanc_raphael_aurelien_14.jpg 1500w\" sizes=\"auto, (max-width: 300px) 100vw, 300px\" \/><\/a>\n<div class=\"pt-cv-content\">Ar\u00eate de l'aiguille du Go\u00fbter, ao\u00fbt 2019 Il est bizarre, cet homme. Il pourrait s'agir d'un grimpeur solitaire, mais... son ...<br \/><div class=\"pt-cv-rmwrap\"><a href=\"https:\/\/www.reveeveille.net\/lamontagnetranquille\/la-balance-du-mont-blanc\/\" class=\"_self pt-cv-readmore btn btn-success\" target=\"_self\">Lire<\/a><\/div><\/div>\n<div class=\"pt-cv-meta-fields\"><span class=\"entry-date\"> <time datetime=\"2021-11-28T16:03:16+00:00\">novembre 28, 2021<\/time><\/span><span> \/ <\/span><span class=\"terms\"> <a href='https:\/\/www.reveeveille.net\/lamontagnetranquille\/category\/massifs-et-sommets\/alpes\/' title='Alpes' class='pt-cv-tax-alpes'>Alpes<\/a>, <a href='https:\/\/www.reveeveille.net\/lamontagnetranquille\/category\/chroniques\/' title='Chroniques' class='pt-cv-tax-chroniques'>Chroniques<\/a>, <a href='https:\/\/www.reveeveille.net\/lamontagnetranquille\/category\/massifs-et-sommets\/alpes\/mont-blanc\/' title='Mont-Blanc' class='pt-cv-tax-mont-blanc'>Mont-Blanc<\/a><\/span><\/div>\t<\/div>\r\n<\/div><\/div>\n<div class=\"panel panel-default pt-cv-content-item pt-cv-2-col\" >\r\n<div class=\"panel-heading pt-cv-title\">\r\n    <a class=\"panel-title\" data-toggle=\"cvcollapse\" data-parent=\"#76ce22dwrx\" data-target=\"#0e3cdcf4zj\" href='https:\/\/www.reveeveille.net\/lamontagnetranquille\/le-glacier-du-tour\/' onclick='event.preventDefault()'>\r\n\t\tTour, Trient, Saleina&#8230; un univers d&rsquo;altitude infini\t<\/a>\r\n\t<\/div>\r\n<div id=\"0e3cdcf4zj\" class=\"panel-collapse collapse \">\r\n\t<div class=\"panel-body\">\r\n\t\t<a href=\"https:\/\/www.reveeveille.net\/lamontagnetranquille\/le-glacier-du-tour\/\" class=\"_self pt-cv-href-thumbnail pt-cv-thumb-left\" target=\"_self\" ><img loading=\"lazy\" decoding=\"async\" width=\"300\" height=\"225\" src=\"https:\/\/www.reveeveille.net\/lamontagnetranquille\/wp-content\/uploads\/2021\/11\/20200713_glaciers_du_tour_et_du_trient_manon_24-300x225.jpg\" class=\"pt-cv-thumbnail pull-left\" alt=\"\" srcset=\"https:\/\/www.reveeveille.net\/lamontagnetranquille\/wp-content\/uploads\/2021\/11\/20200713_glaciers_du_tour_et_du_trient_manon_24-300x225.jpg 300w, https:\/\/www.reveeveille.net\/lamontagnetranquille\/wp-content\/uploads\/2021\/11\/20200713_glaciers_du_tour_et_du_trient_manon_24-1024x768.jpg 1024w, https:\/\/www.reveeveille.net\/lamontagnetranquille\/wp-content\/uploads\/2021\/11\/20200713_glaciers_du_tour_et_du_trient_manon_24-768x576.jpg 768w, https:\/\/www.reveeveille.net\/lamontagnetranquille\/wp-content\/uploads\/2021\/11\/20200713_glaciers_du_tour_et_du_trient_manon_24.jpg 1500w\" sizes=\"auto, (max-width: 300px) 100vw, 300px\" \/><\/a>\n<div class=\"pt-cv-content\">Pas facile d'exister \u00e0 l'ombre du Boss, le Mont-Blanc... il m'a fallu pr\u00e8s de 35 ans pour prendre le temps ...<br \/><div class=\"pt-cv-rmwrap\"><a href=\"https:\/\/www.reveeveille.net\/lamontagnetranquille\/le-glacier-du-tour\/\" class=\"_self pt-cv-readmore btn btn-success\" target=\"_self\">Lire<\/a><\/div><\/div>\n<div class=\"pt-cv-meta-fields\"><span class=\"entry-date\"> <time datetime=\"2021-11-28T16:02:38+00:00\">novembre 28, 2021<\/time><\/span><span> \/ <\/span><span class=\"terms\"> <a href='https:\/\/www.reveeveille.net\/lamontagnetranquille\/category\/itineraires\/' title='Itin\u00e9raires' class='pt-cv-tax-itineraires'>Itin\u00e9raires<\/a>, <a href='https:\/\/www.reveeveille.net\/lamontagnetranquille\/category\/massifs-et-sommets\/alpes\/mont-blanc\/' title='Mont-Blanc' class='pt-cv-tax-mont-blanc'>Mont-Blanc<\/a><\/span><\/div>\t<\/div>\r\n<\/div><\/div>\n<div class=\"panel panel-default pt-cv-content-item pt-cv-2-col\" >\r\n<div class=\"panel-heading pt-cv-title\">\r\n    <a class=\"panel-title\" data-toggle=\"cvcollapse\" data-parent=\"#76ce22dwrx\" data-target=\"#bd3a669s09\" href='https:\/\/www.reveeveille.net\/lamontagnetranquille\/boucle-au-buet-une-balade-pour-se-mettre-en-forme\/' onclick='event.preventDefault()'>\r\n\t\tBoucle au Buet, une balade pour se mettre en forme\t<\/a>\r\n\t<\/div>\r\n<div id=\"bd3a669s09\" class=\"panel-collapse collapse \">\r\n\t<div class=\"panel-body\">\r\n\t\t<a href=\"https:\/\/www.reveeveille.net\/lamontagnetranquille\/boucle-au-buet-une-balade-pour-se-mettre-en-forme\/\" class=\"_self pt-cv-href-thumbnail pt-cv-thumb-left\" target=\"_self\" ><img loading=\"lazy\" decoding=\"async\" width=\"300\" height=\"168\" src=\"https:\/\/www.reveeveille.net\/lamontagnetranquille\/wp-content\/uploads\/2021\/11\/20200713_glaciers_du_tour_et_du_trient_manon_11-300x168.jpg\" class=\"pt-cv-thumbnail pull-left\" alt=\"\" srcset=\"https:\/\/www.reveeveille.net\/lamontagnetranquille\/wp-content\/uploads\/2021\/11\/20200713_glaciers_du_tour_et_du_trient_manon_11-300x168.jpg 300w, https:\/\/www.reveeveille.net\/lamontagnetranquille\/wp-content\/uploads\/2021\/11\/20200713_glaciers_du_tour_et_du_trient_manon_11-1024x573.jpg 1024w, https:\/\/www.reveeveille.net\/lamontagnetranquille\/wp-content\/uploads\/2021\/11\/20200713_glaciers_du_tour_et_du_trient_manon_11-768x430.jpg 768w, https:\/\/www.reveeveille.net\/lamontagnetranquille\/wp-content\/uploads\/2021\/11\/20200713_glaciers_du_tour_et_du_trient_manon_11.jpg 1500w\" sizes=\"auto, (max-width: 300px) 100vw, 300px\" \/><\/a>\n<div class=\"pt-cv-content\">Le Buet, avec ses 3086 m\u00e8tres, ne peut pas vraiment \u00eatre class\u00e9 dans la cat\u00e9gorie \"Haute montagne\". La voie normale ...<br \/><div class=\"pt-cv-rmwrap\"><a href=\"https:\/\/www.reveeveille.net\/lamontagnetranquille\/boucle-au-buet-une-balade-pour-se-mettre-en-forme\/\" class=\"_self pt-cv-readmore btn btn-success\" target=\"_self\">Lire<\/a><\/div><\/div>\n<div class=\"pt-cv-meta-fields\"><span class=\"entry-date\"> <time datetime=\"2021-11-28T16:02:01+00:00\">novembre 28, 2021<\/time><\/span><span> \/ <\/span><span class=\"terms\"> <a href='https:\/\/www.reveeveille.net\/lamontagnetranquille\/category\/itineraires\/acclimatation\/' title='Acclimatation' class='pt-cv-tax-acclimatation'>Acclimatation<\/a>, <a href='https:\/\/www.reveeveille.net\/lamontagnetranquille\/category\/massifs-et-sommets\/alpes\/mont-blanc\/' title='Mont-Blanc' class='pt-cv-tax-mont-blanc'>Mont-Blanc<\/a><\/span><\/div>\t<\/div>\r\n<\/div><\/div>\n<div class=\"panel panel-default pt-cv-content-item pt-cv-2-col\" >\r\n<div class=\"panel-heading pt-cv-title\">\r\n    <a class=\"panel-title\" data-toggle=\"cvcollapse\" data-parent=\"#76ce22dwrx\" data-target=\"#28d55fdqd4\" href='https:\/\/www.reveeveille.net\/lamontagnetranquille\/la-rencontre\/' onclick='event.preventDefault()'>\r\n\t\tLa rencontre\t<\/a>\r\n\t<\/div>\r\n<div id=\"28d55fdqd4\" class=\"panel-collapse collapse \">\r\n\t<div class=\"panel-body\">\r\n\t\t<a href=\"https:\/\/www.reveeveille.net\/lamontagnetranquille\/la-rencontre\/\" class=\"_self pt-cv-href-thumbnail pt-cv-thumb-left\" target=\"_self\" ><img loading=\"lazy\" decoding=\"async\" width=\"300\" height=\"156\" src=\"https:\/\/www.reveeveille.net\/lamontagnetranquille\/wp-content\/uploads\/2021\/11\/19000101_illustrations_montagne_25-300x156.jpg\" class=\"pt-cv-thumbnail pull-left\" alt=\"\" srcset=\"https:\/\/www.reveeveille.net\/lamontagnetranquille\/wp-content\/uploads\/2021\/11\/19000101_illustrations_montagne_25-300x156.jpg 300w, https:\/\/www.reveeveille.net\/lamontagnetranquille\/wp-content\/uploads\/2021\/11\/19000101_illustrations_montagne_25.jpg 512w\" sizes=\"auto, (max-width: 300px) 100vw, 300px\" \/><\/a>\n<div class=\"pt-cv-content\">Ce texte figure dans le livre \"Sacr\u00e9 mont Blanc\" Rochers de la Tournette, ar\u00eate des Bosses, ann\u00e9e ind\u00e9termin\u00e9e Seul, insouciant, ...<br \/><div class=\"pt-cv-rmwrap\"><a href=\"https:\/\/www.reveeveille.net\/lamontagnetranquille\/la-rencontre\/\" class=\"_self pt-cv-readmore btn btn-success\" target=\"_self\">Lire<\/a><\/div><\/div>\n<div class=\"pt-cv-meta-fields\"><span class=\"entry-date\"> <time datetime=\"2021-11-28T14:42:26+00:00\">novembre 28, 2021<\/time><\/span><span> \/ <\/span><span class=\"terms\"> <a href='https:\/\/www.reveeveille.net\/lamontagnetranquille\/category\/massifs-et-sommets\/alpes\/mont-blanc\/' title='Mont-Blanc' class='pt-cv-tax-mont-blanc'>Mont-Blanc<\/a>, <a href='https:\/\/www.reveeveille.net\/lamontagnetranquille\/category\/recits\/' title='R\u00e9cits' class='pt-cv-tax-recits'>R\u00e9cits<\/a><\/span><\/div>\t<\/div>\r\n<\/div><\/div>\n<div class=\"panel panel-default pt-cv-content-item pt-cv-2-col\" >\r\n<div class=\"panel-heading pt-cv-title\">\r\n    <a class=\"panel-title\" data-toggle=\"cvcollapse\" data-parent=\"#76ce22dwrx\" data-target=\"#f1c8598jmd\" href='https:\/\/www.reveeveille.net\/lamontagnetranquille\/la-montagne-cest-pas-toujours-le-pied\/' onclick='event.preventDefault()'>\r\n\t\tLa montagne, c&rsquo;est pas toujours le pied\t<\/a>\r\n\t<\/div>\r\n<div id=\"f1c8598jmd\" class=\"panel-collapse collapse \">\r\n\t<div class=\"panel-body\">\r\n\t\t<a href=\"https:\/\/www.reveeveille.net\/lamontagnetranquille\/la-montagne-cest-pas-toujours-le-pied\/\" class=\"_self pt-cv-href-thumbnail pt-cv-thumb-left\" target=\"_self\" ><img loading=\"lazy\" decoding=\"async\" width=\"300\" height=\"224\" src=\"https:\/\/www.reveeveille.net\/lamontagnetranquille\/wp-content\/uploads\/2021\/11\/20040918_balade_ecrins_77-300x224.jpg\" class=\"pt-cv-thumbnail pull-left\" alt=\"\" srcset=\"https:\/\/www.reveeveille.net\/lamontagnetranquille\/wp-content\/uploads\/2021\/11\/20040918_balade_ecrins_77-300x224.jpg 300w, https:\/\/www.reveeveille.net\/lamontagnetranquille\/wp-content\/uploads\/2021\/11\/20040918_balade_ecrins_77-1024x766.jpg 1024w, https:\/\/www.reveeveille.net\/lamontagnetranquille\/wp-content\/uploads\/2021\/11\/20040918_balade_ecrins_77-768x575.jpg 768w, https:\/\/www.reveeveille.net\/lamontagnetranquille\/wp-content\/uploads\/2021\/11\/20040918_balade_ecrins_77-1536x1149.jpg 1536w, https:\/\/www.reveeveille.net\/lamontagnetranquille\/wp-content\/uploads\/2021\/11\/20040918_balade_ecrins_77-2048x1532.jpg 2048w\" sizes=\"auto, (max-width: 300px) 100vw, 300px\" \/><\/a>\n<div class=\"pt-cv-content\">Ce texte figure dans le livre \"Sacr\u00e9 mont Blanc\" Service des urgences, h\u00f4pital de Chamonix, ao\u00fbt 1984 \u00ab C\u2019est vraiment ...<br \/><div class=\"pt-cv-rmwrap\"><a href=\"https:\/\/www.reveeveille.net\/lamontagnetranquille\/la-montagne-cest-pas-toujours-le-pied\/\" class=\"_self pt-cv-readmore btn btn-success\" target=\"_self\">Lire<\/a><\/div><\/div>\n<div class=\"pt-cv-meta-fields\"><span class=\"entry-date\"> <time datetime=\"2021-11-28T14:36:37+00:00\">novembre 28, 2021<\/time><\/span><span> \/ <\/span><span class=\"terms\"> <a href='https:\/\/www.reveeveille.net\/lamontagnetranquille\/category\/massifs-et-sommets\/alpes\/mont-blanc\/' title='Mont-Blanc' class='pt-cv-tax-mont-blanc'>Mont-Blanc<\/a>, <a href='https:\/\/www.reveeveille.net\/lamontagnetranquille\/category\/recits\/' title='R\u00e9cits' class='pt-cv-tax-recits'>R\u00e9cits<\/a><\/span><\/div>\t<\/div>\r\n<\/div><\/div>\n<div class=\"panel panel-default pt-cv-content-item pt-cv-2-col\" >\r\n<div class=\"panel-heading pt-cv-title\">\r\n    <a class=\"panel-title\" data-toggle=\"cvcollapse\" data-parent=\"#76ce22dwrx\" data-target=\"#d635f34i4l\" href='https:\/\/www.reveeveille.net\/lamontagnetranquille\/seance-dethnologie-alpinistique-a-3800-metres-daltitude\/' onclick='event.preventDefault()'>\r\n\t\tS\u00e9ance d&rsquo;ethnologie alpinistique \u00e0 3800 m\u00e8tres d&rsquo;altitude\t<\/a>\r\n\t<\/div>\r\n<div id=\"d635f34i4l\" class=\"panel-collapse collapse \">\r\n\t<div class=\"panel-body\">\r\n\t\t<a href=\"https:\/\/www.reveeveille.net\/lamontagnetranquille\/seance-dethnologie-alpinistique-a-3800-metres-daltitude\/\" class=\"_self pt-cv-href-thumbnail pt-cv-thumb-left\" target=\"_self\" ><img loading=\"lazy\" decoding=\"async\" width=\"300\" height=\"141\" src=\"https:\/\/www.reveeveille.net\/lamontagnetranquille\/wp-content\/uploads\/2021\/11\/20190730_oisan_et_mont_blanc_raphael_aurelien_14-300x141.jpg\" class=\"pt-cv-thumbnail pull-left\" alt=\"\" srcset=\"https:\/\/www.reveeveille.net\/lamontagnetranquille\/wp-content\/uploads\/2021\/11\/20190730_oisan_et_mont_blanc_raphael_aurelien_14-300x141.jpg 300w, https:\/\/www.reveeveille.net\/lamontagnetranquille\/wp-content\/uploads\/2021\/11\/20190730_oisan_et_mont_blanc_raphael_aurelien_14-1024x481.jpg 1024w, https:\/\/www.reveeveille.net\/lamontagnetranquille\/wp-content\/uploads\/2021\/11\/20190730_oisan_et_mont_blanc_raphael_aurelien_14-768x361.jpg 768w, https:\/\/www.reveeveille.net\/lamontagnetranquille\/wp-content\/uploads\/2021\/11\/20190730_oisan_et_mont_blanc_raphael_aurelien_14.jpg 1500w\" sizes=\"auto, (max-width: 300px) 100vw, 300px\" \/><\/a>\n<div class=\"pt-cv-content\">Ce texte figure dans le livre \"Sacr\u00e9 mont Blanc\" Refuge du go\u00fbter, 16 septembre 2002, 20 heures Devant la porte, ...<br \/><div class=\"pt-cv-rmwrap\"><a href=\"https:\/\/www.reveeveille.net\/lamontagnetranquille\/seance-dethnologie-alpinistique-a-3800-metres-daltitude\/\" class=\"_self pt-cv-readmore btn btn-success\" target=\"_self\">Lire<\/a><\/div><\/div>\n<div class=\"pt-cv-meta-fields\"><span class=\"entry-date\"> <time datetime=\"2021-11-28T14:35:24+00:00\">novembre 28, 2021<\/time><\/span><span> \/ <\/span><span class=\"terms\"> <a href='https:\/\/www.reveeveille.net\/lamontagnetranquille\/category\/massifs-et-sommets\/alpes\/mont-blanc\/' title='Mont-Blanc' class='pt-cv-tax-mont-blanc'>Mont-Blanc<\/a>, <a href='https:\/\/www.reveeveille.net\/lamontagnetranquille\/category\/recits\/' title='R\u00e9cits' class='pt-cv-tax-recits'>R\u00e9cits<\/a><\/span><\/div>\t<\/div>\r\n<\/div><\/div>\n<div class=\"panel panel-default pt-cv-content-item pt-cv-2-col\" >\r\n<div class=\"panel-heading pt-cv-title\">\r\n    <a class=\"panel-title\" data-toggle=\"cvcollapse\" data-parent=\"#76ce22dwrx\" data-target=\"#c9e9cc2a4e\" href='https:\/\/www.reveeveille.net\/lamontagnetranquille\/sur-le-fil\/' onclick='event.preventDefault()'>\r\n\t\tSur le fil\t<\/a>\r\n\t<\/div>\r\n<div id=\"c9e9cc2a4e\" class=\"panel-collapse collapse \">\r\n\t<div class=\"panel-body\">\r\n\t\t<a href=\"https:\/\/www.reveeveille.net\/lamontagnetranquille\/sur-le-fil\/\" class=\"_self pt-cv-href-thumbnail pt-cv-thumb-left\" target=\"_self\" ><img loading=\"lazy\" decoding=\"async\" width=\"300\" height=\"136\" src=\"https:\/\/www.reveeveille.net\/lamontagnetranquille\/wp-content\/uploads\/2021\/11\/20190730_oisan_et_mont_blanc_raphael_aurelien_13-300x136.jpg\" class=\"pt-cv-thumbnail pull-left\" alt=\"\" srcset=\"https:\/\/www.reveeveille.net\/lamontagnetranquille\/wp-content\/uploads\/2021\/11\/20190730_oisan_et_mont_blanc_raphael_aurelien_13-300x136.jpg 300w, https:\/\/www.reveeveille.net\/lamontagnetranquille\/wp-content\/uploads\/2021\/11\/20190730_oisan_et_mont_blanc_raphael_aurelien_13-1024x464.jpg 1024w, https:\/\/www.reveeveille.net\/lamontagnetranquille\/wp-content\/uploads\/2021\/11\/20190730_oisan_et_mont_blanc_raphael_aurelien_13-768x348.jpg 768w, https:\/\/www.reveeveille.net\/lamontagnetranquille\/wp-content\/uploads\/2021\/11\/20190730_oisan_et_mont_blanc_raphael_aurelien_13.jpg 1500w\" sizes=\"auto, (max-width: 300px) 100vw, 300px\" \/><\/a>\n<div class=\"pt-cv-content\">Ce texte figure dans le livre \"Sacr\u00e9 mont Blanc\" Aiguille de Bionnassay, 1984 Un kilom\u00e8tre ! Voil\u00e0 un kilom\u00e8tre que ...<br \/><div class=\"pt-cv-rmwrap\"><a href=\"https:\/\/www.reveeveille.net\/lamontagnetranquille\/sur-le-fil\/\" class=\"_self pt-cv-readmore btn btn-success\" target=\"_self\">Lire<\/a><\/div><\/div>\n<div class=\"pt-cv-meta-fields\"><span class=\"entry-date\"> <time datetime=\"2021-11-28T14:33:29+00:00\">novembre 28, 2021<\/time><\/span><span> \/ <\/span><span class=\"terms\"> <a href='https:\/\/www.reveeveille.net\/lamontagnetranquille\/category\/massifs-et-sommets\/alpes\/mont-blanc\/' title='Mont-Blanc' class='pt-cv-tax-mont-blanc'>Mont-Blanc<\/a>, <a href='https:\/\/www.reveeveille.net\/lamontagnetranquille\/category\/recits\/' title='R\u00e9cits' class='pt-cv-tax-recits'>R\u00e9cits<\/a><\/span><\/div>\t<\/div>\r\n<\/div><\/div>\n<div class=\"panel panel-default pt-cv-content-item pt-cv-2-col\" >\r\n<div class=\"panel-heading pt-cv-title\">\r\n    <a class=\"panel-title\" data-toggle=\"cvcollapse\" data-parent=\"#76ce22dwrx\" data-target=\"#21290c4z2m\" href='https:\/\/www.reveeveille.net\/lamontagnetranquille\/reve\/' onclick='event.preventDefault()'>\r\n\t\tR\u00eave\t<\/a>\r\n\t<\/div>\r\n<div id=\"21290c4z2m\" class=\"panel-collapse collapse \">\r\n\t<div class=\"panel-body\">\r\n\t\t<a href=\"https:\/\/www.reveeveille.net\/lamontagnetranquille\/reve\/\" class=\"_self pt-cv-href-thumbnail pt-cv-thumb-left\" target=\"_self\" ><img loading=\"lazy\" decoding=\"async\" width=\"300\" height=\"224\" src=\"https:\/\/www.reveeveille.net\/lamontagnetranquille\/wp-content\/uploads\/2021\/11\/20040918_balade_ecrins_74-300x224.jpg\" class=\"pt-cv-thumbnail pull-left\" alt=\"\" srcset=\"https:\/\/www.reveeveille.net\/lamontagnetranquille\/wp-content\/uploads\/2021\/11\/20040918_balade_ecrins_74-300x224.jpg 300w, https:\/\/www.reveeveille.net\/lamontagnetranquille\/wp-content\/uploads\/2021\/11\/20040918_balade_ecrins_74-1024x766.jpg 1024w, https:\/\/www.reveeveille.net\/lamontagnetranquille\/wp-content\/uploads\/2021\/11\/20040918_balade_ecrins_74-768x574.jpg 768w, https:\/\/www.reveeveille.net\/lamontagnetranquille\/wp-content\/uploads\/2021\/11\/20040918_balade_ecrins_74.jpg 1500w\" sizes=\"auto, (max-width: 300px) 100vw, 300px\" \/><\/a>\n<div class=\"pt-cv-content\">Ce texte figure dans le livre \"Sacr\u00e9 mont Blanc\" C\u00e9vennes, Printemps 2002 J'ouvre la porte grin\u00e7ante du placard de mon ...<br \/><div class=\"pt-cv-rmwrap\"><a href=\"https:\/\/www.reveeveille.net\/lamontagnetranquille\/reve\/\" class=\"_self pt-cv-readmore btn btn-success\" target=\"_self\">Lire<\/a><\/div><\/div>\n<div class=\"pt-cv-meta-fields\"><span class=\"entry-date\"> <time datetime=\"2021-11-28T14:31:46+00:00\">novembre 28, 2021<\/time><\/span><span> \/ <\/span><span class=\"terms\"> <a href='https:\/\/www.reveeveille.net\/lamontagnetranquille\/category\/massifs-et-sommets\/alpes\/mont-blanc\/' title='Mont-Blanc' class='pt-cv-tax-mont-blanc'>Mont-Blanc<\/a>, <a href='https:\/\/www.reveeveille.net\/lamontagnetranquille\/category\/recits\/' title='R\u00e9cits' class='pt-cv-tax-recits'>R\u00e9cits<\/a><\/span><\/div>\t<\/div>\r\n<\/div><\/div>\n<div class=\"panel panel-default pt-cv-content-item pt-cv-2-col\" >\r\n<div class=\"panel-heading pt-cv-title\">\r\n    <a class=\"panel-title\" data-toggle=\"cvcollapse\" data-parent=\"#76ce22dwrx\" data-target=\"#afe61293vt\" href='https:\/\/www.reveeveille.net\/lamontagnetranquille\/3-mont-blanc-rates\/' onclick='event.preventDefault()'>\r\n\t\t3 Mont-Blanc rat\u00e9s\t<\/a>\r\n\t<\/div>\r\n<div id=\"afe61293vt\" class=\"panel-collapse collapse \">\r\n\t<div class=\"panel-body\">\r\n\t\t<a href=\"https:\/\/www.reveeveille.net\/lamontagnetranquille\/3-mont-blanc-rates\/\" class=\"_self pt-cv-href-thumbnail pt-cv-thumb-left\" target=\"_self\" ><img loading=\"lazy\" decoding=\"async\" width=\"300\" height=\"213\" src=\"https:\/\/www.reveeveille.net\/lamontagnetranquille\/wp-content\/uploads\/2021\/11\/19970601_miage_par_berangere_17-300x213.jpg\" class=\"pt-cv-thumbnail pull-left\" alt=\"\" srcset=\"https:\/\/www.reveeveille.net\/lamontagnetranquille\/wp-content\/uploads\/2021\/11\/19970601_miage_par_berangere_17-300x213.jpg 300w, https:\/\/www.reveeveille.net\/lamontagnetranquille\/wp-content\/uploads\/2021\/11\/19970601_miage_par_berangere_17-1024x726.jpg 1024w, https:\/\/www.reveeveille.net\/lamontagnetranquille\/wp-content\/uploads\/2021\/11\/19970601_miage_par_berangere_17-768x544.jpg 768w, https:\/\/www.reveeveille.net\/lamontagnetranquille\/wp-content\/uploads\/2021\/11\/19970601_miage_par_berangere_17.jpg 1500w\" sizes=\"auto, (max-width: 300px) 100vw, 300px\" \/><\/a>\n<div class=\"pt-cv-content\">3 Mont-Blanc rat\u00e9s... ce titre trompeur pourrait laisser penser qu'il n'y en eut que 3 ! Rien qu'\u00e0 penser \u00e0 ...<br \/><div class=\"pt-cv-rmwrap\"><a href=\"https:\/\/www.reveeveille.net\/lamontagnetranquille\/3-mont-blanc-rates\/\" class=\"_self pt-cv-readmore btn btn-success\" target=\"_self\">Lire<\/a><\/div><\/div>\n<div class=\"pt-cv-meta-fields\"><span class=\"entry-date\"> <time datetime=\"2021-11-28T14:30:30+00:00\">novembre 28, 2021<\/time><\/span><span> \/ <\/span><span class=\"terms\"> <a href='https:\/\/www.reveeveille.net\/lamontagnetranquille\/category\/massifs-et-sommets\/alpes\/mont-blanc\/' title='Mont-Blanc' class='pt-cv-tax-mont-blanc'>Mont-Blanc<\/a>, <a href='https:\/\/www.reveeveille.net\/lamontagnetranquille\/category\/recits\/' title='R\u00e9cits' class='pt-cv-tax-recits'>R\u00e9cits<\/a><\/span><\/div>\t<\/div>\r\n<\/div><\/div>\n<div class=\"panel panel-default pt-cv-content-item pt-cv-2-col\" >\r\n<div class=\"panel-heading pt-cv-title\">\r\n    <a class=\"panel-title\" data-toggle=\"cvcollapse\" data-parent=\"#76ce22dwrx\" data-target=\"#fdfae10o0n\" href='https:\/\/www.reveeveille.net\/lamontagnetranquille\/un-mont-blanc-reussi\/' onclick='event.preventDefault()'>\r\n\t\tUn Mont-Blanc r\u00e9ussi\t<\/a>\r\n\t<\/div>\r\n<div id=\"fdfae10o0n\" class=\"panel-collapse collapse \">\r\n\t<div class=\"panel-body\">\r\n\t\t<a href=\"https:\/\/www.reveeveille.net\/lamontagnetranquille\/un-mont-blanc-reussi\/\" class=\"_self pt-cv-href-thumbnail pt-cv-thumb-left\" target=\"_self\" ><img loading=\"lazy\" decoding=\"async\" width=\"300\" height=\"163\" src=\"https:\/\/www.reveeveille.net\/lamontagnetranquille\/wp-content\/uploads\/2021\/11\/20020915_mont_blanc_carnet_19-300x163.jpg\" class=\"pt-cv-thumbnail pull-left\" alt=\"\" srcset=\"https:\/\/www.reveeveille.net\/lamontagnetranquille\/wp-content\/uploads\/2021\/11\/20020915_mont_blanc_carnet_19-300x163.jpg 300w, https:\/\/www.reveeveille.net\/lamontagnetranquille\/wp-content\/uploads\/2021\/11\/20020915_mont_blanc_carnet_19.jpg 697w\" sizes=\"auto, (max-width: 300px) 100vw, 300px\" \/><\/a>\n<div class=\"pt-cv-content\">La balade dont il est question dans ces pages a servi de fil rouge au livre \"Sacr\u00e9 mont Blanc\". Les ...<br \/><div class=\"pt-cv-rmwrap\"><a href=\"https:\/\/www.reveeveille.net\/lamontagnetranquille\/un-mont-blanc-reussi\/\" class=\"_self pt-cv-readmore btn btn-success\" target=\"_self\">Lire<\/a><\/div><\/div>\n<div class=\"pt-cv-meta-fields\"><span class=\"entry-date\"> <time datetime=\"2021-11-28T14:27:04+00:00\">novembre 28, 2021<\/time><\/span><span> \/ <\/span><span class=\"terms\"> <a href='https:\/\/www.reveeveille.net\/lamontagnetranquille\/category\/massifs-et-sommets\/alpes\/mont-blanc\/' title='Mont-Blanc' class='pt-cv-tax-mont-blanc'>Mont-Blanc<\/a>, <a href='https:\/\/www.reveeveille.net\/lamontagnetranquille\/category\/recits\/' title='R\u00e9cits' class='pt-cv-tax-recits'>R\u00e9cits<\/a><\/span><\/div>\t<\/div>\r\n<\/div><\/div>\n<div class=\"panel panel-default pt-cv-content-item pt-cv-2-col\" >\r\n<div class=\"panel-heading pt-cv-title\">\r\n    <a class=\"panel-title\" data-toggle=\"cvcollapse\" data-parent=\"#76ce22dwrx\" data-target=\"#f4bc8c4vmb\" href='https:\/\/www.reveeveille.net\/lamontagnetranquille\/galere-hivernale-dans-le-valais\/' onclick='event.preventDefault()'>\r\n\t\tGal\u00e8re hivernale dans le Valais\t<\/a>\r\n\t<\/div>\r\n<div id=\"f4bc8c4vmb\" class=\"panel-collapse collapse \">\r\n\t<div class=\"panel-body\">\r\n\t\t<a href=\"https:\/\/www.reveeveille.net\/lamontagnetranquille\/galere-hivernale-dans-le-valais\/\" class=\"_self pt-cv-href-thumbnail pt-cv-thumb-left\" target=\"_self\" ><img loading=\"lazy\" decoding=\"async\" width=\"300\" height=\"202\" src=\"https:\/\/www.reveeveille.net\/lamontagnetranquille\/wp-content\/uploads\/2021\/11\/19841228_valais_36-300x202.jpg\" class=\"pt-cv-thumbnail pull-left\" alt=\"\" srcset=\"https:\/\/www.reveeveille.net\/lamontagnetranquille\/wp-content\/uploads\/2021\/11\/19841228_valais_36-300x202.jpg 300w, https:\/\/www.reveeveille.net\/lamontagnetranquille\/wp-content\/uploads\/2021\/11\/19841228_valais_36-1024x689.jpg 1024w, https:\/\/www.reveeveille.net\/lamontagnetranquille\/wp-content\/uploads\/2021\/11\/19841228_valais_36-768x517.jpg 768w, https:\/\/www.reveeveille.net\/lamontagnetranquille\/wp-content\/uploads\/2021\/11\/19841228_valais_36.jpg 1500w\" sizes=\"auto, (max-width: 300px) 100vw, 300px\" \/><\/a>\n<div class=\"pt-cv-content\">Ce f\u00fbt, cette fois encore, une dr\u00f4le d'aventure. \u00c9crire ces lignes me fait r\u00e9aliser combien les histoires qui marquent le ...<br \/><div class=\"pt-cv-rmwrap\"><a href=\"https:\/\/www.reveeveille.net\/lamontagnetranquille\/galere-hivernale-dans-le-valais\/\" class=\"_self pt-cv-readmore btn btn-success\" target=\"_self\">Lire<\/a><\/div><\/div>\n<div class=\"pt-cv-meta-fields\"><span class=\"entry-date\"> <time datetime=\"2021-11-28T14:25:38+00:00\">novembre 28, 2021<\/time><\/span><span> \/ <\/span><span class=\"terms\"> <a href='https:\/\/www.reveeveille.net\/lamontagnetranquille\/category\/recits\/' title='R\u00e9cits' class='pt-cv-tax-recits'>R\u00e9cits<\/a>, <a href='https:\/\/www.reveeveille.net\/lamontagnetranquille\/category\/massifs-et-sommets\/alpes\/valais\/' title='Valais' class='pt-cv-tax-valais'>Valais<\/a><\/span><\/div>\t<\/div>\r\n<\/div><\/div>\n<div class=\"panel panel-default pt-cv-content-item pt-cv-2-col\" >\r\n<div class=\"panel-heading pt-cv-title\">\r\n    <a class=\"panel-title\" data-toggle=\"cvcollapse\" data-parent=\"#76ce22dwrx\" data-target=\"#cfee5aaysx\" href='https:\/\/www.reveeveille.net\/lamontagnetranquille\/divagations-en-oisan\/' onclick='event.preventDefault()'>\r\n\t\tDivagations en Oisan\t<\/a>\r\n\t<\/div>\r\n<div id=\"cfee5aaysx\" class=\"panel-collapse collapse \">\r\n\t<div class=\"panel-body\">\r\n\t\t<a href=\"https:\/\/www.reveeveille.net\/lamontagnetranquille\/divagations-en-oisan\/\" class=\"_self pt-cv-href-thumbnail pt-cv-thumb-left\" target=\"_self\" ><img loading=\"lazy\" decoding=\"async\" width=\"300\" height=\"224\" src=\"https:\/\/www.reveeveille.net\/lamontagnetranquille\/wp-content\/uploads\/2021\/11\/20040918_balade_ecrins_31-300x224.jpg\" class=\"pt-cv-thumbnail pull-left\" alt=\"\" srcset=\"https:\/\/www.reveeveille.net\/lamontagnetranquille\/wp-content\/uploads\/2021\/11\/20040918_balade_ecrins_31-300x224.jpg 300w, https:\/\/www.reveeveille.net\/lamontagnetranquille\/wp-content\/uploads\/2021\/11\/20040918_balade_ecrins_31-1024x766.jpg 1024w, https:\/\/www.reveeveille.net\/lamontagnetranquille\/wp-content\/uploads\/2021\/11\/20040918_balade_ecrins_31-768x574.jpg 768w, https:\/\/www.reveeveille.net\/lamontagnetranquille\/wp-content\/uploads\/2021\/11\/20040918_balade_ecrins_31.jpg 1500w\" sizes=\"auto, (max-width: 300px) 100vw, 300px\" \/><\/a>\n<div class=\"pt-cv-content\">L' itin\u00e9raire de la balade racont\u00e9e dans cette page est d\u00e9crit ici Depuis plusieurs ann\u00e9es la route qui me conduisait ...<br \/><div class=\"pt-cv-rmwrap\"><a href=\"https:\/\/www.reveeveille.net\/lamontagnetranquille\/divagations-en-oisan\/\" class=\"_self pt-cv-readmore btn btn-success\" target=\"_self\">Lire<\/a><\/div><\/div>\n<div class=\"pt-cv-meta-fields\"><span class=\"entry-date\"> <time datetime=\"2021-11-28T14:23:59+00:00\">novembre 28, 2021<\/time><\/span><span> \/ <\/span><span class=\"terms\"> <a href='https:\/\/www.reveeveille.net\/lamontagnetranquille\/category\/massifs-et-sommets\/alpes\/oisans\/' title='Oisans' class='pt-cv-tax-oisans'>Oisans<\/a>, <a href='https:\/\/www.reveeveille.net\/lamontagnetranquille\/category\/recits\/' title='R\u00e9cits' class='pt-cv-tax-recits'>R\u00e9cits<\/a><\/span><\/div>\t<\/div>\r\n<\/div><\/div>\n<div class=\"panel panel-default pt-cv-content-item pt-cv-2-col\" >\r\n<div class=\"panel-heading pt-cv-title\">\r\n    <a class=\"panel-title\" data-toggle=\"cvcollapse\" data-parent=\"#76ce22dwrx\" data-target=\"#cad74283v8\" href='https:\/\/www.reveeveille.net\/lamontagnetranquille\/les-rouies-a-12-ans\/' onclick='event.preventDefault()'>\r\n\t\tLes Rouies \u00e0 12 ans\t<\/a>\r\n\t<\/div>\r\n<div id=\"cad74283v8\" class=\"panel-collapse collapse \">\r\n\t<div class=\"panel-body\">\r\n\t\t<a href=\"https:\/\/www.reveeveille.net\/lamontagnetranquille\/les-rouies-a-12-ans\/\" class=\"_self pt-cv-href-thumbnail pt-cv-thumb-left\" target=\"_self\" ><img loading=\"lazy\" decoding=\"async\" width=\"300\" height=\"224\" src=\"https:\/\/www.reveeveille.net\/lamontagnetranquille\/wp-content\/uploads\/2021\/11\/20060705_rouies_012-300x224.jpg\" class=\"pt-cv-thumbnail pull-left\" alt=\"\" srcset=\"https:\/\/www.reveeveille.net\/lamontagnetranquille\/wp-content\/uploads\/2021\/11\/20060705_rouies_012-300x224.jpg 300w, https:\/\/www.reveeveille.net\/lamontagnetranquille\/wp-content\/uploads\/2021\/11\/20060705_rouies_012-1024x766.jpg 1024w, https:\/\/www.reveeveille.net\/lamontagnetranquille\/wp-content\/uploads\/2021\/11\/20060705_rouies_012-768x574.jpg 768w, https:\/\/www.reveeveille.net\/lamontagnetranquille\/wp-content\/uploads\/2021\/11\/20060705_rouies_012.jpg 1500w\" sizes=\"auto, (max-width: 300px) 100vw, 300px\" \/><\/a>\n<div class=\"pt-cv-content\">Voil\u00e0. Je voulais emmener mon fils en haute montagne, cette fois c'est fait. Certes pas encore le Mont-Blanc, comme il ...<br \/><div class=\"pt-cv-rmwrap\"><a href=\"https:\/\/www.reveeveille.net\/lamontagnetranquille\/les-rouies-a-12-ans\/\" class=\"_self pt-cv-readmore btn btn-success\" target=\"_self\">Lire<\/a><\/div><\/div>\n<div class=\"pt-cv-meta-fields\"><span class=\"entry-date\"> <time datetime=\"2021-11-28T14:22:16+00:00\">novembre 28, 2021<\/time><\/span><span> \/ <\/span><span class=\"terms\"> <a href='https:\/\/www.reveeveille.net\/lamontagnetranquille\/category\/massifs-et-sommets\/alpes\/oisans\/' title='Oisans' class='pt-cv-tax-oisans'>Oisans<\/a>, <a href='https:\/\/www.reveeveille.net\/lamontagnetranquille\/category\/recits\/' title='R\u00e9cits' class='pt-cv-tax-recits'>R\u00e9cits<\/a><\/span><\/div>\t<\/div>\r\n<\/div><\/div>\n<div class=\"panel panel-default pt-cv-content-item pt-cv-2-col\" >\r\n<div class=\"panel-heading pt-cv-title\">\r\n    <a class=\"panel-title\" data-toggle=\"cvcollapse\" data-parent=\"#76ce22dwrx\" data-target=\"#32ca397kn5\" href='https:\/\/www.reveeveille.net\/lamontagnetranquille\/trois-nuits-au-sommet-du-mont-blanc\/' onclick='event.preventDefault()'>\r\n\t\tTrois nuits au sommet du Mont-Blanc\t<\/a>\r\n\t<\/div>\r\n<div id=\"32ca397kn5\" class=\"panel-collapse collapse \">\r\n\t<div class=\"panel-body\">\r\n\t\t<a href=\"https:\/\/www.reveeveille.net\/lamontagnetranquille\/trois-nuits-au-sommet-du-mont-blanc\/\" class=\"_self pt-cv-href-thumbnail pt-cv-thumb-left\" target=\"_self\" ><img loading=\"lazy\" decoding=\"async\" width=\"300\" height=\"203\" src=\"https:\/\/www.reveeveille.net\/lamontagnetranquille\/wp-content\/uploads\/2021\/11\/19840815_mont_blanc_par_miage_et_bionassay_eric_02-300x203.jpg\" class=\"pt-cv-thumbnail pull-left\" alt=\"\" srcset=\"https:\/\/www.reveeveille.net\/lamontagnetranquille\/wp-content\/uploads\/2021\/11\/19840815_mont_blanc_par_miage_et_bionassay_eric_02-300x203.jpg 300w, https:\/\/www.reveeveille.net\/lamontagnetranquille\/wp-content\/uploads\/2021\/11\/19840815_mont_blanc_par_miage_et_bionassay_eric_02-1024x692.jpg 1024w, https:\/\/www.reveeveille.net\/lamontagnetranquille\/wp-content\/uploads\/2021\/11\/19840815_mont_blanc_par_miage_et_bionassay_eric_02-768x519.jpg 768w, https:\/\/www.reveeveille.net\/lamontagnetranquille\/wp-content\/uploads\/2021\/11\/19840815_mont_blanc_par_miage_et_bionassay_eric_02.jpg 1500w\" sizes=\"auto, (max-width: 300px) 100vw, 300px\" \/><\/a>\n<div class=\"pt-cv-content\">En deux mots : installer un camp au sommet du Mont-Blanc de Courmayeur (4700 m), et y passer 3 nuits ...<br \/><div class=\"pt-cv-rmwrap\"><a href=\"https:\/\/www.reveeveille.net\/lamontagnetranquille\/trois-nuits-au-sommet-du-mont-blanc\/\" class=\"_self pt-cv-readmore btn btn-success\" target=\"_self\">Lire<\/a><\/div><\/div>\n<div class=\"pt-cv-meta-fields\"><span class=\"entry-date\"> <time datetime=\"2021-11-28T14:06:26+00:00\">novembre 28, 2021<\/time><\/span><span> \/ <\/span><span class=\"terms\"> <a href='https:\/\/www.reveeveille.net\/lamontagnetranquille\/category\/massifs-et-sommets\/alpes\/mont-blanc\/' title='Mont-Blanc' class='pt-cv-tax-mont-blanc'>Mont-Blanc<\/a>, <a href='https:\/\/www.reveeveille.net\/lamontagnetranquille\/category\/projets\/' title='Projets' class='pt-cv-tax-projets'>Projets<\/a><\/span><\/div>\t<\/div>\r\n<\/div><\/div>\n<div class=\"panel panel-default pt-cv-content-item pt-cv-2-col\" >\r\n<div class=\"panel-heading pt-cv-title\">\r\n    <a class=\"panel-title\" data-toggle=\"cvcollapse\" data-parent=\"#76ce22dwrx\" data-target=\"#a0654dfi9h\" href='https:\/\/www.reveeveille.net\/lamontagnetranquille\/divagations-en-oisan-itineraire\/' onclick='event.preventDefault()'>\r\n\t\tDivagations en Oisan &#8211; Itin\u00e9raire\t<\/a>\r\n\t<\/div>\r\n<div id=\"a0654dfi9h\" class=\"panel-collapse collapse \">\r\n\t<div class=\"panel-body\">\r\n\t\t<a href=\"https:\/\/www.reveeveille.net\/lamontagnetranquille\/divagations-en-oisan-itineraire\/\" class=\"_self pt-cv-href-thumbnail pt-cv-thumb-left\" target=\"_self\" ><img loading=\"lazy\" decoding=\"async\" width=\"300\" height=\"224\" src=\"https:\/\/www.reveeveille.net\/lamontagnetranquille\/wp-content\/uploads\/2021\/11\/20040918_balade_ecrins_26-300x224.jpg\" class=\"pt-cv-thumbnail pull-left\" alt=\"\" srcset=\"https:\/\/www.reveeveille.net\/lamontagnetranquille\/wp-content\/uploads\/2021\/11\/20040918_balade_ecrins_26-300x224.jpg 300w, https:\/\/www.reveeveille.net\/lamontagnetranquille\/wp-content\/uploads\/2021\/11\/20040918_balade_ecrins_26-1024x766.jpg 1024w, https:\/\/www.reveeveille.net\/lamontagnetranquille\/wp-content\/uploads\/2021\/11\/20040918_balade_ecrins_26-768x574.jpg 768w, https:\/\/www.reveeveille.net\/lamontagnetranquille\/wp-content\/uploads\/2021\/11\/20040918_balade_ecrins_26.jpg 1500w\" sizes=\"auto, (max-width: 300px) 100vw, 300px\" \/><\/a>\n<div class=\"pt-cv-content\">Massif : Oisan. Carte IGN TOP 25 Meije - Pelvoux 3436 ET. Dur\u00e9e : 6 jours. Voici un itin\u00e9raire tranquille ...<br \/><div class=\"pt-cv-rmwrap\"><a href=\"https:\/\/www.reveeveille.net\/lamontagnetranquille\/divagations-en-oisan-itineraire\/\" class=\"_self pt-cv-readmore btn btn-success\" target=\"_self\">Lire<\/a><\/div><\/div>\n<div class=\"pt-cv-meta-fields\"><span class=\"entry-date\"> <time datetime=\"2021-11-28T13:00:55+00:00\">novembre 28, 2021<\/time><\/span><span> \/ <\/span><span class=\"terms\"> <a href='https:\/\/www.reveeveille.net\/lamontagnetranquille\/category\/itineraires\/' title='Itin\u00e9raires' class='pt-cv-tax-itineraires'>Itin\u00e9raires<\/a>, <a href='https:\/\/www.reveeveille.net\/lamontagnetranquille\/category\/massifs-et-sommets\/alpes\/oisans\/' title='Oisans' class='pt-cv-tax-oisans'>Oisans<\/a><\/span><\/div>\t<\/div>\r\n<\/div><\/div>\n<div class=\"panel panel-default pt-cv-content-item pt-cv-2-col\" >\r\n<div class=\"panel-heading pt-cv-title\">\r\n    <a class=\"panel-title\" data-toggle=\"cvcollapse\" data-parent=\"#76ce22dwrx\" data-target=\"#201a9f3qhv\" href='https:\/\/www.reveeveille.net\/lamontagnetranquille\/boucle-au-mont-blanc-par-les-grands-mulets\/' onclick='event.preventDefault()'>\r\n\t\tBoucle au Mont-Blanc par les Grands Mulets\t<\/a>\r\n\t<\/div>\r\n<div id=\"201a9f3qhv\" class=\"panel-collapse collapse \">\r\n\t<div class=\"panel-body\">\r\n\t\t<a href=\"https:\/\/www.reveeveille.net\/lamontagnetranquille\/boucle-au-mont-blanc-par-les-grands-mulets\/\" class=\"_self pt-cv-href-thumbnail pt-cv-thumb-left\" target=\"_self\" ><img loading=\"lazy\" decoding=\"async\" width=\"300\" height=\"225\" src=\"https:\/\/www.reveeveille.net\/lamontagnetranquille\/wp-content\/uploads\/2021\/11\/20110914_mont_blanc_34-300x225.jpg\" class=\"pt-cv-thumbnail pull-left\" alt=\"\" srcset=\"https:\/\/www.reveeveille.net\/lamontagnetranquille\/wp-content\/uploads\/2021\/11\/20110914_mont_blanc_34-300x225.jpg 300w, https:\/\/www.reveeveille.net\/lamontagnetranquille\/wp-content\/uploads\/2021\/11\/20110914_mont_blanc_34-1024x768.jpg 1024w, https:\/\/www.reveeveille.net\/lamontagnetranquille\/wp-content\/uploads\/2021\/11\/20110914_mont_blanc_34-768x576.jpg 768w, https:\/\/www.reveeveille.net\/lamontagnetranquille\/wp-content\/uploads\/2021\/11\/20110914_mont_blanc_34.jpg 1500w\" sizes=\"auto, (max-width: 300px) 100vw, 300px\" \/><\/a>\n<div class=\"pt-cv-content\">Massif : Mont-Blanc. Carte IGN TOP 25 \"Saint Gervais les Bains - Massif du Mont-Blanc\" 3531 ET. Dur\u00e9e : 6 ...<br \/><div class=\"pt-cv-rmwrap\"><a href=\"https:\/\/www.reveeveille.net\/lamontagnetranquille\/boucle-au-mont-blanc-par-les-grands-mulets\/\" class=\"_self pt-cv-readmore btn btn-success\" target=\"_self\">Lire<\/a><\/div><\/div>\n<div class=\"pt-cv-meta-fields\"><span class=\"entry-date\"> <time datetime=\"2021-11-28T12:44:11+00:00\">novembre 28, 2021<\/time><\/span><span> \/ <\/span><span class=\"terms\"> <a href='https:\/\/www.reveeveille.net\/lamontagnetranquille\/category\/itineraires\/' title='Itin\u00e9raires' class='pt-cv-tax-itineraires'>Itin\u00e9raires<\/a>, <a href='https:\/\/www.reveeveille.net\/lamontagnetranquille\/category\/massifs-et-sommets\/alpes\/mont-blanc\/' title='Mont-Blanc' class='pt-cv-tax-mont-blanc'>Mont-Blanc<\/a><\/span><\/div>\t<\/div>\r\n<\/div><\/div>\n<div class=\"panel panel-default pt-cv-content-item pt-cv-2-col\" >\r\n<div class=\"panel-heading pt-cv-title\">\r\n    <a class=\"panel-title\" data-toggle=\"cvcollapse\" data-parent=\"#76ce22dwrx\" data-target=\"#57594e2q7e\" href='https:\/\/www.reveeveille.net\/lamontagnetranquille\/boucle-de-5-jours-aux-rouies\/' onclick='event.preventDefault()'>\r\n\t\tBoucle de 5 jours aux Rouies\t<\/a>\r\n\t<\/div>\r\n<div id=\"57594e2q7e\" class=\"panel-collapse collapse \">\r\n\t<div class=\"panel-body\">\r\n\t\t<a href=\"https:\/\/www.reveeveille.net\/lamontagnetranquille\/boucle-de-5-jours-aux-rouies\/\" class=\"_self pt-cv-href-thumbnail pt-cv-thumb-left\" target=\"_self\" ><img loading=\"lazy\" decoding=\"async\" width=\"300\" height=\"224\" src=\"https:\/\/www.reveeveille.net\/lamontagnetranquille\/wp-content\/uploads\/2021\/11\/20060705_rouies_065-300x224.jpg\" class=\"pt-cv-thumbnail pull-left\" alt=\"\" srcset=\"https:\/\/www.reveeveille.net\/lamontagnetranquille\/wp-content\/uploads\/2021\/11\/20060705_rouies_065-300x224.jpg 300w, https:\/\/www.reveeveille.net\/lamontagnetranquille\/wp-content\/uploads\/2021\/11\/20060705_rouies_065-1024x766.jpg 1024w, https:\/\/www.reveeveille.net\/lamontagnetranquille\/wp-content\/uploads\/2021\/11\/20060705_rouies_065-768x574.jpg 768w, https:\/\/www.reveeveille.net\/lamontagnetranquille\/wp-content\/uploads\/2021\/11\/20060705_rouies_065.jpg 1500w\" sizes=\"auto, (max-width: 300px) 100vw, 300px\" \/><\/a>\n<div class=\"pt-cv-content\">Cet itin\u00e9raire est racont\u00e9 dans le texte \"Les Rouies \u00e0 12 ans\" Pour des adultes bien en forme, les Rouies ...<br \/><div class=\"pt-cv-rmwrap\"><a href=\"https:\/\/www.reveeveille.net\/lamontagnetranquille\/boucle-de-5-jours-aux-rouies\/\" class=\"_self pt-cv-readmore btn btn-success\" target=\"_self\">Lire<\/a><\/div><\/div>\n<div class=\"pt-cv-meta-fields\"><span class=\"entry-date\"> <time datetime=\"2021-11-28T12:42:17+00:00\">novembre 28, 2021<\/time><\/span><span> \/ <\/span><span class=\"terms\"> <a href='https:\/\/www.reveeveille.net\/lamontagnetranquille\/category\/itineraires\/' title='Itin\u00e9raires' class='pt-cv-tax-itineraires'>Itin\u00e9raires<\/a>, <a href='https:\/\/www.reveeveille.net\/lamontagnetranquille\/category\/massifs-et-sommets\/alpes\/oisans\/' title='Oisans' class='pt-cv-tax-oisans'>Oisans<\/a><\/span><\/div>\t<\/div>\r\n<\/div><\/div>\n<div class=\"panel panel-default pt-cv-content-item pt-cv-2-col\" >\r\n<div class=\"panel-heading pt-cv-title\">\r\n    <a class=\"panel-title\" data-toggle=\"cvcollapse\" data-parent=\"#76ce22dwrx\" data-target=\"#7e3d8a2j78\" href='https:\/\/www.reveeveille.net\/lamontagnetranquille\/autour-du-glacier-de-miage\/' onclick='event.preventDefault()'>\r\n\t\tAutour du glacier de Miage\t<\/a>\r\n\t<\/div>\r\n<div id=\"7e3d8a2j78\" class=\"panel-collapse collapse \">\r\n\t<div class=\"panel-body\">\r\n\t\t<a href=\"https:\/\/www.reveeveille.net\/lamontagnetranquille\/autour-du-glacier-de-miage\/\" class=\"_self pt-cv-href-thumbnail pt-cv-thumb-left\" target=\"_self\" ><img loading=\"lazy\" decoding=\"async\" width=\"300\" height=\"200\" src=\"https:\/\/www.reveeveille.net\/lamontagnetranquille\/wp-content\/uploads\/2021\/11\/20010701_miage_par_tondu_29-300x200.jpg\" class=\"pt-cv-thumbnail pull-left\" alt=\"\" srcset=\"https:\/\/www.reveeveille.net\/lamontagnetranquille\/wp-content\/uploads\/2021\/11\/20010701_miage_par_tondu_29-300x200.jpg 300w, https:\/\/www.reveeveille.net\/lamontagnetranquille\/wp-content\/uploads\/2021\/11\/20010701_miage_par_tondu_29-1024x683.jpg 1024w, https:\/\/www.reveeveille.net\/lamontagnetranquille\/wp-content\/uploads\/2021\/11\/20010701_miage_par_tondu_29-768x513.jpg 768w, https:\/\/www.reveeveille.net\/lamontagnetranquille\/wp-content\/uploads\/2021\/11\/20010701_miage_par_tondu_29.jpg 1500w\" sizes=\"auto, (max-width: 300px) 100vw, 300px\" \/><\/a>\n<div class=\"pt-cv-content\">Massif : Mont-Blanc. Carte IGN TOP 25 \"Saint Gervais les Bains - Massif du Mont-Blanc\" 3531 ET. Dur\u00e9e : 6 ...<br \/><div class=\"pt-cv-rmwrap\"><a href=\"https:\/\/www.reveeveille.net\/lamontagnetranquille\/autour-du-glacier-de-miage\/\" class=\"_self pt-cv-readmore btn btn-success\" target=\"_self\">Lire<\/a><\/div><\/div>\n<div class=\"pt-cv-meta-fields\"><span class=\"entry-date\"> <time datetime=\"2021-11-28T12:41:21+00:00\">novembre 28, 2021<\/time><\/span><span> \/ <\/span><span class=\"terms\"> <a href='https:\/\/www.reveeveille.net\/lamontagnetranquille\/category\/itineraires\/' title='Itin\u00e9raires' class='pt-cv-tax-itineraires'>Itin\u00e9raires<\/a>, <a href='https:\/\/www.reveeveille.net\/lamontagnetranquille\/category\/massifs-et-sommets\/alpes\/mont-blanc\/' title='Mont-Blanc' class='pt-cv-tax-mont-blanc'>Mont-Blanc<\/a><\/span><\/div>\t<\/div>\r\n<\/div><\/div>\n<div class=\"panel panel-default pt-cv-content-item pt-cv-2-col\" >\r\n<div class=\"panel-heading pt-cv-title\">\r\n    <a class=\"panel-title\" data-toggle=\"cvcollapse\" data-parent=\"#76ce22dwrx\" data-target=\"#0ddb3f88ce\" href='https:\/\/www.reveeveille.net\/lamontagnetranquille\/traversee-des-glaciers-de-la-vanoise\/' onclick='event.preventDefault()'>\r\n\t\tTravers\u00e9e des glaciers de la Vanoise\t<\/a>\r\n\t<\/div>\r\n<div id=\"0ddb3f88ce\" class=\"panel-collapse collapse \">\r\n\t<div class=\"panel-body\">\r\n\t\t<a href=\"https:\/\/www.reveeveille.net\/lamontagnetranquille\/traversee-des-glaciers-de-la-vanoise\/\" class=\"_self pt-cv-href-thumbnail pt-cv-thumb-left\" target=\"_self\" ><img loading=\"lazy\" decoding=\"async\" width=\"300\" height=\"225\" src=\"https:\/\/www.reveeveille.net\/lamontagnetranquille\/wp-content\/uploads\/2021\/11\/20130910_glaciers_de_la_vanoise_01-300x225.jpg\" class=\"pt-cv-thumbnail pull-left\" alt=\"\" srcset=\"https:\/\/www.reveeveille.net\/lamontagnetranquille\/wp-content\/uploads\/2021\/11\/20130910_glaciers_de_la_vanoise_01-300x225.jpg 300w, https:\/\/www.reveeveille.net\/lamontagnetranquille\/wp-content\/uploads\/2021\/11\/20130910_glaciers_de_la_vanoise_01-1024x768.jpg 1024w, https:\/\/www.reveeveille.net\/lamontagnetranquille\/wp-content\/uploads\/2021\/11\/20130910_glaciers_de_la_vanoise_01-768x576.jpg 768w, https:\/\/www.reveeveille.net\/lamontagnetranquille\/wp-content\/uploads\/2021\/11\/20130910_glaciers_de_la_vanoise_01.jpg 1500w\" sizes=\"auto, (max-width: 300px) 100vw, 300px\" \/><\/a>\n<div class=\"pt-cv-content\">L'itin\u00e9raire que je vais pr\u00e9senter ici est le plus accessible que j'aie pratiqu\u00e9 \u00e0 ce jour. La d\u00e9nivel\u00e9e montante est ...<br \/><div class=\"pt-cv-rmwrap\"><a href=\"https:\/\/www.reveeveille.net\/lamontagnetranquille\/traversee-des-glaciers-de-la-vanoise\/\" class=\"_self pt-cv-readmore btn btn-success\" target=\"_self\">Lire<\/a><\/div><\/div>\n<div class=\"pt-cv-meta-fields\"><span class=\"entry-date\"> <time datetime=\"2021-11-28T12:40:01+00:00\">novembre 28, 2021<\/time><\/span><span> \/ <\/span><span class=\"terms\"> <a href='https:\/\/www.reveeveille.net\/lamontagnetranquille\/category\/itineraires\/' title='Itin\u00e9raires' class='pt-cv-tax-itineraires'>Itin\u00e9raires<\/a>, <a href='https:\/\/www.reveeveille.net\/lamontagnetranquille\/category\/massifs-et-sommets\/alpes\/vanoise\/' title='Vanoise' class='pt-cv-tax-vanoise'>Vanoise<\/a><\/span><\/div>\t<\/div>\r\n<\/div><\/div>\n<div class=\"panel panel-default pt-cv-content-item pt-cv-2-col\" >\r\n<div class=\"panel-heading pt-cv-title\">\r\n    <a class=\"panel-title\" data-toggle=\"cvcollapse\" data-parent=\"#76ce22dwrx\" data-target=\"#cfbd2f0s0o\" href='https:\/\/www.reveeveille.net\/lamontagnetranquille\/quatre-manieres-de-chier-sur-le-mont-rose\/' onclick='event.preventDefault()'>\r\n\t\tQuatre mani\u00e8res de chier sur le Mont Rose\t<\/a>\r\n\t<\/div>\r\n<div id=\"cfbd2f0s0o\" class=\"panel-collapse collapse \">\r\n\t<div class=\"panel-body\">\r\n\t\t<a href=\"https:\/\/www.reveeveille.net\/lamontagnetranquille\/quatre-manieres-de-chier-sur-le-mont-rose\/\" class=\"_self pt-cv-href-thumbnail pt-cv-thumb-left\" target=\"_self\" ><img loading=\"lazy\" decoding=\"async\" width=\"300\" height=\"225\" src=\"https:\/\/www.reveeveille.net\/lamontagnetranquille\/wp-content\/uploads\/2021\/11\/20160808_mont_rose_13-300x225.jpg\" class=\"pt-cv-thumbnail pull-left\" alt=\"\" srcset=\"https:\/\/www.reveeveille.net\/lamontagnetranquille\/wp-content\/uploads\/2021\/11\/20160808_mont_rose_13-300x225.jpg 300w, https:\/\/www.reveeveille.net\/lamontagnetranquille\/wp-content\/uploads\/2021\/11\/20160808_mont_rose_13-1024x768.jpg 1024w, https:\/\/www.reveeveille.net\/lamontagnetranquille\/wp-content\/uploads\/2021\/11\/20160808_mont_rose_13-768x576.jpg 768w, https:\/\/www.reveeveille.net\/lamontagnetranquille\/wp-content\/uploads\/2021\/11\/20160808_mont_rose_13.jpg 1500w\" sizes=\"auto, (max-width: 300px) 100vw, 300px\" \/><\/a>\n<div class=\"pt-cv-content\">Atteindre les toilettes du refuge Gnifetti n\u00e9cessite un long et complexe cheminement empruntant des escaliers tortueux et d'\u00e9troites et interminables ...<br \/><div class=\"pt-cv-rmwrap\"><a href=\"https:\/\/www.reveeveille.net\/lamontagnetranquille\/quatre-manieres-de-chier-sur-le-mont-rose\/\" class=\"_self pt-cv-readmore btn btn-success\" target=\"_self\">Lire<\/a><\/div><\/div>\n<div class=\"pt-cv-meta-fields\"><span class=\"entry-date\"> <time datetime=\"2021-11-28T12:17:24+00:00\">novembre 28, 2021<\/time><\/span><span> \/ <\/span><span class=\"terms\"> <a href='https:\/\/www.reveeveille.net\/lamontagnetranquille\/category\/chroniques\/' title='Chroniques' class='pt-cv-tax-chroniques'>Chroniques<\/a>, <a href='https:\/\/www.reveeveille.net\/lamontagnetranquille\/category\/recits\/' title='R\u00e9cits' class='pt-cv-tax-recits'>R\u00e9cits<\/a>, <a href='https:\/\/www.reveeveille.net\/lamontagnetranquille\/category\/massifs-et-sommets\/alpes\/valais\/' title='Valais' class='pt-cv-tax-valais'>Valais<\/a><\/span><\/div>\t<\/div>\r\n<\/div><\/div>\n<div class=\"panel panel-default pt-cv-content-item pt-cv-2-col\" >\r\n<div class=\"panel-heading pt-cv-title\">\r\n    <a class=\"panel-title\" data-toggle=\"cvcollapse\" data-parent=\"#76ce22dwrx\" data-target=\"#67eb8c1xac\" href='https:\/\/www.reveeveille.net\/lamontagnetranquille\/traversee-de-laiguille-de-polset\/' onclick='event.preventDefault()'>\r\n\t\tTravers\u00e9e de l&rsquo;Aiguille de Polset\t<\/a>\r\n\t<\/div>\r\n<div id=\"67eb8c1xac\" class=\"panel-collapse collapse \">\r\n\t<div class=\"panel-body\">\r\n\t\t<a href=\"https:\/\/www.reveeveille.net\/lamontagnetranquille\/traversee-de-laiguille-de-polset\/\" class=\"_self pt-cv-href-thumbnail pt-cv-thumb-left\" target=\"_self\" ><img loading=\"lazy\" decoding=\"async\" width=\"300\" height=\"225\" src=\"https:\/\/www.reveeveille.net\/lamontagnetranquille\/wp-content\/uploads\/2021\/11\/20170819_vanoise_oisan_brunelle_23-300x225.jpg\" class=\"pt-cv-thumbnail pull-left\" alt=\"\" srcset=\"https:\/\/www.reveeveille.net\/lamontagnetranquille\/wp-content\/uploads\/2021\/11\/20170819_vanoise_oisan_brunelle_23-300x225.jpg 300w, https:\/\/www.reveeveille.net\/lamontagnetranquille\/wp-content\/uploads\/2021\/11\/20170819_vanoise_oisan_brunelle_23-1024x768.jpg 1024w, https:\/\/www.reveeveille.net\/lamontagnetranquille\/wp-content\/uploads\/2021\/11\/20170819_vanoise_oisan_brunelle_23-768x576.jpg 768w, https:\/\/www.reveeveille.net\/lamontagnetranquille\/wp-content\/uploads\/2021\/11\/20170819_vanoise_oisan_brunelle_23.jpg 1200w\" sizes=\"auto, (max-width: 300px) 100vw, 300px\" \/><\/a>\n<div class=\"pt-cv-content\">J'ai aper\u00e7u pour la premi\u00e8re fois le massif de P\u00e9clet Polset durant la redescente d'une longue vir\u00e9e sur les glaciers ...<br \/><div class=\"pt-cv-rmwrap\"><a href=\"https:\/\/www.reveeveille.net\/lamontagnetranquille\/traversee-de-laiguille-de-polset\/\" class=\"_self pt-cv-readmore btn btn-success\" target=\"_self\">Lire<\/a><\/div><\/div>\n<div class=\"pt-cv-meta-fields\"><span class=\"entry-date\"> <time datetime=\"2021-11-28T12:16:20+00:00\">novembre 28, 2021<\/time><\/span><span> \/ <\/span><span class=\"terms\"> <a href='https:\/\/www.reveeveille.net\/lamontagnetranquille\/category\/itineraires\/' title='Itin\u00e9raires' class='pt-cv-tax-itineraires'>Itin\u00e9raires<\/a>, <a href='https:\/\/www.reveeveille.net\/lamontagnetranquille\/category\/massifs-et-sommets\/alpes\/vanoise\/' title='Vanoise' class='pt-cv-tax-vanoise'>Vanoise<\/a><\/span><\/div>\t<\/div>\r\n<\/div><\/div>\n<div class=\"panel panel-default pt-cv-content-item pt-cv-2-col\" >\r\n<div class=\"panel-heading pt-cv-title\">\r\n    <a class=\"panel-title\" data-toggle=\"cvcollapse\" data-parent=\"#76ce22dwrx\" data-target=\"#d404cd41xs\" href='https:\/\/www.reveeveille.net\/lamontagnetranquille\/deux-ou-trois-jours-dans-les-glaciers-de-la-girose\/' onclick='event.preventDefault()'>\r\n\t\tDeux ou trois jours dans les glaciers de la Girose\t<\/a>\r\n\t<\/div>\r\n<div id=\"d404cd41xs\" class=\"panel-collapse collapse \">\r\n\t<div class=\"panel-body\">\r\n\t\t<a href=\"https:\/\/www.reveeveille.net\/lamontagnetranquille\/deux-ou-trois-jours-dans-les-glaciers-de-la-girose\/\" class=\"_self pt-cv-href-thumbnail pt-cv-thumb-left\" target=\"_self\" ><img loading=\"lazy\" decoding=\"async\" width=\"300\" height=\"225\" src=\"https:\/\/www.reveeveille.net\/lamontagnetranquille\/wp-content\/uploads\/2021\/11\/20170819_vanoise_oisan_brunelle_04-300x225.jpg\" class=\"pt-cv-thumbnail pull-left\" alt=\"\" srcset=\"https:\/\/www.reveeveille.net\/lamontagnetranquille\/wp-content\/uploads\/2021\/11\/20170819_vanoise_oisan_brunelle_04-300x225.jpg 300w, https:\/\/www.reveeveille.net\/lamontagnetranquille\/wp-content\/uploads\/2021\/11\/20170819_vanoise_oisan_brunelle_04-1024x768.jpg 1024w, https:\/\/www.reveeveille.net\/lamontagnetranquille\/wp-content\/uploads\/2021\/11\/20170819_vanoise_oisan_brunelle_04-768x576.jpg 768w, https:\/\/www.reveeveille.net\/lamontagnetranquille\/wp-content\/uploads\/2021\/11\/20170819_vanoise_oisan_brunelle_04.jpg 1500w\" sizes=\"auto, (max-width: 300px) 100vw, 300px\" \/><\/a>\n<div class=\"pt-cv-content\">Si vous n'avez que 3 petites journ\u00e9es pour faire une vir\u00e9e en immersion avec quelques sommets \u00e0 la cl\u00e9, il ...<br \/><div class=\"pt-cv-rmwrap\"><a href=\"https:\/\/www.reveeveille.net\/lamontagnetranquille\/deux-ou-trois-jours-dans-les-glaciers-de-la-girose\/\" class=\"_self pt-cv-readmore btn btn-success\" target=\"_self\">Lire<\/a><\/div><\/div>\n<div class=\"pt-cv-meta-fields\"><span class=\"entry-date\"> <time datetime=\"2021-11-28T12:15:18+00:00\">novembre 28, 2021<\/time><\/span><span> \/ <\/span><span class=\"terms\"> <a href='https:\/\/www.reveeveille.net\/lamontagnetranquille\/category\/itineraires\/' title='Itin\u00e9raires' class='pt-cv-tax-itineraires'>Itin\u00e9raires<\/a>, <a href='https:\/\/www.reveeveille.net\/lamontagnetranquille\/category\/massifs-et-sommets\/alpes\/oisans\/' title='Oisans' class='pt-cv-tax-oisans'>Oisans<\/a><\/span><\/div>\t<\/div>\r\n<\/div><\/div>\n<div class=\"panel panel-default pt-cv-content-item pt-cv-2-col\" >\r\n<div class=\"panel-heading pt-cv-title\">\r\n    <a class=\"panel-title\" data-toggle=\"cvcollapse\" data-parent=\"#76ce22dwrx\" data-target=\"#21adde8ich\" href='https:\/\/www.reveeveille.net\/lamontagnetranquille\/le-mont-blanc-par-la-mer-de-glace\/' onclick='event.preventDefault()'>\r\n\t\tLe Mont Blanc par la mer de Glace\t<\/a>\r\n\t<\/div>\r\n<div id=\"21adde8ich\" class=\"panel-collapse collapse \">\r\n\t<div class=\"panel-body\">\r\n\t\t<a href=\"https:\/\/www.reveeveille.net\/lamontagnetranquille\/le-mont-blanc-par-la-mer-de-glace\/\" class=\"_self pt-cv-href-thumbnail pt-cv-thumb-left\" target=\"_self\" ><img loading=\"lazy\" decoding=\"async\" width=\"300\" height=\"126\" src=\"https:\/\/www.reveeveille.net\/lamontagnetranquille\/wp-content\/uploads\/2021\/11\/20020915_mont_blanc_mer_de_glace-300x126.jpg\" class=\"pt-cv-thumbnail pull-left\" alt=\"\" srcset=\"https:\/\/www.reveeveille.net\/lamontagnetranquille\/wp-content\/uploads\/2021\/11\/20020915_mont_blanc_mer_de_glace-300x126.jpg 300w, https:\/\/www.reveeveille.net\/lamontagnetranquille\/wp-content\/uploads\/2021\/11\/20020915_mont_blanc_mer_de_glace-1024x430.jpg 1024w, https:\/\/www.reveeveille.net\/lamontagnetranquille\/wp-content\/uploads\/2021\/11\/20020915_mont_blanc_mer_de_glace-768x322.jpg 768w, https:\/\/www.reveeveille.net\/lamontagnetranquille\/wp-content\/uploads\/2021\/11\/20020915_mont_blanc_mer_de_glace-1536x644.jpg 1536w, https:\/\/www.reveeveille.net\/lamontagnetranquille\/wp-content\/uploads\/2021\/11\/20020915_mont_blanc_mer_de_glace.jpg 1862w\" sizes=\"auto, (max-width: 300px) 100vw, 300px\" \/><\/a>\n<div class=\"pt-cv-content\">Cet itin\u00e9raire est grandiose, et de grande ampleur (il repr\u00e9sente plus de 30 km de long !), tout en restant ...<br \/><div class=\"pt-cv-rmwrap\"><a href=\"https:\/\/www.reveeveille.net\/lamontagnetranquille\/le-mont-blanc-par-la-mer-de-glace\/\" class=\"_self pt-cv-readmore btn btn-success\" target=\"_self\">Lire<\/a><\/div><\/div>\n<div class=\"pt-cv-meta-fields\"><span class=\"entry-date\"> <time datetime=\"2021-11-28T12:14:15+00:00\">novembre 28, 2021<\/time><\/span><span> \/ <\/span><span class=\"terms\"> <a href='https:\/\/www.reveeveille.net\/lamontagnetranquille\/category\/itineraires\/' title='Itin\u00e9raires' class='pt-cv-tax-itineraires'>Itin\u00e9raires<\/a>, <a href='https:\/\/www.reveeveille.net\/lamontagnetranquille\/category\/massifs-et-sommets\/alpes\/mont-blanc\/' title='Mont-Blanc' class='pt-cv-tax-mont-blanc'>Mont-Blanc<\/a><\/span><\/div>\t<\/div>\r\n<\/div><\/div>\n<div class=\"panel panel-default pt-cv-content-item pt-cv-2-col\" >\r\n<div class=\"panel-heading pt-cv-title\">\r\n    <a class=\"panel-title\" data-toggle=\"cvcollapse\" data-parent=\"#76ce22dwrx\" data-target=\"#72df0471mh\" href='https:\/\/www.reveeveille.net\/lamontagnetranquille\/boucle-au-rateau-depuis-la-berarde\/' onclick='event.preventDefault()'>\r\n\t\tBoucle au r\u00e2teau depuis la vall\u00e9e du V\u00e9n\u00e9on\t<\/a>\r\n\t<\/div>\r\n<div id=\"72df0471mh\" class=\"panel-collapse collapse \">\r\n\t<div class=\"panel-body\">\r\n\t\t<a href=\"https:\/\/www.reveeveille.net\/lamontagnetranquille\/boucle-au-rateau-depuis-la-berarde\/\" class=\"_self pt-cv-href-thumbnail pt-cv-thumb-left\" target=\"_self\" ><img loading=\"lazy\" decoding=\"async\" width=\"300\" height=\"169\" src=\"https:\/\/www.reveeveille.net\/lamontagnetranquille\/wp-content\/uploads\/2021\/11\/20190730_oisan_et_mont_blanc_raphael_aurelien_02-300x169.jpg\" class=\"pt-cv-thumbnail pull-left\" alt=\"\" srcset=\"https:\/\/www.reveeveille.net\/lamontagnetranquille\/wp-content\/uploads\/2021\/11\/20190730_oisan_et_mont_blanc_raphael_aurelien_02-300x169.jpg 300w, https:\/\/www.reveeveille.net\/lamontagnetranquille\/wp-content\/uploads\/2021\/11\/20190730_oisan_et_mont_blanc_raphael_aurelien_02-1024x576.jpg 1024w, https:\/\/www.reveeveille.net\/lamontagnetranquille\/wp-content\/uploads\/2021\/11\/20190730_oisan_et_mont_blanc_raphael_aurelien_02-768x432.jpg 768w, https:\/\/www.reveeveille.net\/lamontagnetranquille\/wp-content\/uploads\/2021\/11\/20190730_oisan_et_mont_blanc_raphael_aurelien_02.jpg 1500w\" sizes=\"auto, (max-width: 300px) 100vw, 300px\" \/><\/a>\n<div class=\"pt-cv-content\">Itin\u00e9raire parcouru fin juillet 2019 Le r\u00e2teau est un sommet complexe. Comme son nom l'\u00e9voque, il se pr\u00e9sente sous la ...<br \/><div class=\"pt-cv-rmwrap\"><a href=\"https:\/\/www.reveeveille.net\/lamontagnetranquille\/boucle-au-rateau-depuis-la-berarde\/\" class=\"_self pt-cv-readmore btn btn-success\" target=\"_self\">Lire<\/a><\/div><\/div>\n<div class=\"pt-cv-meta-fields\"><span class=\"entry-date\"> <time datetime=\"2021-11-28T12:13:25+00:00\">novembre 28, 2021<\/time><\/span><span> \/ <\/span><span class=\"terms\"> <a href='https:\/\/www.reveeveille.net\/lamontagnetranquille\/category\/itineraires\/' title='Itin\u00e9raires' class='pt-cv-tax-itineraires'>Itin\u00e9raires<\/a>, <a href='https:\/\/www.reveeveille.net\/lamontagnetranquille\/category\/massifs-et-sommets\/alpes\/oisans\/' title='Oisans' class='pt-cv-tax-oisans'>Oisans<\/a><\/span><\/div>\t<\/div>\r\n<\/div><\/div><\/div><\/div><\/div><\/div>\n\n\n\n<h2 class=\"wp-block-heading\">Pyr\u00e9n\u00e9es<\/h2>\n\n\n<div class=\"pt-cv-wrapper\"><div class=\"pt-cv-view pt-cv-collapsible\" id=\"pt-cv-view-700a143a17\"><div data-id=\"pt-cv-page-1\" class=\"pt-cv-page\" data-cvc=\"1\"><div class=\"panel-group\" id=\"91d4da5kb3\"><div class=\"panel panel-default pt-cv-content-item pt-cv-2-col\" >\r\n<div class=\"panel-heading pt-cv-title\">\r\n    <a class=\"panel-title\" data-toggle=\"cvcollapse\" data-parent=\"#91d4da5kb3\" data-target=\"#b5706a39kd\" href='https:\/\/www.reveeveille.net\/lamontagnetranquille\/doutes-a-lossau\/' onclick='event.preventDefault()'>\r\n\t\tDoutes \u00e0 l&rsquo;Ossau\t<\/a>\r\n\t<\/div>\r\n<div id=\"b5706a39kd\" class=\"panel-collapse collapse \">\r\n\t<div class=\"panel-body\">\r\n\t\t<a href=\"https:\/\/www.reveeveille.net\/lamontagnetranquille\/doutes-a-lossau\/\" class=\"_self pt-cv-href-thumbnail pt-cv-thumb-left\" target=\"_self\" ><img loading=\"lazy\" decoding=\"async\" width=\"300\" height=\"191\" src=\"https:\/\/www.reveeveille.net\/lamontagnetranquille\/wp-content\/uploads\/2021\/11\/19840415_ski_rando_ossau_03-300x191.jpg\" class=\"pt-cv-thumbnail pull-left\" alt=\"\" srcset=\"https:\/\/www.reveeveille.net\/lamontagnetranquille\/wp-content\/uploads\/2021\/11\/19840415_ski_rando_ossau_03-300x191.jpg 300w, https:\/\/www.reveeveille.net\/lamontagnetranquille\/wp-content\/uploads\/2021\/11\/19840415_ski_rando_ossau_03-768x488.jpg 768w, https:\/\/www.reveeveille.net\/lamontagnetranquille\/wp-content\/uploads\/2021\/11\/19840415_ski_rando_ossau_03.jpg 1023w\" sizes=\"auto, (max-width: 300px) 100vw, 300px\" \/><\/a>\n<div class=\"pt-cv-content\">Le pic du midi d'Ossau est, avec le Mont-Blanc, le sommet qui occupe le plus mes pens\u00e9es de baladeur de la haute-montagne. Ils n'ont pourtant pas grand chose en commun, ...<br \/><div class=\"pt-cv-rmwrap\"><a href=\"https:\/\/www.reveeveille.net\/lamontagnetranquille\/doutes-a-lossau\/\" class=\"_self pt-cv-readmore btn btn-success\" target=\"_self\">Lire La Suite<\/a><\/div><\/div>\n<div class=\"pt-cv-meta-fields\"><span class=\"entry-date\"> <time datetime=\"2021-11-28T16:50:56+00:00\">novembre 28, 2021<\/time><\/span><span> \/ <\/span><span class=\"author\"> <a href=\"https:\/\/www.reveeveille.net\/lamontagnetranquille\/author\/mlemonni\/\" rel=\"author\">mlemonni<\/a><\/span><span> \/ <\/span><span class=\"terms\"> <a href='https:\/\/www.reveeveille.net\/lamontagnetranquille\/category\/massifs-et-sommets\/pyrenees\/' title='Pyr\u00e9n\u00e9es' class='pt-cv-tax-pyrenees'>Pyr\u00e9n\u00e9es<\/a>, <a href='https:\/\/www.reveeveille.net\/lamontagnetranquille\/category\/recits\/' title='R\u00e9cits' class='pt-cv-tax-recits'>R\u00e9cits<\/a><\/span><\/div>\t<\/div>\r\n<\/div><\/div>\n<div class=\"panel panel-default pt-cv-content-item pt-cv-2-col\" >\r\n<div class=\"panel-heading pt-cv-title\">\r\n    <a class=\"panel-title\" data-toggle=\"cvcollapse\" data-parent=\"#91d4da5kb3\" data-target=\"#1165623eru\" href='https:\/\/www.reveeveille.net\/lamontagnetranquille\/balade-alpinisto-speleologico-ski-de-randonnesque-aux-grottes-glacees-du-marbore\/' onclick='event.preventDefault()'>\r\n\t\tBalade alpinisto-sp\u00e9l\u00e9ologico-ski de randonnesque aux grottes glac\u00e9es du Marbor\u00e9\t<\/a>\r\n\t<\/div>\r\n<div id=\"1165623eru\" class=\"panel-collapse collapse \">\r\n\t<div class=\"panel-body\">\r\n\t\t<a href=\"https:\/\/www.reveeveille.net\/lamontagnetranquille\/balade-alpinisto-speleologico-ski-de-randonnesque-aux-grottes-glacees-du-marbore\/\" class=\"_self pt-cv-href-thumbnail pt-cv-thumb-left\" target=\"_self\" ><img loading=\"lazy\" decoding=\"async\" width=\"300\" height=\"197\" src=\"https:\/\/www.reveeveille.net\/lamontagnetranquille\/wp-content\/uploads\/2021\/11\/19920415_grottes_glacees_casteret_09-300x197.jpg\" class=\"pt-cv-thumbnail pull-left\" alt=\"\" srcset=\"https:\/\/www.reveeveille.net\/lamontagnetranquille\/wp-content\/uploads\/2021\/11\/19920415_grottes_glacees_casteret_09-300x197.jpg 300w, https:\/\/www.reveeveille.net\/lamontagnetranquille\/wp-content\/uploads\/2021\/11\/19920415_grottes_glacees_casteret_09-1024x672.jpg 1024w, https:\/\/www.reveeveille.net\/lamontagnetranquille\/wp-content\/uploads\/2021\/11\/19920415_grottes_glacees_casteret_09-768x504.jpg 768w, https:\/\/www.reveeveille.net\/lamontagnetranquille\/wp-content\/uploads\/2021\/11\/19920415_grottes_glacees_casteret_09.jpg 1500w\" sizes=\"auto, (max-width: 300px) 100vw, 300px\" \/><\/a>\n<div class=\"pt-cv-content\">40 kilos. Cette fois ci nous avons 40 kilos sur le dos. C'est de la folie pure et simple. Nous sommes Yvan et moi pli\u00e9s en deux sous des sacs ...<br \/><div class=\"pt-cv-rmwrap\"><a href=\"https:\/\/www.reveeveille.net\/lamontagnetranquille\/balade-alpinisto-speleologico-ski-de-randonnesque-aux-grottes-glacees-du-marbore\/\" class=\"_self pt-cv-readmore btn btn-success\" target=\"_self\">Lire La Suite<\/a><\/div><\/div>\n<div class=\"pt-cv-meta-fields\"><span class=\"entry-date\"> <time datetime=\"2021-11-28T14:24:46+00:00\">novembre 28, 2021<\/time><\/span><span> \/ <\/span><span class=\"author\"> <a href=\"https:\/\/www.reveeveille.net\/lamontagnetranquille\/author\/mlemonni\/\" rel=\"author\">mlemonni<\/a><\/span><span> \/ <\/span><span class=\"terms\"> <a href='https:\/\/www.reveeveille.net\/lamontagnetranquille\/category\/massifs-et-sommets\/pyrenees\/' title='Pyr\u00e9n\u00e9es' class='pt-cv-tax-pyrenees'>Pyr\u00e9n\u00e9es<\/a>, <a href='https:\/\/www.reveeveille.net\/lamontagnetranquille\/category\/recits\/' title='R\u00e9cits' class='pt-cv-tax-recits'>R\u00e9cits<\/a><\/span><\/div>\t<\/div>\r\n<\/div><\/div><\/div><\/div><\/div><\/div>\n\n\n\n<h2 class=\"wp-block-heading\">Am\u00e9rique latine<\/h2>\n\n\n<div class=\"pt-cv-wrapper\"><div class=\"pt-cv-view pt-cv-collapsible\" id=\"pt-cv-view-416883f0d8\"><div data-id=\"pt-cv-page-1\" class=\"pt-cv-page\" data-cvc=\"1\"><div class=\"panel-group\" id=\"3376e28p2g\"><div class=\"panel panel-default pt-cv-content-item pt-cv-2-col\" >\r\n<div class=\"panel-heading pt-cv-title\">\r\n    <a class=\"panel-title\" data-toggle=\"cvcollapse\" data-parent=\"#3376e28p2g\" data-target=\"#9796a5cw6n\" href='https:\/\/www.reveeveille.net\/lamontagnetranquille\/la-malinche\/' onclick='event.preventDefault()'>\r\n\t\tLa Malinche\t<\/a>\r\n\t<\/div>\r\n<div id=\"9796a5cw6n\" class=\"panel-collapse collapse \">\r\n\t<div class=\"panel-body\">\r\n\t\t<a href=\"https:\/\/www.reveeveille.net\/lamontagnetranquille\/la-malinche\/\" class=\"_self pt-cv-href-thumbnail pt-cv-thumb-left\" target=\"_self\" ><img loading=\"lazy\" decoding=\"async\" width=\"300\" height=\"224\" src=\"https:\/\/www.reveeveille.net\/lamontagnetranquille\/wp-content\/uploads\/2021\/11\/20090810_mexique_la_malinche_01-300x224.jpg\" class=\"pt-cv-thumbnail pull-left\" alt=\"\" srcset=\"https:\/\/www.reveeveille.net\/lamontagnetranquille\/wp-content\/uploads\/2021\/11\/20090810_mexique_la_malinche_01-300x224.jpg 300w, https:\/\/www.reveeveille.net\/lamontagnetranquille\/wp-content\/uploads\/2021\/11\/20090810_mexique_la_malinche_01-1024x766.jpg 1024w, https:\/\/www.reveeveille.net\/lamontagnetranquille\/wp-content\/uploads\/2021\/11\/20090810_mexique_la_malinche_01-768x574.jpg 768w, https:\/\/www.reveeveille.net\/lamontagnetranquille\/wp-content\/uploads\/2021\/11\/20090810_mexique_la_malinche_01.jpg 1500w\" sizes=\"auto, (max-width: 300px) 100vw, 300px\" \/><\/a>\n<div class=\"pt-cv-content\">Ce texte figure dans le livre \"Sacr\u00e9 mont Blanc\" (2020) Mexique, r\u00e9gion de Puebla, ao\u00fbt 2009 \"Hol\u00e0, compadre, cuanto tiempo hasta la cima ?\" J'aime les Latino-Am\u00e9ricains. Je les aime de tout mon coeur. Quoi de commun, me direz-vous, entre ...<br \/><div class=\"pt-cv-rmwrap\"><a href=\"https:\/\/www.reveeveille.net\/lamontagnetranquille\/la-malinche\/\" class=\"_self pt-cv-readmore btn btn-success\" target=\"_self\">Lire La Suite<\/a><\/div><\/div>\n<div class=\"pt-cv-meta-fields\"><span class=\"entry-date\"> <time datetime=\"2024-03-08T15:42:17+00:00\">mars 8, 2024<\/time><\/span><span> \/ <\/span><span class=\"author\"> <a href=\"https:\/\/www.reveeveille.net\/lamontagnetranquille\/author\/mlemonni\/\" rel=\"author\">mlemonni<\/a><\/span><span> \/ <\/span><span class=\"terms\"> <a href='https:\/\/www.reveeveille.net\/lamontagnetranquille\/category\/massifs-et-sommets\/amerique-latine\/' title='Am\u00e9rique latine' class='pt-cv-tax-amerique-latine'>Am\u00e9rique latine<\/a>, <a href='https:\/\/www.reveeveille.net\/lamontagnetranquille\/category\/recits\/' title='R\u00e9cits' class='pt-cv-tax-recits'>R\u00e9cits<\/a><\/span><\/div>\t<\/div>\r\n<\/div><\/div>\n<div class=\"panel panel-default pt-cv-content-item pt-cv-2-col\" >\r\n<div class=\"panel-heading pt-cv-title\">\r\n    <a class=\"panel-title\" data-toggle=\"cvcollapse\" data-parent=\"#3376e28p2g\" data-target=\"#9e9a9c4zp7\" href='https:\/\/www.reveeveille.net\/lamontagnetranquille\/huaraz-versus-chamonix-ou-les-mecques-de-lalpinisme\/' onclick='event.preventDefault()'>\r\n\t\tHuaraz versus Chamonix, ou \u00ab\u00a0les Mecques de l&rsquo;alpinisme\u00a0\u00bb\t<\/a>\r\n\t<\/div>\r\n<div id=\"9e9a9c4zp7\" class=\"panel-collapse collapse \">\r\n\t<div class=\"panel-body\">\r\n\t\t<a href=\"https:\/\/www.reveeveille.net\/lamontagnetranquille\/huaraz-versus-chamonix-ou-les-mecques-de-lalpinisme\/\" class=\"_self pt-cv-href-thumbnail pt-cv-thumb-left\" target=\"_self\" ><img loading=\"lazy\" decoding=\"async\" width=\"300\" height=\"225\" src=\"https:\/\/www.reveeveille.net\/lamontagnetranquille\/wp-content\/uploads\/2021\/11\/20110914_mont_blanc_01-300x225.jpg\" class=\"pt-cv-thumbnail pull-left\" alt=\"\" srcset=\"https:\/\/www.reveeveille.net\/lamontagnetranquille\/wp-content\/uploads\/2021\/11\/20110914_mont_blanc_01-300x225.jpg 300w, https:\/\/www.reveeveille.net\/lamontagnetranquille\/wp-content\/uploads\/2021\/11\/20110914_mont_blanc_01-1024x768.jpg 1024w, https:\/\/www.reveeveille.net\/lamontagnetranquille\/wp-content\/uploads\/2021\/11\/20110914_mont_blanc_01-768x576.jpg 768w, https:\/\/www.reveeveille.net\/lamontagnetranquille\/wp-content\/uploads\/2021\/11\/20110914_mont_blanc_01.jpg 1500w\" sizes=\"auto, (max-width: 300px) 100vw, 300px\" \/><\/a>\n<div class=\"pt-cv-content\">Ce texte figure dans le livre \"Sacr\u00e9 mont Blanc\" Huaraz est \u00e0 la Cordill\u00e8re Blanche du P\u00e9rou ce que Chamonix est au massif du Mont-Blanc : une ville-base id\u00e9ale. Les points de ressemblance entre ces deux Mecques de l\u2019Alpinisme sont ...<br \/><div class=\"pt-cv-rmwrap\"><a href=\"https:\/\/www.reveeveille.net\/lamontagnetranquille\/huaraz-versus-chamonix-ou-les-mecques-de-lalpinisme\/\" class=\"_self pt-cv-readmore btn btn-success\" target=\"_self\">Lire La Suite<\/a><\/div><\/div>\n<div class=\"pt-cv-meta-fields\"><span class=\"entry-date\"> <time datetime=\"2021-11-28T16:55:20+00:00\">novembre 28, 2021<\/time><\/span><span> \/ <\/span><span class=\"author\"> <a href=\"https:\/\/www.reveeveille.net\/lamontagnetranquille\/author\/mlemonni\/\" rel=\"author\">mlemonni<\/a><\/span><span> \/ <\/span><span class=\"terms\"> <a href='https:\/\/www.reveeveille.net\/lamontagnetranquille\/category\/massifs-et-sommets\/amerique-latine\/' title='Am\u00e9rique latine' class='pt-cv-tax-amerique-latine'>Am\u00e9rique latine<\/a>, <a href='https:\/\/www.reveeveille.net\/lamontagnetranquille\/category\/massifs-et-sommets\/alpes\/mont-blanc\/' title='Mont-Blanc' class='pt-cv-tax-mont-blanc'>Mont-Blanc<\/a>, <a href='https:\/\/www.reveeveille.net\/lamontagnetranquille\/category\/recits\/' title='R\u00e9cits' class='pt-cv-tax-recits'>R\u00e9cits<\/a><\/span><\/div>\t<\/div>\r\n<\/div><\/div>\n<div class=\"panel panel-default pt-cv-content-item pt-cv-2-col\" >\r\n<div class=\"panel-heading pt-cv-title\">\r\n    <a class=\"panel-title\" data-toggle=\"cvcollapse\" data-parent=\"#3376e28p2g\" data-target=\"#8dc4becxlm\" href='https:\/\/www.reveeveille.net\/lamontagnetranquille\/drole-de-huascaran\/' onclick='event.preventDefault()'>\r\n\t\tDr\u00f4le de Huascaran\t<\/a>\r\n\t<\/div>\r\n<div id=\"8dc4becxlm\" class=\"panel-collapse collapse \">\r\n\t<div class=\"panel-body\">\r\n\t\t<a href=\"https:\/\/www.reveeveille.net\/lamontagnetranquille\/drole-de-huascaran\/\" class=\"_self pt-cv-href-thumbnail pt-cv-thumb-left\" target=\"_self\" ><img loading=\"lazy\" decoding=\"async\" width=\"300\" height=\"198\" src=\"https:\/\/www.reveeveille.net\/lamontagnetranquille\/wp-content\/uploads\/2021\/11\/19850701_perou_70_huascaran_chacra_de_huascaran-1-300x198.jpg\" class=\"pt-cv-thumbnail pull-left\" alt=\"\" srcset=\"https:\/\/www.reveeveille.net\/lamontagnetranquille\/wp-content\/uploads\/2021\/11\/19850701_perou_70_huascaran_chacra_de_huascaran-1-300x198.jpg 300w, https:\/\/www.reveeveille.net\/lamontagnetranquille\/wp-content\/uploads\/2021\/11\/19850701_perou_70_huascaran_chacra_de_huascaran-1-1024x674.jpg 1024w, https:\/\/www.reveeveille.net\/lamontagnetranquille\/wp-content\/uploads\/2021\/11\/19850701_perou_70_huascaran_chacra_de_huascaran-1-768x506.jpg 768w, https:\/\/www.reveeveille.net\/lamontagnetranquille\/wp-content\/uploads\/2021\/11\/19850701_perou_70_huascaran_chacra_de_huascaran-1.jpg 1500w\" sizes=\"auto, (max-width: 300px) 100vw, 300px\" \/><\/a>\n<div class=\"pt-cv-content\">Pourquoi ais-je tant tard\u00e9 \u00e0 coucher ce voyage sur le papier ? Pourquoi cette boule au creux de l'estomac d\u00e8s que les souvenirs commencent \u00e0 affluer ? Rien de f\u00e2cheux ne nous est arriv\u00e9s. Nous avons atteint une bonne partie ...<br \/><div class=\"pt-cv-rmwrap\"><a href=\"https:\/\/www.reveeveille.net\/lamontagnetranquille\/drole-de-huascaran\/\" class=\"_self pt-cv-readmore btn btn-success\" target=\"_self\">Lire La Suite<\/a><\/div><\/div>\n<div class=\"pt-cv-meta-fields\"><span class=\"entry-date\"> <time datetime=\"2021-11-28T14:20:53+00:00\">novembre 28, 2021<\/time><\/span><span> \/ <\/span><span class=\"author\"> <a href=\"https:\/\/www.reveeveille.net\/lamontagnetranquille\/author\/mlemonni\/\" rel=\"author\">mlemonni<\/a><\/span><span> \/ <\/span><span class=\"terms\"> <a href='https:\/\/www.reveeveille.net\/lamontagnetranquille\/category\/massifs-et-sommets\/amerique-latine\/' title='Am\u00e9rique latine' class='pt-cv-tax-amerique-latine'>Am\u00e9rique latine<\/a>, <a href='https:\/\/www.reveeveille.net\/lamontagnetranquille\/category\/chroniques\/' title='Chroniques' class='pt-cv-tax-chroniques'>Chroniques<\/a>, <a href='https:\/\/www.reveeveille.net\/lamontagnetranquille\/category\/recits\/' title='R\u00e9cits' class='pt-cv-tax-recits'>R\u00e9cits<\/a><\/span><\/div>\t<\/div>\r\n<\/div><\/div>\n<div class=\"panel panel-default pt-cv-content-item pt-cv-2-col\" >\r\n<div class=\"panel-heading pt-cv-title\">\r\n    <a class=\"panel-title\" data-toggle=\"cvcollapse\" data-parent=\"#3376e28p2g\" data-target=\"#3977ef6t38\" href='https:\/\/www.reveeveille.net\/lamontagnetranquille\/huayna-potosi-cimetiere-des-illusions\/' onclick='event.preventDefault()'>\r\n\t\tHuayna Potosi, cimeti\u00e8re des illusions\t<\/a>\r\n\t<\/div>\r\n<div id=\"3977ef6t38\" class=\"panel-collapse collapse \">\r\n\t<div class=\"panel-body\">\r\n\t\t<a href=\"https:\/\/www.reveeveille.net\/lamontagnetranquille\/huayna-potosi-cimetiere-des-illusions\/\" class=\"_self pt-cv-href-thumbnail pt-cv-thumb-left\" target=\"_self\" ><img loading=\"lazy\" decoding=\"async\" width=\"300\" height=\"198\" src=\"https:\/\/www.reveeveille.net\/lamontagnetranquille\/wp-content\/uploads\/2021\/11\/19910601_huayna_potosi_04-300x198.jpg\" class=\"pt-cv-thumbnail pull-left\" alt=\"\" srcset=\"https:\/\/www.reveeveille.net\/lamontagnetranquille\/wp-content\/uploads\/2021\/11\/19910601_huayna_potosi_04-300x198.jpg 300w, https:\/\/www.reveeveille.net\/lamontagnetranquille\/wp-content\/uploads\/2021\/11\/19910601_huayna_potosi_04-1024x677.jpg 1024w, https:\/\/www.reveeveille.net\/lamontagnetranquille\/wp-content\/uploads\/2021\/11\/19910601_huayna_potosi_04-768x507.jpg 768w, https:\/\/www.reveeveille.net\/lamontagnetranquille\/wp-content\/uploads\/2021\/11\/19910601_huayna_potosi_04.jpg 1500w\" sizes=\"auto, (max-width: 300px) 100vw, 300px\" \/><\/a>\n<div class=\"pt-cv-content\">C'est une histoire qui date d\u00e9j\u00e0... pr\u00e8s de 15 ans se sont \u00e9coul\u00e9s depuis les journ\u00e9es que je raconte ici. Pour l'avoir maintes fois \u00e9prouv\u00e9, je sais que les images fortes qui me restent en m\u00e9moire ont sans doute \u00e9t\u00e9 ...<br \/><div class=\"pt-cv-rmwrap\"><a href=\"https:\/\/www.reveeveille.net\/lamontagnetranquille\/huayna-potosi-cimetiere-des-illusions\/\" class=\"_self pt-cv-readmore btn btn-success\" target=\"_self\">Lire La Suite<\/a><\/div><\/div>\n<div class=\"pt-cv-meta-fields\"><span class=\"entry-date\"> <time datetime=\"2021-11-28T14:19:53+00:00\">novembre 28, 2021<\/time><\/span><span> \/ <\/span><span class=\"author\"> <a href=\"https:\/\/www.reveeveille.net\/lamontagnetranquille\/author\/mlemonni\/\" rel=\"author\">mlemonni<\/a><\/span><span> \/ <\/span><span class=\"terms\"> <a href='https:\/\/www.reveeveille.net\/lamontagnetranquille\/category\/massifs-et-sommets\/amerique-latine\/' title='Am\u00e9rique latine' class='pt-cv-tax-amerique-latine'>Am\u00e9rique latine<\/a>, <a href='https:\/\/www.reveeveille.net\/lamontagnetranquille\/category\/chroniques\/' title='Chroniques' class='pt-cv-tax-chroniques'>Chroniques<\/a>, <a href='https:\/\/www.reveeveille.net\/lamontagnetranquille\/category\/recits\/' title='R\u00e9cits' class='pt-cv-tax-recits'>R\u00e9cits<\/a><\/span><\/div>\t<\/div>\r\n<\/div><\/div><\/div><\/div><\/div><\/div>\n\n\n\n<h2 class=\"wp-block-heading\">Ailleurs<\/h2>\n\n\n<div class=\"pt-cv-wrapper\"><div class=\"pt-cv-view pt-cv-collapsible\" id=\"pt-cv-view-a49ab7f573\"><div data-id=\"pt-cv-page-1\" class=\"pt-cv-page\" data-cvc=\"1\"><div class=\"panel-group\" id=\"c15ad03a6p\"><div class=\"panel panel-default pt-cv-content-item pt-cv-2-col\" >\r\n<div class=\"panel-heading pt-cv-title\">\r\n    <a class=\"panel-title\" data-toggle=\"cvcollapse\" data-parent=\"#c15ad03a6p\" data-target=\"#c036f7co5u\" href='https:\/\/www.reveeveille.net\/lamontagnetranquille\/la-cathedrale-de-rouen\/' onclick='event.preventDefault()'>\r\n\t\tLa cath\u00e9drale de Rouen\t<\/a>\r\n\t<\/div>\r\n<div id=\"c036f7co5u\" class=\"panel-collapse collapse \">\r\n\t<div class=\"panel-body\">\r\n\t\t<a href=\"https:\/\/www.reveeveille.net\/lamontagnetranquille\/la-cathedrale-de-rouen\/\" class=\"_self pt-cv-href-thumbnail pt-cv-thumb-left\" target=\"_self\" ><img loading=\"lazy\" decoding=\"async\" width=\"300\" height=\"200\" src=\"https:\/\/www.reveeveille.net\/lamontagnetranquille\/wp-content\/uploads\/2021\/11\/19840401_cathedrale_capsule-300x200.jpg\" class=\"pt-cv-thumbnail pull-left\" alt=\"\" srcset=\"https:\/\/www.reveeveille.net\/lamontagnetranquille\/wp-content\/uploads\/2021\/11\/19840401_cathedrale_capsule-300x200.jpg 300w, https:\/\/www.reveeveille.net\/lamontagnetranquille\/wp-content\/uploads\/2021\/11\/19840401_cathedrale_capsule-768x511.jpg 768w, https:\/\/www.reveeveille.net\/lamontagnetranquille\/wp-content\/uploads\/2021\/11\/19840401_cathedrale_capsule.jpg 1018w\" sizes=\"auto, (max-width: 300px) 100vw, 300px\" \/><\/a>\n<div class=\"pt-cv-content\">Mes ann\u00e9es universitaires \u00e0 Rouen m'ont permis de me lier d'amiti\u00e9 avec beaucoup de personnes qui sont aujourd'hui des amis ...<br \/><div class=\"pt-cv-rmwrap\"><a href=\"https:\/\/www.reveeveille.net\/lamontagnetranquille\/la-cathedrale-de-rouen\/\" class=\"_self pt-cv-readmore btn btn-success\" target=\"_self\">Lire La Suite<\/a><\/div><\/div>\n<div class=\"pt-cv-meta-fields\"><span class=\"entry-date\"> <time datetime=\"2021-11-28T16:58:34+00:00\">novembre 28, 2021<\/time><\/span><span> \/ <\/span><span class=\"author\"> <a href=\"https:\/\/www.reveeveille.net\/lamontagnetranquille\/author\/mlemonni\/\" rel=\"author\">mlemonni<\/a><\/span><span> \/ <\/span><span class=\"terms\"> <a href='https:\/\/www.reveeveille.net\/lamontagnetranquille\/category\/massifs-et-sommets\/ailleurs\/' title='Ailleurs' class='pt-cv-tax-ailleurs'>Ailleurs<\/a>, <a href='https:\/\/www.reveeveille.net\/lamontagnetranquille\/category\/recits\/' title='R\u00e9cits' class='pt-cv-tax-recits'>R\u00e9cits<\/a><\/span><\/div>\t<\/div>\r\n<\/div><\/div>\n<div class=\"panel panel-default pt-cv-content-item pt-cv-2-col\" >\r\n<div class=\"panel-heading pt-cv-title\">\r\n    <a class=\"panel-title\" data-toggle=\"cvcollapse\" data-parent=\"#c15ad03a6p\" data-target=\"#7b7a8dcags\" href='https:\/\/www.reveeveille.net\/lamontagnetranquille\/la-table-dorientation-de-laigoual\/' onclick='event.preventDefault()'>\r\n\t\tLa table d&rsquo;orientation de l&rsquo;Aigoual\t<\/a>\r\n\t<\/div>\r\n<div id=\"7b7a8dcags\" class=\"panel-collapse collapse \">\r\n\t<div class=\"panel-body\">\r\n\t\t<a href=\"https:\/\/www.reveeveille.net\/lamontagnetranquille\/la-table-dorientation-de-laigoual\/\" class=\"_self pt-cv-href-thumbnail pt-cv-thumb-left\" target=\"_self\" ><img loading=\"lazy\" decoding=\"async\" width=\"300\" height=\"200\" src=\"https:\/\/www.reveeveille.net\/lamontagnetranquille\/wp-content\/uploads\/2021\/11\/20111126_table_orientation_aigoual_02-300x200.jpg\" class=\"pt-cv-thumbnail pull-left\" alt=\"\" srcset=\"https:\/\/www.reveeveille.net\/lamontagnetranquille\/wp-content\/uploads\/2021\/11\/20111126_table_orientation_aigoual_02-300x200.jpg 300w, https:\/\/www.reveeveille.net\/lamontagnetranquille\/wp-content\/uploads\/2021\/11\/20111126_table_orientation_aigoual_02-1024x683.jpg 1024w, https:\/\/www.reveeveille.net\/lamontagnetranquille\/wp-content\/uploads\/2021\/11\/20111126_table_orientation_aigoual_02-768x512.jpg 768w, https:\/\/www.reveeveille.net\/lamontagnetranquille\/wp-content\/uploads\/2021\/11\/20111126_table_orientation_aigoual_02.jpg 1500w\" sizes=\"auto, (max-width: 300px) 100vw, 300px\" \/><\/a>\n<div class=\"pt-cv-content\">Au sommet de l'Aigoual, il y a un ch\u00e2teau. A l'angle de ce ch\u00e2teau il y a une tour. Trapue, ...<br \/><div class=\"pt-cv-rmwrap\"><a href=\"https:\/\/www.reveeveille.net\/lamontagnetranquille\/la-table-dorientation-de-laigoual\/\" class=\"_self pt-cv-readmore btn btn-success\" target=\"_self\">Lire La Suite<\/a><\/div><\/div>\n<div class=\"pt-cv-meta-fields\"><span class=\"entry-date\"> <time datetime=\"2021-11-28T16:00:28+00:00\">novembre 28, 2021<\/time><\/span><span> \/ <\/span><span class=\"author\"> <a href=\"https:\/\/www.reveeveille.net\/lamontagnetranquille\/author\/mlemonni\/\" rel=\"author\">mlemonni<\/a><\/span><span> \/ <\/span><span class=\"terms\"> <a href='https:\/\/www.reveeveille.net\/lamontagnetranquille\/category\/massifs-et-sommets\/ailleurs\/' title='Ailleurs' class='pt-cv-tax-ailleurs'>Ailleurs<\/a><\/span><\/div>\t<\/div>\r\n<\/div><\/div><\/div><\/div><\/div><\/div>\n","protected":false},"excerpt":{"rendered":"<p>Cette rubrique ne propose pas d&rsquo;information sp\u00e9cifique. Elle se contente de regrouper par massifs et sommets les articles publi\u00e9s dans les autres rubriques du site. Et d&rsquo;une certaine mani\u00e8re, elle&hellip; <\/p>\n","protected":false},"author":1,"featured_media":0,"parent":0,"menu_order":0,"comment_status":"closed","ping_status":"open","template":"","meta":{"footnotes":""},"class_list":["post-844","page","type-page","status-publish","hentry"],"_links":{"self":[{"href":"https:\/\/www.reveeveille.net\/lamontagnetranquille\/wp-json\/wp\/v2\/pages\/844","targetHints":{"allow":["GET"]}}],"collection":[{"href":"https:\/\/www.reveeveille.net\/lamontagnetranquille\/wp-json\/wp\/v2\/pages"}],"about":[{"href":"https:\/\/www.reveeveille.net\/lamontagnetranquille\/wp-json\/wp\/v2\/types\/page"}],"author":[{"embeddable":true,"href":"https:\/\/www.reveeveille.net\/lamontagnetranquille\/wp-json\/wp\/v2\/users\/1"}],"replies":[{"embeddable":true,"href":"https:\/\/www.reveeveille.net\/lamontagnetranquille\/wp-json\/wp\/v2\/comments?post=844"}],"version-history":[{"count":5,"href":"https:\/\/www.reveeveille.net\/lamontagnetranquille\/wp-json\/wp\/v2\/pages\/844\/revisions"}],"predecessor-version":[{"id":1283,"href":"https:\/\/www.reveeveille.net\/lamontagnetranquille\/wp-json\/wp\/v2\/pages\/844\/revisions\/1283"}],"wp:attachment":[{"href":"https:\/\/www.reveeveille.net\/lamontagnetranquille\/wp-json\/wp\/v2\/media?parent=844"}],"curies":[{"name":"wp","href":"https:\/\/api.w.org\/{rel}","templated":true}]}}