{"id":302,"date":"2022-10-07T16:53:54","date_gmt":"2022-10-07T14:53:54","guid":{"rendered":"http:\/\/www.reveeveille.net\/cevennevivante\/wordpress\/?page_id=302"},"modified":"2022-10-07T16:57:24","modified_gmt":"2022-10-07T14:57:24","slug":"grottes-et-avens","status":"publish","type":"page","link":"https:\/\/www.reveeveille.net\/cevennevivante\/grottes-et-avens\/","title":{"rendered":"Grottes et avens"},"content":{"rendered":"\n<p>Les grottes et le milieu souterrain occupent une place particuli\u00e8re dans la vie que je m\u00e8ne ici. Sans \u00eatre un sp\u00e9l\u00e9ologue assidu, j&rsquo;adore faire un tour dans celles qui se pr\u00e9sentent \u00e0 proximit\u00e9, que ce soient de belles cavit\u00e9s riches en concr\u00e9tion ou d&rsquo;inf\u00e2mes trous malpratiques et boueux. J&rsquo;aime autant gratter un peu pour d\u00e9nicher un boyau inconnu que visiter  les somptueuses cavit\u00e9s am\u00e9nag\u00e9es comme n&rsquo;importe quel touristes.<\/p>\n\n\n\n<p>Bien s\u00fbr, ce n&rsquo;est pas du c\u00f4t\u00e9 du schiste ni du granite qu&rsquo;il faut chercher. On est ici dans le calcaire des causses et nulle part ailleurs !<\/p>\n\n\n\n<p>Je n&rsquo;ai fait figurer dans ce site qu&rsquo;une partie des cavit\u00e9s que je connais, g\u00e9n\u00e9ralement les plus int\u00e9ressantes et faciles d&rsquo;acc\u00e8s pour un non sp\u00e9cialiste. Si vous \u00eates comme moi un farfouilleur et que vous aimez chercher, attendez quelques mois que je mette en ligne un inventaire plus exhaustif.<\/p>\n\n\n\n<p>Attention, beaucoup de grottes abritent des <a href=\"https:\/\/www.reveeveille.net\/candelhospitalet\/?p=2388\">chauves-souris<\/a>, il faut absolument \u00e9viter d&rsquo;y aller entre la fin de l&rsquo;automne et le d\u00e9but du printemps. Bonne exploration !<\/p>\n\n\n\n<iframe loading=\"lazy\" src=\"https:\/\/www.reveeveille.net\/geoportail\/cartepublique.aspx?idrubric=33\" width=\"100%\" height=\"400\"><\/iframe>\n\n\n<div class=\"pt-cv-wrapper\"><div class=\"pt-cv-view pt-cv-grid pt-cv-colsys\" id=\"pt-cv-view-f7580a0wry\"><div data-id=\"pt-cv-page-1\" class=\"pt-cv-page\" data-cvc=\"1\"><div class=\"col-md-12 col-sm-12 col-xs-12 pt-cv-content-item pt-cv-2-col\" ><div class='pt-cv-ifield'><a href=\"https:\/\/www.reveeveille.net\/cevennevivante\/laven-des-corneilles\/\" class=\"_self pt-cv-href-thumbnail pt-cv-thumb-left\" target=\"_self\" ><img loading=\"lazy\" decoding=\"async\" width=\"150\" height=\"150\" src=\"https:\/\/www.reveeveille.net\/cevennevivante\/wp-content\/uploads\/2021\/03\/20050327_aven_corneilles_rampe_acces-150x150.jpg\" class=\"pt-cv-thumbnail pull-left\" alt=\"\" \/><\/a>\n<h4 class=\"pt-cv-title\"><a href=\"https:\/\/www.reveeveille.net\/cevennevivante\/laven-des-corneilles\/\" class=\"_self\" target=\"_self\" >L&rsquo;aven des Corneilles<\/a><\/h4>\n<div class=\"pt-cv-content\">Pourquoi visiter l'aven des Corneilles, plut\u00f4t que l'aven Armand, son illustre voisin ? La question n'est pas anodine, car le ...<br \/><div class=\"pt-cv-rmwrap\"><a href=\"https:\/\/www.reveeveille.net\/cevennevivante\/laven-des-corneilles\/\" class=\"_self pt-cv-readmore btn btn-success\" target=\"_self\">Lire La Suite\u2026<\/a><\/div><\/div><\/div><\/div>\n<div class=\"col-md-12 col-sm-12 col-xs-12 pt-cv-content-item pt-cv-2-col\" ><div class='pt-cv-ifield'><a href=\"https:\/\/www.reveeveille.net\/cevennevivante\/les-deux-bramont-du-mont-lozere\/\" class=\"_self pt-cv-href-thumbnail pt-cv-thumb-left\" target=\"_self\" ><img loading=\"lazy\" decoding=\"async\" width=\"150\" height=\"150\" src=\"https:\/\/www.reveeveille.net\/cevennevivante\/wp-content\/uploads\/2024\/06\/20240411_cham_des_bomdons_barrandon_02-150x150.jpg\" class=\"pt-cv-thumbnail pull-left\" alt=\"\" \/><\/a>\n<h4 class=\"pt-cv-title\"><a href=\"https:\/\/www.reveeveille.net\/cevennevivante\/les-deux-bramont-du-mont-lozere\/\" class=\"_self\" target=\"_self\" >Imago S\u00e9koya \u00e0 Th\u00e9tys plage, ou les deux Bramont du Mont Loz\u00e8re<\/a><\/h4>\n<div class=\"pt-cv-content\">Certains lieux ne peuvent se suffire d'une seule histoire pour \u00eatre cont\u00e9s dans leur enti\u00e8ret\u00e9 et leur complexit\u00e9. C'est le ...<br \/><div class=\"pt-cv-rmwrap\"><a href=\"https:\/\/www.reveeveille.net\/cevennevivante\/les-deux-bramont-du-mont-lozere\/\" class=\"_self pt-cv-readmore btn btn-success\" target=\"_self\">Lire La Suite\u2026<\/a><\/div><\/div><\/div><\/div>\n<div class=\"col-md-12 col-sm-12 col-xs-12 pt-cv-content-item pt-cv-2-col\" ><div class='pt-cv-ifield'><a href=\"https:\/\/www.reveeveille.net\/cevennevivante\/la-grotte-de-malaval\/\" class=\"_self pt-cv-href-thumbnail pt-cv-thumb-left\" target=\"_self\" ><img loading=\"lazy\" decoding=\"async\" width=\"150\" height=\"150\" src=\"https:\/\/www.reveeveille.net\/cevennevivante\/wp-content\/uploads\/2021\/08\/20130105_autour_de_malaval_12-150x150.jpg\" class=\"pt-cv-thumbnail pull-left\" alt=\"\" \/><\/a>\n<h4 class=\"pt-cv-title\"><a href=\"https:\/\/www.reveeveille.net\/cevennevivante\/la-grotte-de-malaval\/\" class=\"_self\" target=\"_self\" >La grotte de Malaval<\/a><\/h4>\n<div class=\"pt-cv-content\">Le Mont Loz\u00e8re est un coquin. Ce massif cristallin, entretenant une secr\u00e8te alliance avec les causses, h\u00e9berge sur ses rebords ...<br \/><div class=\"pt-cv-rmwrap\"><a href=\"https:\/\/www.reveeveille.net\/cevennevivante\/la-grotte-de-malaval\/\" class=\"_self pt-cv-readmore btn btn-success\" target=\"_self\">Lire La Suite\u2026<\/a><\/div><\/div><\/div><\/div>\n<div class=\"col-md-12 col-sm-12 col-xs-12 pt-cv-content-item pt-cv-2-col\" ><div class='pt-cv-ifield'><a href=\"https:\/\/www.reveeveille.net\/cevennevivante\/nager-dans-le-bonheur-on-connait-la-chamson\/\" class=\"_self pt-cv-href-thumbnail pt-cv-thumb-left\" target=\"_self\" ><img loading=\"lazy\" decoding=\"async\" width=\"150\" height=\"150\" src=\"https:\/\/www.reveeveille.net\/cevennevivante\/wp-content\/uploads\/2023\/11\/Lauberge-de-labime-1-150x150.jpg\" class=\"pt-cv-thumbnail pull-left\" alt=\"\" \/><\/a>\n<h4 class=\"pt-cv-title\"><a href=\"https:\/\/www.reveeveille.net\/cevennevivante\/nager-dans-le-bonheur-on-connait-la-chamson\/\" class=\"_self\" target=\"_self\" >Nager dans le Bonheur ? On conna\u00eet la Chamson, pas de quoi se mettre Martel en t\u00eate !<\/a><\/h4>\n<div class=\"pt-cv-content\">Une travers\u00e9e historique, aquatique et litt\u00e9raire de la grotte de Bramabiau Ailleurs dans ce site il a d\u00e9j\u00e0 \u00e9t\u00e9 question ...<br \/><div class=\"pt-cv-rmwrap\"><a href=\"https:\/\/www.reveeveille.net\/cevennevivante\/nager-dans-le-bonheur-on-connait-la-chamson\/\" class=\"_self pt-cv-readmore btn btn-success\" target=\"_self\">Lire La Suite\u2026<\/a><\/div><\/div><\/div><\/div>\n<div class=\"col-md-12 col-sm-12 col-xs-12 pt-cv-content-item pt-cv-2-col\" ><div class='pt-cv-ifield'><a href=\"https:\/\/www.reveeveille.net\/cevennevivante\/la-grotte-de-cros-paillo\/\" class=\"_self pt-cv-href-thumbnail pt-cv-thumb-left\" target=\"_self\" ><img loading=\"lazy\" decoding=\"async\" width=\"150\" height=\"150\" src=\"https:\/\/www.reveeveille.net\/cevennevivante\/wp-content\/uploads\/2021\/08\/20040615_explo_grotte_avec_brunelle_bru_dans_salle_grotte-150x150.jpg\" class=\"pt-cv-thumbnail pull-left\" alt=\"\" \/><\/a>\n<h4 class=\"pt-cv-title\"><a href=\"https:\/\/www.reveeveille.net\/cevennevivante\/la-grotte-de-cros-paillo\/\" class=\"_self\" target=\"_self\" >La grotte de Cros &#8211; Paillo<\/a><\/h4>\n<div class=\"pt-cv-content\">Comment se font les choses... la premi\u00e8re fois que j'empruntais le chemin d'estive de Salgas, le hasard voulut qu'apr\u00e8s avoir ...<br \/><div class=\"pt-cv-rmwrap\"><a href=\"https:\/\/www.reveeveille.net\/cevennevivante\/la-grotte-de-cros-paillo\/\" class=\"_self pt-cv-readmore btn btn-success\" target=\"_self\">Lire La Suite\u2026<\/a><\/div><\/div><\/div><\/div>\n<div class=\"col-md-12 col-sm-12 col-xs-12 pt-cv-content-item pt-cv-2-col\" ><div class='pt-cv-ifield'><a href=\"https:\/\/www.reveeveille.net\/cevennevivante\/la-grotte-begue\/\" class=\"_self pt-cv-href-thumbnail pt-cv-thumb-left\" target=\"_self\" ><img loading=\"lazy\" decoding=\"async\" width=\"150\" height=\"150\" src=\"https:\/\/www.reveeveille.net\/cevennevivante\/wp-content\/uploads\/2022\/10\/20230719_vallon_et_grotte_du_begue_02-150x150.jpg\" class=\"pt-cv-thumbnail pull-left\" alt=\"\" \/><\/a>\n<h4 class=\"pt-cv-title\"><a href=\"https:\/\/www.reveeveille.net\/cevennevivante\/la-grotte-begue\/\" class=\"_self\" target=\"_self\" >La grotte b\u00e8gue<\/a><\/h4>\n<div class=\"pt-cv-content\">Cette grotte-ci b\u00e9gaye. Le long du chemin d'estive de Racoules, elle nous montre successivement deux ouvertures. La premi\u00e8re est faussement ...<br \/><div class=\"pt-cv-rmwrap\"><a href=\"https:\/\/www.reveeveille.net\/cevennevivante\/la-grotte-begue\/\" class=\"_self pt-cv-readmore btn btn-success\" target=\"_self\">Lire La Suite\u2026<\/a><\/div><\/div><\/div><\/div>\n<div class=\"col-md-12 col-sm-12 col-xs-12 pt-cv-content-item pt-cv-2-col\" ><div class='pt-cv-ifield'><a href=\"https:\/\/www.reveeveille.net\/cevennevivante\/les-baumes-chaudes\/\" class=\"_self pt-cv-href-thumbnail pt-cv-thumb-left\" target=\"_self\" ><img loading=\"lazy\" decoding=\"async\" width=\"150\" height=\"150\" src=\"https:\/\/www.reveeveille.net\/cevennevivante\/wp-content\/uploads\/2021\/08\/20080417_baumes_chaudes_02-150x150.jpg\" class=\"pt-cv-thumbnail pull-left\" alt=\"\" \/><\/a>\n<h4 class=\"pt-cv-title\"><a href=\"https:\/\/www.reveeveille.net\/cevennevivante\/les-baumes-chaudes\/\" class=\"_self\" target=\"_self\" >Les baumes chaudes<\/a><\/h4>\n<div class=\"pt-cv-content\">La grotte des baumes chaudes est un endroit \u00e9tonnant. Dans cette grotte facile d'acc\u00e8s, situ\u00e9e sous le rebord sud du ...<br \/><div class=\"pt-cv-rmwrap\"><a href=\"https:\/\/www.reveeveille.net\/cevennevivante\/les-baumes-chaudes\/\" class=\"_self pt-cv-readmore btn btn-success\" target=\"_self\">Lire La Suite\u2026<\/a><\/div><\/div><\/div><\/div>\n<div class=\"col-md-12 col-sm-12 col-xs-12 pt-cv-content-item pt-cv-2-col\" ><div class='pt-cv-ifield'><a href=\"https:\/\/www.reveeveille.net\/cevennevivante\/au-fil-du-bonheur\/\" class=\"_self pt-cv-href-thumbnail pt-cv-thumb-left\" target=\"_self\" ><img loading=\"lazy\" decoding=\"async\" width=\"150\" height=\"150\" src=\"https:\/\/www.reveeveille.net\/cevennevivante\/wp-content\/uploads\/2021\/08\/20130807_dans_bramabiau_03-150x150.jpg\" class=\"pt-cv-thumbnail pull-left\" alt=\"\" \/><\/a>\n<h4 class=\"pt-cv-title\"><a href=\"https:\/\/www.reveeveille.net\/cevennevivante\/au-fil-du-bonheur\/\" class=\"_self\" target=\"_self\" >Au fil du Bonheur<\/a><\/h4>\n<div class=\"pt-cv-content\">Tous les jeux de mot possibles ont \u00e9t\u00e9 faits sur le Bonheur, cette rivi\u00e8re qui prend source pr\u00e8s du col ...<br \/><div class=\"pt-cv-rmwrap\"><a href=\"https:\/\/www.reveeveille.net\/cevennevivante\/au-fil-du-bonheur\/\" class=\"_self pt-cv-readmore btn btn-success\" target=\"_self\">Lire La Suite\u2026<\/a><\/div><\/div><\/div><\/div>\n<div class=\"col-md-12 col-sm-12 col-xs-12 pt-cv-content-item pt-cv-2-col\" ><div class='pt-cv-ifield'><a href=\"https:\/\/www.reveeveille.net\/cevennevivante\/le-castor-speleologue\/\" class=\"_self pt-cv-href-thumbnail pt-cv-thumb-left\" target=\"_self\" ><img loading=\"lazy\" decoding=\"async\" width=\"150\" height=\"150\" src=\"https:\/\/www.reveeveille.net\/cevennevivante\/wp-content\/uploads\/2021\/04\/20090925_tartabisac_13-150x150.jpg\" class=\"pt-cv-thumbnail pull-left\" alt=\"\" \/><\/a>\n<h4 class=\"pt-cv-title\"><a href=\"https:\/\/www.reveeveille.net\/cevennevivante\/le-castor-speleologue\/\" class=\"_self\" target=\"_self\" >Le castor sp\u00e9l\u00e9ologue<\/a><\/h4>\n<div class=\"pt-cv-content\">Un jour, mon sp\u00e9l\u00e9ologue de voisin Bertrand me pr\u00eate un topo des cavernes loz\u00e9riennes. J'adore feuilleter ce genre d'ouvrages compilant ...<br \/><div class=\"pt-cv-rmwrap\"><a href=\"https:\/\/www.reveeveille.net\/cevennevivante\/le-castor-speleologue\/\" class=\"_self pt-cv-readmore btn btn-success\" target=\"_self\">Lire La Suite\u2026<\/a><\/div><\/div><\/div><\/div>\n<div class=\"col-md-12 col-sm-12 col-xs-12 pt-cv-content-item pt-cv-2-col\" ><div class='pt-cv-ifield'><a href=\"https:\/\/www.reveeveille.net\/cevennevivante\/plongee-a-baume-dolente\/\" class=\"_self pt-cv-href-thumbnail pt-cv-thumb-left\" target=\"_self\" ><img loading=\"lazy\" decoding=\"async\" width=\"150\" height=\"150\" src=\"https:\/\/www.reveeveille.net\/cevennevivante\/wp-content\/uploads\/2021\/02\/20070217_plongee_baume_dolente_au_tour_du_second-150x150.jpg\" class=\"pt-cv-thumbnail pull-left\" alt=\"\" \/><\/a>\n<h4 class=\"pt-cv-title\"><a href=\"https:\/\/www.reveeveille.net\/cevennevivante\/plongee-a-baume-dolente\/\" class=\"_self\" target=\"_self\" >Plong\u00e9e souterraine \u00e0 Baume Dolente<\/a><\/h4>\n<div class=\"pt-cv-content\">Baume Dolente est une grotte situ\u00e9e dans la vall\u00e9e du Tarnon. Son large porche, abrit\u00e9 des regards par un dense ...<br \/><div class=\"pt-cv-rmwrap\"><a href=\"https:\/\/www.reveeveille.net\/cevennevivante\/plongee-a-baume-dolente\/\" class=\"_self pt-cv-readmore btn btn-success\" target=\"_self\">Lire La Suite\u2026<\/a><\/div><\/div><\/div><\/div>\n<div class=\"col-md-12 col-sm-12 col-xs-12 pt-cv-content-item pt-cv-2-col\" ><div class='pt-cv-ifield'><a href=\"https:\/\/www.reveeveille.net\/cevennevivante\/la-balme-de-fraissinet-de-fourques\/\" class=\"_self pt-cv-href-thumbnail pt-cv-thumb-left\" target=\"_self\" ><img loading=\"lazy\" decoding=\"async\" width=\"150\" height=\"150\" src=\"https:\/\/www.reveeveille.net\/cevennevivante\/wp-content\/uploads\/2021\/08\/20110613_balme_de_fraissinet_patrick_clotilde_claire_01-150x150.jpg\" class=\"pt-cv-thumbnail pull-left\" alt=\"\" \/><\/a>\n<h4 class=\"pt-cv-title\"><a href=\"https:\/\/www.reveeveille.net\/cevennevivante\/la-balme-de-fraissinet-de-fourques\/\" class=\"_self\" target=\"_self\" >La balme de Fraissinet de Fourques<\/a><\/h4>\n<div class=\"pt-cv-content\">Vous cherchez un endroit qui serait \u00e0 la fois intime, chaleureux, intrigant, et grandiose \u00e0 la fois ? Je pense ...<br \/><div class=\"pt-cv-rmwrap\"><a href=\"https:\/\/www.reveeveille.net\/cevennevivante\/la-balme-de-fraissinet-de-fourques\/\" class=\"_self pt-cv-readmore btn btn-success\" target=\"_self\">Lire La Suite\u2026<\/a><\/div><\/div><\/div><\/div>\n<div class=\"col-md-12 col-sm-12 col-xs-12 pt-cv-content-item pt-cv-2-col\" ><div class='pt-cv-ifield'><a href=\"https:\/\/www.reveeveille.net\/cevennevivante\/baume-dolente\/\" class=\"_self pt-cv-href-thumbnail pt-cv-thumb-left\" target=\"_self\" ><img loading=\"lazy\" decoding=\"async\" width=\"150\" height=\"150\" src=\"https:\/\/www.reveeveille.net\/cevennevivante\/wp-content\/uploads\/2021\/02\/20050210_baume_dolente_sophie_entre_dans_grotte-150x150.jpg\" class=\"pt-cv-thumbnail pull-left\" alt=\"\" \/><\/a>\n<h4 class=\"pt-cv-title\"><a href=\"https:\/\/www.reveeveille.net\/cevennevivante\/baume-dolente\/\" class=\"_self\" target=\"_self\" >Baume dolente<\/a><\/h4>\n<div class=\"pt-cv-content\">Voir aussi l'itin\u00e9raire de balade \"Les \u00e9tranges grottes de la can de l'Hospitalet\" Il est des lieux qu'au premier regard ...<br \/><div class=\"pt-cv-rmwrap\"><a href=\"https:\/\/www.reveeveille.net\/cevennevivante\/baume-dolente\/\" class=\"_self pt-cv-readmore btn btn-success\" target=\"_self\">Lire La Suite\u2026<\/a><\/div><\/div><\/div><\/div>\n<div class=\"col-md-12 col-sm-12 col-xs-12 pt-cv-content-item pt-cv-2-col\" ><div class='pt-cv-ifield'><a href=\"https:\/\/www.reveeveille.net\/cevennevivante\/la-grotte-de-nabrigas\/\" class=\"_self pt-cv-href-thumbnail pt-cv-thumb-left\" target=\"_self\" ><img loading=\"lazy\" decoding=\"async\" width=\"150\" height=\"150\" src=\"https:\/\/www.reveeveille.net\/cevennevivante\/wp-content\/uploads\/2021\/08\/20140220_nabrigas_01-150x150.jpg\" class=\"pt-cv-thumbnail pull-left\" alt=\"\" \/><\/a>\n<h4 class=\"pt-cv-title\"><a href=\"https:\/\/www.reveeveille.net\/cevennevivante\/la-grotte-de-nabrigas\/\" class=\"_self\" target=\"_self\" >La grotte de Nabrigas<\/a><\/h4>\n<div class=\"pt-cv-content\">La grotte de Nabrigas est une petite perle pos\u00e9e sur le rebord sud du Causse M\u00e9jean, au dessus des gorges ...<br \/><div class=\"pt-cv-rmwrap\"><a href=\"https:\/\/www.reveeveille.net\/cevennevivante\/la-grotte-de-nabrigas\/\" class=\"_self pt-cv-readmore btn btn-success\" target=\"_self\">Lire La Suite\u2026<\/a><\/div><\/div><\/div><\/div>\n<div class=\"col-md-12 col-sm-12 col-xs-12 pt-cv-content-item pt-cv-2-col\" ><div class='pt-cv-ifield'><a href=\"https:\/\/www.reveeveille.net\/cevennevivante\/lhabitat-prehistorique-de-laven-des-corneilles\/\" class=\"_self pt-cv-href-thumbnail pt-cv-thumb-left\" target=\"_self\" ><img loading=\"lazy\" decoding=\"async\" width=\"150\" height=\"150\" src=\"https:\/\/www.reveeveille.net\/cevennevivante\/wp-content\/uploads\/2021\/03\/19000101_site_cevennes_abri_aven_corneilles-150x150.jpg\" class=\"pt-cv-thumbnail pull-left\" alt=\"\" \/><\/a>\n<h4 class=\"pt-cv-title\"><a href=\"https:\/\/www.reveeveille.net\/cevennevivante\/lhabitat-prehistorique-de-laven-des-corneilles\/\" class=\"_self\" target=\"_self\" >L&rsquo;habitat pr\u00e9historique de l&rsquo;aven des Corneilles<\/a><\/h4>\n<div class=\"pt-cv-content\">L'habitat pr\u00e9historique de l'aven des Corneilles est situ\u00e9 \u00e0 une quinzaine de m\u00e8tres sous la surface du sol. Pour l'atteindre ...<br \/><div class=\"pt-cv-rmwrap\"><a href=\"https:\/\/www.reveeveille.net\/cevennevivante\/lhabitat-prehistorique-de-laven-des-corneilles\/\" class=\"_self pt-cv-readmore btn btn-success\" target=\"_self\">Lire La Suite\u2026<\/a><\/div><\/div><\/div><\/div><\/div><\/div><\/div>\n","protected":false},"excerpt":{"rendered":"<p>Les grottes et le milieu souterrain occupent une place particuli\u00e8re dans la vie que je m\u00e8ne ici. Sans \u00eatre un sp\u00e9l\u00e9ologue assidu, j&rsquo;adore faire un tour dans celles qui se&hellip; <\/p>\n","protected":false},"author":3,"featured_media":0,"parent":0,"menu_order":0,"comment_status":"closed","ping_status":"closed","template":"","meta":{"footnotes":""},"class_list":["post-302","page","type-page","status-publish","hentry"],"jetpack_sharing_enabled":true,"_links":{"self":[{"href":"https:\/\/www.reveeveille.net\/cevennevivante\/wp-json\/wp\/v2\/pages\/302","targetHints":{"allow":["GET"]}}],"collection":[{"href":"https:\/\/www.reveeveille.net\/cevennevivante\/wp-json\/wp\/v2\/pages"}],"about":[{"href":"https:\/\/www.reveeveille.net\/cevennevivante\/wp-json\/wp\/v2\/types\/page"}],"author":[{"embeddable":true,"href":"https:\/\/www.reveeveille.net\/cevennevivante\/wp-json\/wp\/v2\/users\/3"}],"replies":[{"embeddable":true,"href":"https:\/\/www.reveeveille.net\/cevennevivante\/wp-json\/wp\/v2\/comments?post=302"}],"version-history":[{"count":6,"href":"https:\/\/www.reveeveille.net\/cevennevivante\/wp-json\/wp\/v2\/pages\/302\/revisions"}],"predecessor-version":[{"id":2090,"href":"https:\/\/www.reveeveille.net\/cevennevivante\/wp-json\/wp\/v2\/pages\/302\/revisions\/2090"}],"wp:attachment":[{"href":"https:\/\/www.reveeveille.net\/cevennevivante\/wp-json\/wp\/v2\/media?parent=302"}],"curies":[{"name":"wp","href":"https:\/\/api.w.org\/{rel}","templated":true}]}}