{"id":2709,"date":"2024-04-30T15:19:39","date_gmt":"2024-04-30T13:19:39","guid":{"rendered":"https:\/\/www.reveeveille.net\/cevennevivante\/?page_id=2709"},"modified":"2024-04-30T15:26:20","modified_gmt":"2024-04-30T13:26:20","slug":"blog","status":"publish","type":"page","link":"https:\/\/www.reveeveille.net\/cevennevivante\/blog\/","title":{"rendered":"Blog"},"content":{"rendered":"<ul class=\"wp-block-latest-posts__list has-dates wp-block-latest-posts\"><li><a class=\"wp-block-latest-posts__post-title\" href=\"https:\/\/www.reveeveille.net\/cevennevivante\/malaval-la-mauvaise-vallee\/\">Malaval, la mauvaise vall\u00e9e<\/a><time datetime=\"2026-04-03T10:20:42+02:00\" class=\"wp-block-latest-posts__post-date\">3 avril 2026<\/time><div class=\"wp-block-latest-posts__post-excerpt\">Malaval, la mauvaise vall\u00e9e&#8230; Malbosc : la mauvaise for\u00eat&#8230; Malapertus : le mauvais passage&#8230; Qu&rsquo;a donc fait ce vallon au bon dieu pour m\u00e9riter de telles appellations. Certes, l&rsquo;endroit est truff\u00e9 d&rsquo;\u00e9tranget\u00e9s. Mais elles m&rsquo;ont plut\u00f4t sembl\u00e9 \u00e9mettre de bonnes vibrations, et de cette randonn\u00e9e en boucle on revient charg\u00e9s d&rsquo;images merveilleuses. Dans les pentes&hellip; <\/div><\/li>\n<li><a class=\"wp-block-latest-posts__post-title\" href=\"https:\/\/www.reveeveille.net\/cevennevivante\/ruines-cevenoles\/\">Ruines populaires<\/a><time datetime=\"2025-04-28T21:03:26+02:00\" class=\"wp-block-latest-posts__post-date\">28 avril 2025<\/time><div class=\"wp-block-latest-posts__post-excerpt\">Sans cesse, au cours de nos balades, elles apparaissent au d\u00e9tour du chemin. Les C\u00e9vennes en sont pleines. Riches, oserais-je dire. Car si elles r\u00e9sultent d&rsquo;une d\u00e9ch\u00e9ance, d&rsquo;une disparition, elles sont aussi les t\u00e9moins, presque vivants, de ce qui a \u00e9t\u00e9. En tant que telles, elles font partie du patrimoine local, d&rsquo;une autre mani\u00e8re qu&rsquo;un&hellip; <\/div><\/li>\n<li><a class=\"wp-block-latest-posts__post-title\" href=\"https:\/\/www.reveeveille.net\/cevennevivante\/art-brut-land-art-comment-dire\/\">Art brut, land-art, comment dire ?<\/a><time datetime=\"2025-03-08T11:13:29+01:00\" class=\"wp-block-latest-posts__post-date\">8 mars 2025<\/time><div class=\"wp-block-latest-posts__post-excerpt\">Les C\u00e9vennes inspirent presque tout le monde. Mais, peut-\u00eatre, particuli\u00e8rement les artistes. Il n&rsquo;est pas rare de croiser, loin de tout chemin, une oeuvre, p\u00e9renne ou temporaire, que personne ne peut voir \u00e0 part d&rsquo;\u00e9ventuels baroudeurs comme vous et moi qui les d\u00e9couvrons par hasard. Certaines n&rsquo;ont n\u00e9cessit\u00e9 qu&rsquo;un geste, d&rsquo;autres repr\u00e9sentent des heures, des&hellip; <\/div><\/li>\n<li><a class=\"wp-block-latest-posts__post-title\" href=\"https:\/\/www.reveeveille.net\/cevennevivante\/les-sites-de-transformation-du-plomb-argentifere-sur-le-mont-lozere\/\">L&rsquo;industrie du plomb sur le Mont-Loz\u00e8re \u00e0 l&rsquo;\u00e9poque m\u00e9di\u00e9vale<\/a><time datetime=\"2025-03-08T10:42:27+01:00\" class=\"wp-block-latest-posts__post-date\">8 mars 2025<\/time><div class=\"wp-block-latest-posts__post-excerpt\">Si vous partez balader sur les hauteurs occidentales du Mont-Loz\u00e8re, et que d&rsquo;aventure vous sortez du sentier pour p\u00e9n\u00e9trer dans la for\u00eats \u00e0 la recherche de champignons (ou pour y d\u00e9poser une offrande personnelle), vous tomberez peut-\u00eatre d&rsquo;\u00e9tranges clairi\u00e8res min\u00e9rales, exemptes de toute v\u00e9g\u00e9tation, mises \u00e0 part quelques plantes rases malingres et d\u00e9ss\u00e9ch\u00e9es. Ne vous&hellip; <\/div><\/li>\n<li><a class=\"wp-block-latest-posts__post-title\" href=\"https:\/\/www.reveeveille.net\/cevennevivante\/raioulets-bal-du-mois-et-autre-cinquante-ans-de-danse-trad-en-sud-lozere\/\">T\u00e9tras-Lyre, les Ra\u00efoulets et le Bal du Mois : cinquante ans de danse trad en sud-Loz\u00e8re<\/a><time datetime=\"2025-03-02T17:00:01+01:00\" class=\"wp-block-latest-posts__post-date\">2 mars 2025<\/time><div class=\"wp-block-latest-posts__post-excerpt\">En 1967, lorsque Marie Lagrave rentre de deux d\u00e9cennies d&rsquo;aventures africaines (histoire passionnante, que je vous raconte ici) pour s&rsquo;installer \u00e0 Florac avec sa famille, elle est surprise. Dans le nord de la Loz\u00e8re, d&rsquo;o\u00f9 elle est originaire, les danses traditionnelles sont rest\u00e9es vivaces, avec des bals r\u00e9guliers et fr\u00e9quent\u00e9s. Il n&rsquo;en est pas de&hellip; <\/div><\/li>\n<li><a class=\"wp-block-latest-posts__post-title\" href=\"https:\/\/www.reveeveille.net\/cevennevivante\/les-bartas-cevenols\/\">Le \u00ab\u00a0bartas\u00a0\u00bb c\u00e9venol<\/a><time datetime=\"2025-03-02T16:08:18+01:00\" class=\"wp-block-latest-posts__post-date\">2 mars 2025<\/time><div class=\"wp-block-latest-posts__post-excerpt\">Si comme moi vous \u00eates amateur.ice de balades dans la nature c\u00e9venole, vous serez forc\u00e9ment confront\u00e9.e au \u00ab\u00a0Bartas\u00a0\u00bb. Ce terme, \u00e0 ma connaissance toujours employ\u00e9 au singulier, d\u00e9rive de l&rsquo;occitan barta, qui d\u00e9signe une zone de buissons ou de broussailles. Pourquoi les c\u00e9venols utilisent-ils un mot sp\u00e9cial pour d\u00e9signer ce qui existe partout, au fonds&hellip; <\/div><\/li>\n<li><a class=\"wp-block-latest-posts__post-title\" href=\"https:\/\/www.reveeveille.net\/cevennevivante\/pistes\/\">Pistes<\/a><time datetime=\"2025-01-17T10:49:56+01:00\" class=\"wp-block-latest-posts__post-date\">17 janvier 2025<\/time><div class=\"wp-block-latest-posts__post-excerpt\">Au citadin, les pistes apparaissent g\u00e9n\u00e9ralement comme des lieux inqui\u00e9tants. On ne s&rsquo;y aventure que rarement, \u00e0 l&rsquo;occasion de vacances \u00e0 la campagne, en ayant l&rsquo;impression de vivre, justement, une aventure extraordinaire. Il en va tout autrement lorsque l&rsquo;on habite en milieu rural. Ces itin\u00e9raires capricieux et al\u00e9atoires constituent les acc\u00e8s uniques d&rsquo;une partie des&hellip; <\/div><\/li>\n<li><a class=\"wp-block-latest-posts__post-title\" href=\"https:\/\/www.reveeveille.net\/cevennevivante\/laven-des-corneilles\/\">L&rsquo;aven des Corneilles<\/a><time datetime=\"2024-10-24T17:02:35+02:00\" class=\"wp-block-latest-posts__post-date\">24 octobre 2024<\/time><div class=\"wp-block-latest-posts__post-excerpt\">Pourquoi visiter l&rsquo;aven des Corneilles, plut\u00f4t que l&rsquo;aven Armand, son illustre voisin ? La question n&rsquo;est pas anodine, car le grand fr\u00e8re Armand a de quoi s\u00e9duire avec ses stalagmites en choux-fleurs, son funiculaire absolument pratique, son d\u00e9couvreur illustre et pilier de la sp\u00e9l\u00e9ologie moderne, sa salle aux dimensions tr\u00e8s v\u00e9n\u00e9rables, ses touristes nombreux et&hellip; <\/div><\/li>\n<li><a class=\"wp-block-latest-posts__post-title\" href=\"https:\/\/www.reveeveille.net\/cevennevivante\/les-deux-bramont-du-mont-lozere\/\">Imago S\u00e9koya \u00e0 Th\u00e9tys plage, ou les deux Bramont du Mont Loz\u00e8re<\/a><time datetime=\"2024-10-12T18:11:25+02:00\" class=\"wp-block-latest-posts__post-date\">12 octobre 2024<\/time><div class=\"wp-block-latest-posts__post-excerpt\">Certains lieux ne peuvent se suffire d&rsquo;une seule histoire pour \u00eatre cont\u00e9s dans leur enti\u00e8ret\u00e9 et leur complexit\u00e9. C&rsquo;est le cas ici, au confins de la cham des Bondons et des granites du Mont Loz\u00e8re. Sans doute avez-vous d\u00e9j\u00e0 entendu parler du champ de menhirs, le plus dense de France apr\u00e8s Carnac para\u00eet-il. Voil\u00e0 certes&hellip; <\/div><\/li>\n<li><a class=\"wp-block-latest-posts__post-title\" href=\"https:\/\/www.reveeveille.net\/cevennevivante\/journal-dune-decouverte-paleontologique\/\">Nouvelles empreintes de dinosaures \u00e0 Saint-Laurent-de-Tr\u00e8ves : journal d&rsquo;une d\u00e9couverte pal\u00e9ontologique<\/a><time datetime=\"2024-10-06T09:51:41+02:00\" class=\"wp-block-latest-posts__post-date\">6 octobre 2024<\/time><div class=\"wp-block-latest-posts__post-excerpt\">Mai 2023 Les champignons, \u00e7a m\u00e8ne \u00e0 tout. Ecoutez plut\u00f4t. Ce jour l\u00e0, quelque part sur le plateau qui domine Saint-Laurent-de-Tr\u00e8ves, Sophie \u00e9tait comme \u00e0 son habitude en chasse autour de ronds de sorci\u00e8re h\u00e9bergeant parfois des Mousserons de la Saint-Georges. Peu concern\u00e9 par cette qu\u00eate, je baguenaudais dans les travers, suivant une trajectoire erratique&hellip; <\/div><\/li>\n<li><a class=\"wp-block-latest-posts__post-title\" href=\"https:\/\/www.reveeveille.net\/cevennevivante\/venir-vivre-en-cevennes\/\">Venir vivre en C\u00e9vennes<\/a><time datetime=\"2024-10-02T20:33:29+02:00\" class=\"wp-block-latest-posts__post-date\">2 octobre 2024<\/time><div class=\"wp-block-latest-posts__post-excerpt\">Je re\u00e7ois r\u00e9guli\u00e8rement des messages de personnes qui r\u00eavent de vivre en C\u00e9vennes. La tendance s&rsquo;est accentu\u00e9e pendant la p\u00e9riode de covid, mais elle \u00e9tait sensible depuis longtemps, d\u00e9j\u00e0. Ce sont souvent des citadins, pris dans une vie trop rapide, trop stress\u00e9e, ou dont ils ne voient plus le sens. Ils r\u00eavent de tout plaquer,&hellip; <\/div><\/li>\n<li><a class=\"wp-block-latest-posts__post-title\" href=\"https:\/\/www.reveeveille.net\/cevennevivante\/mitterrand-et-les-cevennes\/\">Mitterrand et les C\u00e9vennes<\/a><time datetime=\"2024-09-27T15:32:36+02:00\" class=\"wp-block-latest-posts__post-date\">27 septembre 2024<\/time><div class=\"wp-block-latest-posts__post-excerpt\">\u00ab\u00a0La chute lente du Ventoux sur la plaine de Carpentras,la t\u00eate ronde du Beuvray, la Loire laqu\u00e9e de Saint Beno\u00eet, la roche de Solutr\u00e9,la solitude de l&rsquo;Aigoualsont pour moi des points de rep\u00e8re plus importants que la date des \u00e9lections l\u00e9gislatives\u00a0\u00bb \u00ab\u00a0Ma part de v\u00e9rit\u00e9\u00a0\u00bb, Fran\u00e7ois Mitterrand, 1969 En 2002, je d\u00e9couvrais, suspendue sans fa\u00e7on&hellip; <\/div><\/li>\n<li><a class=\"wp-block-latest-posts__post-title\" href=\"https:\/\/www.reveeveille.net\/cevennevivante\/grallator-giganticus-le-plus-grand-dinosaure-de-lunivers-connu\/\">Grallator giganticus, le plus grand dinosaure de l&rsquo;univers connu. Les C\u00e9vennes, terre de tous les records !<\/a><time datetime=\"2024-09-27T12:16:17+02:00\" class=\"wp-block-latest-posts__post-date\">27 septembre 2024<\/time><div class=\"wp-block-latest-posts__post-excerpt\">Une nouvelle esp\u00e8ce de dinosaures a \u00e9t\u00e9 d\u00e9couverte en Loz\u00e8re, et pas de moindres puisqu&rsquo;il s&rsquo;agit tout simplement de la plus grosse esp\u00e8ce du Monde, et m\u00eame de tout l&rsquo;univers connu, tr\u00e8s loin devant les diplodocus. Cette d\u00e9couverte magnifique est une fois de plus \u00e0 attribuer \u00e0 l&rsquo;infatigable chercheur c\u00e9venol ind\u00e9pendant M.L., qui avait d\u00e9ja&hellip; <\/div><\/li>\n<li><a class=\"wp-block-latest-posts__post-title\" href=\"https:\/\/www.reveeveille.net\/cevennevivante\/le-berger-qui-aimait-les-loups\/\">Le berger qui aimait les loups mais pas la guerre<\/a><time datetime=\"2024-09-02T10:59:18+02:00\" class=\"wp-block-latest-posts__post-date\">2 septembre 2024<\/time><div class=\"wp-block-latest-posts__post-excerpt\">L&rsquo;homme dont je vais vous parler n&rsquo;est plus de ce monde. Je pr\u00e9f\u00e8re vous le dire tout de suite, pour que vous ne soyez pas trop triste \u00e0 la fin de votre lecture. Mais r\u00e9jouissez-vous aussi : son simple souvenir redonne espoir dans l&rsquo;esp\u00e8ce humaine. Les premi\u00e8res fois, nous sommes pass\u00e9s sans le voir, depuis&hellip; <\/div><\/li>\n<li><a class=\"wp-block-latest-posts__post-title\" href=\"https:\/\/www.reveeveille.net\/cevennevivante\/legendes-rurales\/\">L\u00e9gendes rurales de Loz\u00e8re<\/a><time datetime=\"2024-08-15T17:29:11+02:00\" class=\"wp-block-latest-posts__post-date\">15 ao\u00fbt 2024<\/time><div class=\"wp-block-latest-posts__post-excerpt\">Il y a bien longtemps j\u2019appris que la Loz\u00e8re \u00e9tait le d\u00e9partement \u00e0 l\u2019altitude moyenne la plus \u00e9lev\u00e9e de France. A l&rsquo;\u00e9poque, cette information me ravit. Moi qui suis un fan d&rsquo;alpinisme et fr\u00e9quente assid\u00fbment les sommets les plus \u00e9lev\u00e9s de France et d&rsquo;ailleurs, j&rsquo;\u00e9prouvai une sorte de jouissance \u00e0 l&rsquo;id\u00e9e que l&rsquo;endroit o\u00f9 je&hellip; <\/div><\/li>\n<li><a class=\"wp-block-latest-posts__post-title\" href=\"https:\/\/www.reveeveille.net\/cevennevivante\/le-tour-de-la-tourbiere-des-sagnes\/\">Le tour de la tourbi\u00e8re des Sagnes et du peschio<\/a><time datetime=\"2024-07-25T10:44:55+02:00\" class=\"wp-block-latest-posts__post-date\">25 juillet 2024<\/time><div class=\"wp-block-latest-posts__post-excerpt\">Le secteur du Mont Loz\u00e8re o\u00f9 se situe cette balade est l&rsquo;un des plus fr\u00e9quent\u00e9s du massif, et pour cause : l&rsquo;\u00e9tang de Barrandon, am\u00e9nag\u00e9 pour la p\u00eache de loisir, attire beaucoup de familles en recherche d&rsquo;une sortie facile et ludique. J&rsquo;y suis souvent venu avec mes propres enfants, et c&rsquo;est vrai qu&rsquo;il est plaisant&hellip; <\/div><\/li>\n<li><a class=\"wp-block-latest-posts__post-title\" href=\"https:\/\/www.reveeveille.net\/cevennevivante\/allegre-et-mariette-ou-les-puechs-des-bondons\/\">All\u00e8gre et Mariette, ou les puechs des Bondons<\/a><time datetime=\"2024-07-22T14:43:35+02:00\" class=\"wp-block-latest-posts__post-date\">22 juillet 2024<\/time><div class=\"wp-block-latest-posts__post-excerpt\">A la frange de cet univers de granite qu&rsquo;est l&rsquo;immense \u00e9paule du Mont Loz\u00e8re, survit un \u00e9parpillement de crottes de calcaire, autrefois rattach\u00e9es aux causses g\u00e9ants tout proches, rescap\u00e9es de la fabuleuse \u00e9rosion qui r\u00e8gne ici depuis toujours. Les plus c\u00e9l\u00e8bres et remarquables d&rsquo;entre ces vestiges du temps o\u00f9 la mer recouvrait tout ici sont&hellip; <\/div><\/li>\n<li><a class=\"wp-block-latest-posts__post-title\" href=\"https:\/\/www.reveeveille.net\/cevennevivante\/la-grotte-de-malaval\/\">La grotte de Malaval<\/a><time datetime=\"2024-07-22T14:40:21+02:00\" class=\"wp-block-latest-posts__post-date\">22 juillet 2024<\/time><div class=\"wp-block-latest-posts__post-excerpt\">Le Mont Loz\u00e8re est un coquin. Ce massif cristallin, entretenant une secr\u00e8te alliance avec les causses, h\u00e9berge sur ses rebords quelques lambeaux de calcaire. Ils sont d&rsquo;\u00e9paisseur et de dimension modestes, mais c&rsquo;est pourtant l\u00e0 que se cache l&rsquo;une des grandes grottes de Loz\u00e8re, et certainement l&rsquo;une des plus int\u00e9ressantes : Malaval. Cette cavit\u00e9 a&hellip; <\/div><\/li>\n<li><a class=\"wp-block-latest-posts__post-title\" href=\"https:\/\/www.reveeveille.net\/cevennevivante\/cieux-cevenols\/\">Cieux c\u00e9venols<\/a><time datetime=\"2024-07-21T20:58:43+02:00\" class=\"wp-block-latest-posts__post-date\">21 juillet 2024<\/time><div class=\"wp-block-latest-posts__post-excerpt\">Le savez-vous ? En 2018, le Parc National des C\u00e9vennes s&rsquo;est vu d\u00e9cerner un label \u00e9tonnant : celui de \u00ab\u00a0R\u00e9serve Internationale de Ciel Etoil\u00e9\u00a0\u00bb (RICE). Cela signifie qu&rsquo;ici, le ciel nocturne est plus \u00e9toil\u00e9 qu&rsquo;ailleurs. Parce que l&rsquo;air y est plus pur, bien s\u00fbr ! Mais aussi parce qu&rsquo;au fin fond de nos campagnes quasi&hellip; <\/div><\/li>\n<li><a class=\"wp-block-latest-posts__post-title\" href=\"https:\/\/www.reveeveille.net\/cevennevivante\/le-bouges\/\">Le Boug\u00e8s<\/a><time datetime=\"2024-04-01T12:00:18+02:00\" class=\"wp-block-latest-posts__post-date\">1 avril 2024<\/time><div class=\"wp-block-latest-posts__post-excerpt\">Photo d&rsquo;en-t\u00eate : \u00e9cobuage nocturne sur le Boug\u00e8s Le Boug\u00e8s est un petit massif granitique \u00e0 part : pas encore le grand Mont Loz\u00e8re, plus les C\u00e9vennes schisteuses. A vrai dire j&rsquo;y vais assez rarement, mais c&rsquo;est vraiment b\u00eate car il y a de sacr\u00e9s petits coins, du point de vue naturel comme historique et&hellip; <\/div><\/li>\n<li><a class=\"wp-block-latest-posts__post-title\" href=\"https:\/\/www.reveeveille.net\/cevennevivante\/calcaire-vs-granit-au-mont-lozere\/\">Calcaire vs granit au Mont Loz\u00e8re<\/a><time datetime=\"2024-04-01T10:32:37+02:00\" class=\"wp-block-latest-posts__post-date\">1 avril 2024<\/time><div class=\"wp-block-latest-posts__post-excerpt\">Le Mont Loz\u00e8re n&rsquo;est pas un massif qui fait spontan\u00e9ment penser au calcaire, que l&rsquo;on associe plus naturellement aux causses voisins. Il est pourtant recouvert d&rsquo;un petit ensemble calcaire dans sa partie ouest, comme le montre tr\u00e8s bien cette carte g\u00e9ologique : la tache rouge au centre repr\u00e9sente le granit du c\u0153ur du massif, elle&hellip; <\/div><\/li>\n<li><a class=\"wp-block-latest-posts__post-title\" href=\"https:\/\/www.reveeveille.net\/cevennevivante\/le-petit-tailleur-de-pierre-du-roc-du-chien-fou\/\">Le petit tailleur de pierre du roc du chien fou<\/a><time datetime=\"2024-03-24T18:24:56+01:00\" class=\"wp-block-latest-posts__post-date\">24 mars 2024<\/time><div class=\"wp-block-latest-posts__post-excerpt\">Un arch\u00e9ologue \u00e9minent donne \u00e0 Florac une conf\u00e9rence sur \u00ab\u00a0L&rsquo;occupation du Mont Loz\u00e8re \u00e0 la p\u00e9riode n\u00e9olithique\u00a0\u00bb. Quelque chose comme \u00e7a. Je m&rsquo;y pr\u00e9cipite car j&rsquo;adore les r\u00e9cits \u00e9piques. Certainement, on va nous raconter&nbsp;l&rsquo;histoire&nbsp;d&rsquo;une tribu&nbsp;qui apr\u00e8s avoir err\u00e9 des ann\u00e9es \u00e0 la surface du monde, pour fuir un danger terrible,&nbsp;serait arriv\u00e9e sur le Mont Loz\u00e8re.&hellip; <\/div><\/li>\n<li><a class=\"wp-block-latest-posts__post-title\" href=\"https:\/\/www.reveeveille.net\/cevennevivante\/descente-du-mont-lozere-a-velo\/\">Descente du Mont Loz\u00e8re \u00e0 v\u00e9lo<\/a><time datetime=\"2024-03-18T08:25:42+01:00\" class=\"wp-block-latest-posts__post-date\">18 mars 2024<\/time><div class=\"wp-block-latest-posts__post-excerpt\">Durant les mois d&rsquo;\u00e9t\u00e9, circule entre Florac et le Mont Loz\u00e8re une navette touristique qui pr\u00e9sente deux int\u00e9r\u00eats majeurs : elle ne co\u00fbte quasiment rien, et elle charge les v\u00e9los. Comment ne pas profiter de cette belle possibilit\u00e9 pour s&rsquo;offrir une randon cyclo dans les hauteurs sans trop forcer sur les p\u00e9dales ? Une fois&hellip; <\/div><\/li>\n<li><a class=\"wp-block-latest-posts__post-title\" href=\"https:\/\/www.reveeveille.net\/cevennevivante\/le-chemin-de-mitterrand\/\">Le chemin de Mitterrand<\/a><time datetime=\"2024-03-17T18:26:42+01:00\" class=\"wp-block-latest-posts__post-date\">17 mars 2024<\/time><div class=\"wp-block-latest-posts__post-excerpt\">Fran\u00e7ois Mitterrand connaissait et aimait les C\u00e9vennes. Vingt ans durant, il est r\u00e9guli\u00e8rement venu s\u00e9journer dans ce pays retranch\u00e9 du monde, pour s&rsquo;y ressourcer au contact de la nature et des c\u00e9venols. J&rsquo;ai longuement racont\u00e9 ici les motivations du grand homme \u00e0 fr\u00e9quenter nos montagnes, et les souvenirs \u00e9mus qu&rsquo;en gardent les gens du pays.&hellip; <\/div><\/li>\n<li><a class=\"wp-block-latest-posts__post-title\" href=\"https:\/\/www.reveeveille.net\/cevennevivante\/metiers-dhier-et-daujourdhui\/\">M\u00e9tiers d&rsquo;hier, d&rsquo;aujourd&rsquo;hui et de demain<\/a><time datetime=\"2024-01-15T17:16:00+01:00\" class=\"wp-block-latest-posts__post-date\">15 janvier 2024<\/time><div class=\"wp-block-latest-posts__post-excerpt\">En plus de tous les m\u00e9tiers \u00ab\u00a0courants\u00a0\u00bb, qui se pratiquent partout o\u00f9 il y a des \u00eatre humains pour permettre une vie normale (\u00e9picier, m\u00e9decin, garagiste, ma\u00e7on, instituteur), on trouve en C\u00e9vennes des m\u00e9tiers moins courants, parce qu&rsquo;ils ont presque disparu, ou parce qu&rsquo;au contaire ils sont en cours d&rsquo;invention. Dans les deux cas, ils&hellip; <\/div><\/li>\n<li><a class=\"wp-block-latest-posts__post-title\" href=\"https:\/\/www.reveeveille.net\/cevennevivante\/nager-dans-le-bonheur-on-connait-la-chamson\/\">Nager dans le Bonheur ? On conna\u00eet la Chamson, pas de quoi se mettre Martel en t\u00eate !<\/a><time datetime=\"2023-11-21T15:41:26+01:00\" class=\"wp-block-latest-posts__post-date\">21 novembre 2023<\/time><div class=\"wp-block-latest-posts__post-excerpt\">Une travers\u00e9e historique, aquatique et litt\u00e9raire de la grotte de Bramabiau Ailleurs dans ce site il a d\u00e9j\u00e0 \u00e9t\u00e9 question du \u00ab\u00a0Bonheur\u00a0\u00bb, cette rivi\u00e8re au nom \u00e0 faire r\u00eaver les po\u00e8tes. Apr\u00e8s un parcours bucolique sur les pentes de l&rsquo;Aigoual, elle s&rsquo;engouffre sous le petit plateau calcaire de Camprieu au lieu nomm\u00e9 la \u00ab\u00a0perte du&hellip; <\/div><\/li>\n<li><a class=\"wp-block-latest-posts__post-title\" href=\"https:\/\/www.reveeveille.net\/cevennevivante\/la-cascade-de-rune\/\">De la cascade de Runes aux runes de la Cascade<\/a><time datetime=\"2023-11-21T15:06:19+01:00\" class=\"wp-block-latest-posts__post-date\">21 novembre 2023<\/time><div class=\"wp-block-latest-posts__post-excerpt\">\u00ab\u00a0Un ruisseau qui descend de la montagne de la Loz\u00e8re et se perd dans le Tarn pr\u00e8s de Miral, forme tout pr\u00e8s de Runes une magnifique cascade que le voyageur qui passe pr\u00e8s de Florac ne manque jamais d&rsquo;aller visiter. Dans les eaux ordinaires, elle offre deux chutes : l&rsquo;une de 46 m\u00e8tres, au pied&hellip; <\/div><\/li>\n<li><a class=\"wp-block-latest-posts__post-title\" href=\"https:\/\/www.reveeveille.net\/cevennevivante\/la-table-dorientation-de-laigoual\/\">La table d&rsquo;orientation de l&rsquo;Aigoual<\/a><time datetime=\"2023-11-01T10:48:01+01:00\" class=\"wp-block-latest-posts__post-date\">1 novembre 2023<\/time><div class=\"wp-block-latest-posts__post-excerpt\">Au sommet de l&rsquo;Aigoual, il y a un ch\u00e2teau. A l&rsquo;angle de ce ch\u00e2teau il y a une tour. Trapue, solide, b\u00e2tie pour r\u00e9sister&nbsp;sans fr\u00e9mir aux&nbsp;vents de 300 kilom\u00e8tres \u00e0 l&rsquo;heure qui soufflent parfois ici. Au sommet de cette tour trapue et solide, une plateforme est accessible aux touristes qui y montent en rangs serr\u00e9s&hellip; <\/div><\/li>\n<li><a class=\"wp-block-latest-posts__post-title\" href=\"https:\/\/www.reveeveille.net\/cevennevivante\/les-gorges-de-la-jonte\/\">Les gorges de la Jonte<\/a><time datetime=\"2023-09-28T18:11:07+02:00\" class=\"wp-block-latest-posts__post-date\">28 septembre 2023<\/time><div class=\"wp-block-latest-posts__post-excerpt\">Dans leur strat\u00e9gie d&rsquo;encerclement du causse M\u00e9jean, les gorges de la Jonte forment le pendant sud des gorges du Tarn. Elles sont toutes aussi belles, mais moins m\u00e9diatis\u00e9es, donc moins connues, moins fr\u00e9quent\u00e9es, moins am\u00e9nag\u00e9es&#8230; au coeur de l&rsquo;\u00e9t\u00e9, alors que le Tarn est submerg\u00e9 de touristes en cano\u00e9, on peut encore y trouver un&hellip; <\/div><\/li>\n<li><a class=\"wp-block-latest-posts__post-title\" href=\"https:\/\/www.reveeveille.net\/cevennevivante\/nocturne-au-pic-de-finiels\/\">Nocturne au pic de Finiels<\/a><time datetime=\"2023-08-22T12:24:36+02:00\" class=\"wp-block-latest-posts__post-date\">22 ao\u00fbt 2023<\/time><div class=\"wp-block-latest-posts__post-excerpt\">Le pic de Finiels porte un nom trompeur. Ses formes douces \u00e9voquent plus les collines du Lauragais que les aiguilles de Chamonix. Mais avec ses 1699 m\u00e8tres, c&rsquo;est le point culminant de la Loz\u00e8re, et le respect lui est d\u00fb. L\u00e0-haut, il fait frais en \u00e9t\u00e9, glacial en hiver, comme sur un sommet alpin. La&hellip; <\/div><\/li>\n<li><a class=\"wp-block-latest-posts__post-title\" href=\"https:\/\/www.reveeveille.net\/cevennevivante\/le-mont-gargo\/\">Le Mont Gargo<\/a><time datetime=\"2023-08-21T17:38:04+02:00\" class=\"wp-block-latest-posts__post-date\">21 ao\u00fbt 2023<\/time><div class=\"wp-block-latest-posts__post-excerpt\">Le Mont Gargo est le point culminant du Causse M\u00e9jean, qui est loin d&rsquo;\u00eatre plat comme on pourrait le croire en regardant trop vite. Le l\u00e9gendaire local veut que le g\u00e9ant Gargantua ait v\u00e9cu ici, les pieds \u00e0 1247 m et la t\u00eate largement au dessus des nuages. Le Gargo constitue un tr\u00e8s bel objectif&hellip; <\/div><\/li>\n<li><a class=\"wp-block-latest-posts__post-title\" href=\"https:\/\/www.reveeveille.net\/cevennevivante\/le-tour-du-serre-de-montgros-a-ski-de-fonds\/\">Sur la can de l&rsquo;Hospitalet \u00e0 ski de fonds<\/a><time datetime=\"2023-08-17T19:54:33+02:00\" class=\"wp-block-latest-posts__post-date\">17 ao\u00fbt 2023<\/time><div class=\"wp-block-latest-posts__post-excerpt\">Les C\u00e9vennes, malgr\u00e9 leur position tr\u00e8s m\u00e9ridionale et et leur faible altitude, conservent la r\u00e9putation d&rsquo;avoir un climat rude. Les hivers de grosse neige, bloquant toute circulation pendant des jours, voire des semaines, restent tr\u00e8s pr\u00e9sents dans le souvenir des gens qui vivent l\u00e0 depuis longtemps. Voil\u00e0 sans doute pourquoi, quand je suis venu m&rsquo;y&hellip; <\/div><\/li>\n<li><a class=\"wp-block-latest-posts__post-title\" href=\"https:\/\/www.reveeveille.net\/cevennevivante\/cueillettes-et-autres-petites-pratiques-rurales\/\">Cueillettes et autres petites pratiques rurales<\/a><time datetime=\"2023-08-17T12:00:13+02:00\" class=\"wp-block-latest-posts__post-date\">17 ao\u00fbt 2023<\/time><div class=\"wp-block-latest-posts__post-excerpt\">M\u00eame si l&rsquo;on est d&rsquo;origine citadine (ce qui est mon cas) et que l&rsquo;on n&rsquo;a pas \u00e9t\u00e9 forg\u00e9 \u00e0 la culture de la terre (mon cas \u00e9galement), vivre en C\u00e9vennes am\u00e8ne naturellement \u00e0 pratiquer la r\u00e9coltes de produits de notre m\u00e8re nature. Il y a le choix : champignons, pommes, cynorhodons, ch\u00e2taignes, bois pour la&hellip; <\/div><\/li>\n<li><a class=\"wp-block-latest-posts__post-title\" href=\"https:\/\/www.reveeveille.net\/cevennevivante\/lepervier-de-maheux\/\">L&rsquo;\u00e9pervier de Maheux<\/a><time datetime=\"2023-03-19T20:29:14+01:00\" class=\"wp-block-latest-posts__post-date\">19 mars 2023<\/time><div class=\"wp-block-latest-posts__post-excerpt\">La lecture du roman \u00ab\u00a0L&rsquo;\u00e9pervier de Maheux\u00a0\u00bb, de Jean Carri\u00e8re (prix Goncourt 1972),&nbsp;est une mani\u00e8re&nbsp;passionnante et diff\u00e9rente de faire connaissance avec la can de l&rsquo;Hospitalet et les vall\u00e9es qui l&rsquo;entourent. L&rsquo;\u00e9crivain a&nbsp;en effet situ\u00e9 l&rsquo;intrigue de son roman dans les environs imm\u00e9diats de la can, et y a d\u00e9velopp\u00e9 de nombreuses descriptions de l&rsquo;ambiance du&hellip; <\/div><\/li>\n<li><a class=\"wp-block-latest-posts__post-title\" href=\"https:\/\/www.reveeveille.net\/cevennevivante\/de-ma-fenetre\/\">De ma fen\u00eatre<\/a><time datetime=\"2023-02-01T15:27:26+01:00\" class=\"wp-block-latest-posts__post-date\">1 f\u00e9vrier 2023<\/time><div class=\"wp-block-latest-posts__post-excerpt\">L&rsquo;un des aspects que j&rsquo;adore en C\u00e9vennes, c&rsquo;est la variabilit\u00e9 infinie des lumi\u00e8res et des ambiances au gr\u00e9 des jours, des saisons, des ann\u00e9es\u2026 En voici quelques exemples. Les focales et les directions varient, mais les photos sont toutes prises du m\u00eame endroit : ma fen\u00eatre.<\/div><\/li>\n<li><a class=\"wp-block-latest-posts__post-title\" href=\"https:\/\/www.reveeveille.net\/cevennevivante\/arbres-solitaires-en-cevennes\/\">Arbres solitaires en C\u00e9vennes<\/a><time datetime=\"2023-01-09T14:09:38+01:00\" class=\"wp-block-latest-posts__post-date\">9 janvier 2023<\/time><div class=\"wp-block-latest-posts__post-excerpt\">Les C\u00e9vennes ne sont pas \u00e0 proprement parler une terre de for\u00eats. Rien ici de comparable aux f\u00fbtaies humides du nord de la France, rassemblant des centaines de milliers de h\u00eatres g\u00e9ants&#8230; Il y a certes des for\u00eats mais elles sont d&rsquo;une moindre ampleur : les pin\u00e8des d&rsquo;altitude, quelques h\u00eatraies r\u00e9siduelles dans les coins&#8230; Les&hellip; <\/div><\/li>\n<li><a class=\"wp-block-latest-posts__post-title\" href=\"https:\/\/www.reveeveille.net\/cevennevivante\/carnac-en-cevennes\/\">Carnac en C\u00e9vennes<\/a><time datetime=\"2023-01-06T11:49:32+01:00\" class=\"wp-block-latest-posts__post-date\">6 janvier 2023<\/time><div class=\"wp-block-latest-posts__post-excerpt\">Il y a des nom irr\u00e9m\u00e9diablement \u00e9vocateurs. Carnac en fait partie. Qui ne pense pas, en entendant le son de ce quasi palindrome, \u00e0 d&rsquo;interminables alignements de m\u00e9galithes, quelque part sur la c\u00f4te sud de la Bretagne. L&rsquo;homonymie a suffi \u00e0 m&rsquo;entra\u00eener dans les environs, histoire de voir si le lieu pr\u00e9sentait des similitudes avec&hellip; <\/div><\/li>\n<li><a class=\"wp-block-latest-posts__post-title\" href=\"https:\/\/www.reveeveille.net\/cevennevivante\/une-descente-du-tarn-en-hiver\/\">Une descente du Tarn en hiver<\/a><time datetime=\"2022-11-30T18:24:57+01:00\" class=\"wp-block-latest-posts__post-date\">30 novembre 2022<\/time><div class=\"wp-block-latest-posts__post-excerpt\">Le probl\u00e8me des sites touristiques, c&rsquo;est qu&rsquo;ils attirent beaucoup de monde. Je le comprends et l&rsquo;accepte ais\u00e9ment : partout o\u00f9 mes pas me portent, je m&#8217;empresse moi-m\u00eame de leur rendre visite, et je suis rarement d\u00e9\u00e7u car ils sont g\u00e9n\u00e9ralement connus pour de bonnes raisons. Si l&rsquo;on n&rsquo;est pas allergique aux cris et gloussements, \u00e0&hellip; <\/div><\/li>\n<li><a class=\"wp-block-latest-posts__post-title\" href=\"https:\/\/www.reveeveille.net\/cevennevivante\/noms-et-prenoms-en-cevennes\/\">Noms et pr\u00e9noms en C\u00e9vennes<\/a><time datetime=\"2022-11-28T10:40:22+01:00\" class=\"wp-block-latest-posts__post-date\">28 novembre 2022<\/time><div class=\"wp-block-latest-posts__post-excerpt\">Les c\u00e9venols de souche, de par leur appartenance \u00e0 des familles locales, ont cette chance de porter des noms connus. Il y a les Atger, les Roumejon, les Meynadier, les Agulhon&#8230; Ces patronymes, qui signent sans ambigu\u00eft\u00e9 leur origine, leur conf\u00e8rent une certaine noblesse : leurs anc\u00eatres parcouraient d\u00e9j\u00e0 ces terres il y a cent&hellip; <\/div><\/li>\n<li><a class=\"wp-block-latest-posts__post-title\" href=\"https:\/\/www.reveeveille.net\/cevennevivante\/les-deux-clairieres\/\">Les deux clairi\u00e8res<\/a><time datetime=\"2022-11-11T18:56:55+01:00\" class=\"wp-block-latest-posts__post-date\">11 novembre 2022<\/time><div class=\"wp-block-latest-posts__post-excerpt\">Marcel en avait marre. Marre de la clairi\u00e8re longue. C&rsquo;est pas facile, une clairi\u00e8re longue. Les degr\u00e9s de libert\u00e9 sont limit\u00e9s. Quelques dizaines de pas tout au plus dans la largeur. Quelques centaines dans la longueur, certes. Mais quelle diff\u00e9rence&nbsp;? Avancer entre les deux lisi\u00e8res, si proches, les voir d\u00e9filer lentement de part et d&rsquo;autre.&hellip; <\/div><\/li>\n<li><a class=\"wp-block-latest-posts__post-title\" href=\"https:\/\/www.reveeveille.net\/cevennevivante\/le-causse-mejean-point-culminant-de-la-terre-a-lepoque-protocambrienne\/\">Le causse M\u00e9jean, point culminant de la Terre \u00e0 l&rsquo;\u00e9poque Ant\u00e9protocambrienne<\/a><time datetime=\"2022-10-07T15:23:48+02:00\" class=\"wp-block-latest-posts__post-date\">7 octobre 2022<\/time><div class=\"wp-block-latest-posts__post-excerpt\">Photo : la barri\u00e8re du Causse M\u00e9jean, observ\u00e9e depuis le village de Saint Laurent de Tr\u00e8ves Le Parc National des C\u00e9vennes peut s&rsquo;enorgueillir d&rsquo;h\u00e9berger sur son territoire une attraction naturelle unique au monde. Il s&rsquo;agit, rien de moins, que le plus haut sommet de la plan\u00e8te&nbsp;! Le causse M\u00e9jean serait en effet le relief r\u00e9siduel&hellip; <\/div><\/li>\n<li><a class=\"wp-block-latest-posts__post-title\" href=\"https:\/\/www.reveeveille.net\/cevennevivante\/des-dinosaures-au-plafond\/\">Des dinosaures au plafond<\/a><time datetime=\"2022-10-07T15:23:25+02:00\" class=\"wp-block-latest-posts__post-date\">7 octobre 2022<\/time><div class=\"wp-block-latest-posts__post-excerpt\">Depuis des d\u00e9cennies, de nombreux sites d&#8217;empreintes de dinosaures sont r\u00e9pertori\u00e9s en Loz\u00e8re. Jusqu&rsquo;\u00e0 ce jour toutes les traces appartenaient aux Ichnogenres \u00ab\u00a0Grallator\u00a0\u00bb, \u00a0\u00bb&nbsp;Dilophosauripus\u00a0\u00bb et \u00ab\u00a0Eubrontes\u00a0\u00bb, \u00e0 la forme tridactyle bien connue, repr\u00e9sentant des esp\u00e8ces du sous-ordre des Th\u00e9ropodes (ainsi par exemple sur le site bien connu de Saint-Laurent-de-Tr\u00e8ves). Mais en 2015, une d\u00e9couverte stup\u00e9fiante&hellip; <\/div><\/li>\n<li><a class=\"wp-block-latest-posts__post-title\" href=\"https:\/\/www.reveeveille.net\/cevennevivante\/construire-un-toit-de-bardeaux-en-cevennes\/\">Construire un toit de bardeaux en C\u00e9vennes<\/a><time datetime=\"2022-10-07T15:23:04+02:00\" class=\"wp-block-latest-posts__post-date\">7 octobre 2022<\/time><div class=\"wp-block-latest-posts__post-excerpt\">Cette fois, c&rsquo;est av\u00e9r\u00e9. Le toit de notre maison fuit ! Il y a quelques ann\u00e9es, seules les pluies les plus fortes et les plus tenaces r\u00e9ussissaient \u00e0 introduire quelques gouttes dans notre int\u00e9rieur. Il n&rsquo;y a pas grand-chose \u00e0 faire contre \u00e7a : dans ce pays, lorsque la saison d&rsquo;automne arrive et qu&rsquo;il souffle&hellip; <\/div><\/li>\n<li><a class=\"wp-block-latest-posts__post-title\" href=\"https:\/\/www.reveeveille.net\/cevennevivante\/le-cevenol-vers-1895\/\">Le c\u00e9venol vers 1895<\/a><time datetime=\"2022-10-07T15:22:41+02:00\" class=\"wp-block-latest-posts__post-date\">7 octobre 2022<\/time><div class=\"wp-block-latest-posts__post-excerpt\">Texte construit \u00e0 partir&nbsp;d&rsquo;extraits choisis (avec mauvaise foi, je l&rsquo;admet) dans lcgt, pages 89 \u00e0 132. \u00ab\u00a0Malgr\u00e9 les beaux travaux du Docteur Pruni\u00e8res sur la pr\u00e9histoire, nous n&rsquo;avons pas de connaissance pr\u00e9cises sur l&rsquo;homme pal\u00e9olithique dolichoc\u00e9phale loz\u00e9rien ni m\u00eame sur ses caract\u00e9ristiques physiques [&#8230;] Cette race tr\u00e8s sauvage et tr\u00e8s mis\u00e9rable \u00e9tait-elle parente de celle&hellip; <\/div><\/li>\n<li><a class=\"wp-block-latest-posts__post-title\" href=\"https:\/\/www.reveeveille.net\/cevennevivante\/tour-de-la-can-noire\/\">Tour de la can Noire<\/a><time datetime=\"2022-10-07T15:22:21+02:00\" class=\"wp-block-latest-posts__post-date\">7 octobre 2022<\/time><div class=\"wp-block-latest-posts__post-excerpt\">La can Noire est l\u2019un des diverticules des plateaux des cans, qui se d\u00e9ploie vers l\u2019est \u00e0 partir du col des Fa\u00efsses et du ch\u00e2teau de Terre-Rouge, en direction de Barre-des-C\u00e9vennes. C\u2019est un lieu discret, peu couru, et pourtant diversifi\u00e9 et plein de petits secrets. Il existe deux mani\u00e8res de faire ce tour. La version&hellip; <\/div><\/li>\n<li><a class=\"wp-block-latest-posts__post-title\" href=\"https:\/\/www.reveeveille.net\/cevennevivante\/mes-cevennes-a-moi\/\">Mes C\u00e9vennes \u00e0 moi<\/a><time datetime=\"2022-10-07T15:21:48+02:00\" class=\"wp-block-latest-posts__post-date\">7 octobre 2022<\/time><div class=\"wp-block-latest-posts__post-excerpt\">C&rsquo;est quoi, au juste, les C\u00e9vennes ? A cette question vaste comme le monde, je vais d\u2019abord vous proposer ma propre r\u00e9ponse au travers des diff\u00e9rentes rubriques du site, dans lesquelles je vous prom\u00e8nerai l\u00e0 ou j\u2019ai envie, si vous voulez bien me suivre. Attention, mes C\u00e9vennes \u00e0 moi constituent un territoire qui n&rsquo;existe que&hellip; <\/div><\/li>\n<li><a class=\"wp-block-latest-posts__post-title\" href=\"https:\/\/www.reveeveille.net\/cevennevivante\/le-sixieme-foyer-neolithique-vient-detre-decouvert-et-il-est-cevenol\/\">Le septi\u00e8me foyer n\u00e9olithique vient d&rsquo;\u00eatre d\u00e9couvert&#8230; et il est c\u00e9venol !<\/a><time datetime=\"2022-10-07T15:21:30+02:00\" class=\"wp-block-latest-posts__post-date\">7 octobre 2022<\/time><div class=\"wp-block-latest-posts__post-excerpt\">Magnifique d\u00e9couverte pour ML, notre infatigable chercheur &#8211; coureur de C\u00e9vennes (on conna\u00eet depuis longtemps ses travaux r\u00e9volutionnaires sur la g\u00e9ologie et la pal\u00e9ontologie des C\u00e9vennes). Sa t\u00e9nacit\u00e9 l&rsquo;a amen\u00e9 \u00e0 donner un sens nouveau \u00e0 des faits pourtant connus de tous depuis des si\u00e8cles. Mais ne br\u00fblons pas les \u00e9tapes. Voici l&rsquo;introduction de l&rsquo;article&hellip; <\/div><\/li>\n<li><a class=\"wp-block-latest-posts__post-title\" href=\"https:\/\/www.reveeveille.net\/cevennevivante\/ils-partent\/\">Ils s&rsquo;en vont<\/a><time datetime=\"2022-10-07T15:14:43+02:00\" class=\"wp-block-latest-posts__post-date\">7 octobre 2022<\/time><div class=\"wp-block-latest-posts__post-excerpt\">Cette fois \u00e7a y est : ils partent. Les enfants quittent la maison. D\u00e9finitivement. C&rsquo;est venu si vite. Comme il nous para\u00eet proche, le temps o\u00f9 nous arrivions en Loz\u00e8re avec un b\u00e9b\u00e9 sous le bras. Ils furent rapidement deux, puis trois. Bient\u00f4t enfants, puis jeunes. Et aujourd&rsquo;hui, ils prennent leur envol. Oh, on ne&hellip; <\/div><\/li>\n<li><a class=\"wp-block-latest-posts__post-title\" href=\"https:\/\/www.reveeveille.net\/cevennevivante\/contact-furtif\/\">Contact<\/a><time datetime=\"2022-10-07T15:14:26+02:00\" class=\"wp-block-latest-posts__post-date\">7 octobre 2022<\/time><div class=\"wp-block-latest-posts__post-excerpt\">Apr\u00e8s une demi-heure de marche, la vall\u00e9e devient plus \u00e9troite. Le chemin plonge vers la rivi\u00e8re que l&rsquo;on entend au loin. La vue, qui portait tr\u00e8s loin au dessus des vall\u00e9es c\u00e9venoles, se resserre peu \u00e0 peu sur un univers v\u00e9g\u00e9tal dense : les ch\u00eanes verts&nbsp;courts et tortueux&nbsp;laissent place \u00e0 une for\u00eat&nbsp;haute et verte. Les&hellip; <\/div><\/li>\n<li><a class=\"wp-block-latest-posts__post-title\" href=\"https:\/\/www.reveeveille.net\/cevennevivante\/mais-qui-est-donc-ml\/\">Mais qui est donc ML ?<\/a><time datetime=\"2022-10-07T15:14:09+02:00\" class=\"wp-block-latest-posts__post-date\">7 octobre 2022<\/time><div class=\"wp-block-latest-posts__post-excerpt\">Avertissement pr\u00e9liminaire : parle t-on ici d&rsquo;une femme ou d&rsquo;un homme homme ? Cela m\u00eame n&rsquo;est pas d\u00e9voil\u00e9, et c&rsquo;est par simple commodit\u00e9 que l&rsquo;on utilisera ici le masculin, au lieu du iel et de l&rsquo;\u00e9criture inclusive. Les lecteurs de ce site connaissant bien maintenant ML, chercheur infatigable de nos C\u00e9vennes, coureur des bois et&hellip; <\/div><\/li>\n<li><a class=\"wp-block-latest-posts__post-title\" href=\"https:\/\/www.reveeveille.net\/cevennevivante\/eruption-volcanique-en-cevennes\/\">\u00c9ruption volcanique en C\u00e9vennes<\/a><time datetime=\"2022-10-07T15:13:25+02:00\" class=\"wp-block-latest-posts__post-date\">7 octobre 2022<\/time><div class=\"wp-block-latest-posts__post-excerpt\">En avril dernier s&rsquo;est produit en C\u00e9vennes une \u00e9ruption volcanique de premi\u00e8re importance. Un tel \u00e9v\u00e9nement n&rsquo;\u00e9tait pas arriv\u00e9 depuis environ 250.000 ans sur ce territoire essentiellement calcaire et m\u00e9tamorphique, d&rsquo;une grande stabilit\u00e9 g\u00e9ologique. ML, l&rsquo;\u00e9rudit local bien connu de nos lecteurs s&rsquo;est empress\u00e9 d&rsquo;alerter ses amis chercheurs du d\u00e9partement d&rsquo;explosologie de l&rsquo;universit\u00e9 de Montpellier,&hellip; <\/div><\/li>\n<li><a class=\"wp-block-latest-posts__post-title\" href=\"https:\/\/www.reveeveille.net\/cevennevivante\/barre-des-cevennes-le-pont-de-montvert-trajet-historique-des-premiers-camisards\/\">Barre-des-C\u00e9vennes \/ Le Pont de Montvert, trajet historique des premiers camisards<\/a><time datetime=\"2022-10-07T15:13:00+02:00\" class=\"wp-block-latest-posts__post-date\">7 octobre 2022<\/time><div class=\"wp-block-latest-posts__post-excerpt\">Sur ce trajet de deux ou trois journ\u00e9es, pas de sites naturels plus remarquables qu&rsquo;ailleurs autour. L&rsquo;itin\u00e9raire emprunte des sentiers assez classiques, voire des pistes. Seul le passage au sommet du Mont Boug\u00e8s porte le chemin a des altitudes telles qu&rsquo;on \u00e9merge un moment au dessus du monde ordinaire. L&rsquo;int\u00e9r\u00eat majeur de ce parcours est&hellip; <\/div><\/li>\n<li><a class=\"wp-block-latest-posts__post-title\" href=\"https:\/\/www.reveeveille.net\/cevennevivante\/laubracenhiver\/\">L&rsquo;Aubrac en hiver<\/a><time datetime=\"2022-10-07T15:06:17+02:00\" class=\"wp-block-latest-posts__post-date\">7 octobre 2022<\/time><div class=\"wp-block-latest-posts__post-excerpt\"><\/div><\/li>\n<li><a class=\"wp-block-latest-posts__post-title\" href=\"https:\/\/www.reveeveille.net\/cevennevivante\/la-plus-belle-cabine-telephonique-du-monde\/\">La plus belle cabine t\u00e9l\u00e9phonique du monde<\/a><time datetime=\"2022-10-07T12:53:41+02:00\" class=\"wp-block-latest-posts__post-date\">7 octobre 2022<\/time><div class=\"wp-block-latest-posts__post-excerpt\">La p\u00e9n\u00e9tration du t\u00e9l\u00e9phone portable en C\u00e9vennes est plus lente qu&rsquo;ailleurs. Certains grands op\u00e9rateurs annoncent fi\u00e8rement qu&rsquo;ils couvrent tout le territoire, c&rsquo;est \u00e0 dire 99%. Les 1% restants, c&rsquo;est \u00e9videmment ici. La complexit\u00e9 du relief g\u00e9n\u00e8re trop de difficult\u00e9s techniques (et donc financi\u00e8res) pour connecter ce march\u00e9 insuffisamment juteux (il y a si peu d&rsquo;habitants&hellip; <\/div><\/li>\n<li><a class=\"wp-block-latest-posts__post-title\" href=\"https:\/\/www.reveeveille.net\/cevennevivante\/le-site-des-empreintes-de-dinosaure-de-saint-laurent-de-treves\/\">Le site des empreintes de dinosaure de Saint-Laurent-de-Tr\u00e8ves<\/a><time datetime=\"2022-10-07T12:51:13+02:00\" class=\"wp-block-latest-posts__post-date\">7 octobre 2022<\/time><div class=\"wp-block-latest-posts__post-excerpt\">Le village de Saint Laurent de Tr\u00e8ves est situ\u00e9 en position avantageusement dominante au dessus de la vall\u00e9e du Tarnon, sur une ar\u00eate rocheuse qui se d\u00e9tache de la can de l&rsquo;Hospitalet.&nbsp;Au bout de la minuscule ruelle centrale, un chemin part vers la droite et monte vers un lieu magnifique, charg\u00e9 d&rsquo;Histoire. Le \u00ab\u00a0castelas\u00a0\u00bb, comme&hellip; <\/div><\/li>\n<li><a class=\"wp-block-latest-posts__post-title\" href=\"https:\/\/www.reveeveille.net\/cevennevivante\/les-bouteilles-de-barre-des-cevennes\/\">Les bouteilles de Barre-des-C\u00e9vennes<\/a><time datetime=\"2022-10-07T12:50:46+02:00\" class=\"wp-block-latest-posts__post-date\">7 octobre 2022<\/time><div class=\"wp-block-latest-posts__post-excerpt\">Depuis quelques ann\u00e9es, la rue principale de Barre des C\u00e9vennes est le si\u00e8ge d&rsquo;un fait intrigant. Sur une vingtaine de m\u00e8tres de longueur, \u00e0 proximit\u00e9 de l&rsquo;extr\u00e9mit\u00e9 occidentale du village, sont dispos\u00e9es, des bouteilles d&rsquo;eau min\u00e9rale de part et d&rsquo;autre de la rue. Inclin\u00e9es, le cul au sol et le goulot contre les murs, il&hellip; <\/div><\/li>\n<li><a class=\"wp-block-latest-posts__post-title\" href=\"https:\/\/www.reveeveille.net\/cevennevivante\/la-foret-petrifiee-de-ruas\/\">La for\u00eat p\u00e9trifi\u00e9e de Ruas<\/a><time datetime=\"2022-10-07T12:50:10+02:00\" class=\"wp-block-latest-posts__post-date\">7 octobre 2022<\/time><div class=\"wp-block-latest-posts__post-excerpt\">Que je te plains, lecteur, car cette fois je vais te chanter les louanges d&rsquo;une merveille qui te sera \u00e0 jamais inaccessible. En v\u00e9rit\u00e9, mes yeux l&rsquo;ont bien vue, pourtant, cette for\u00eat p\u00e9trifi\u00e9e, mais elle fut \u00e9ph\u00e9m\u00e8re, et n&rsquo;offrira plus ses charmes \u00e0 aucun \u00eatre vivant sur cette Terre ni aucune autre. Au del\u00e0 de&hellip; <\/div><\/li>\n<li><a class=\"wp-block-latest-posts__post-title\" href=\"https:\/\/www.reveeveille.net\/cevennevivante\/lenceinte-protohistorique-de-la-tourelle\/\">L&rsquo;enceinte protohistorique de la Tourelle<\/a><time datetime=\"2022-10-07T12:40:46+02:00\" class=\"wp-block-latest-posts__post-date\">7 octobre 2022<\/time><div class=\"wp-block-latest-posts__post-excerpt\">Cette enceinte protohistorique est un peu moins impressionnante que sa s\u0153ur de Drigas, quelques kilom\u00e8tres plus au sud-est, mais elle permet tout de m\u00eame de faire une jolie boucle et de r\u00eaver. Elle est de plus assez facile d&rsquo;acc\u00e8s. Vous la trouverez sur la route qui va de l&rsquo;a\u00e9rodrome de Chanet \u00e0 la Mal\u00e8ne, sur&hellip; <\/div><\/li>\n<li><a class=\"wp-block-latest-posts__post-title\" href=\"https:\/\/www.reveeveille.net\/cevennevivante\/les-arcs-de-saint-pierre\/\">Les arcs de Saint Pierre<\/a><time datetime=\"2022-10-07T12:40:16+02:00\" class=\"wp-block-latest-posts__post-date\">7 octobre 2022<\/time><div class=\"wp-block-latest-posts__post-excerpt\">Un site incroyable de diversit\u00e9 paysag\u00e8re, d&rsquo;Histoire et de l\u00e9gendes&#8230; j&rsquo;y reviendrai, mais allez-y faire un tour.<\/div><\/li>\n<li><a class=\"wp-block-latest-posts__post-title\" href=\"https:\/\/www.reveeveille.net\/cevennevivante\/la-grotte-de-cros-paillo\/\">La grotte de Cros &#8211; Paillo<\/a><time datetime=\"2022-10-07T12:37:38+02:00\" class=\"wp-block-latest-posts__post-date\">7 octobre 2022<\/time><div class=\"wp-block-latest-posts__post-excerpt\">Comment se font les choses&#8230; la premi\u00e8re fois que j&#8217;empruntais le chemin d&rsquo;estive de Salgas, le hasard voulut qu&rsquo;apr\u00e8s avoir su\u00e9 et souffl\u00e9 les dizaines de lacets serr\u00e9s qui s&rsquo;encha\u00eenent au long de ce parcours magnifique,&nbsp;je m&rsquo;arr\u00eat\u00e2sse pr\u00e9cis\u00e9ment l\u00e0. A cet endroit qui apparemment n&rsquo;a rien de particulier, non loin de l&rsquo;endroit o\u00f9 le chemin&hellip; <\/div><\/li>\n<li><a class=\"wp-block-latest-posts__post-title\" href=\"https:\/\/www.reveeveille.net\/cevennevivante\/la-grotte-begue\/\">La grotte b\u00e8gue<\/a><time datetime=\"2022-10-07T12:36:58+02:00\" class=\"wp-block-latest-posts__post-date\">7 octobre 2022<\/time><div class=\"wp-block-latest-posts__post-excerpt\">Cette grotte-ci b\u00e9gaye. Le long du chemin d&rsquo;estive de Racoules, elle nous montre successivement deux ouvertures. La premi\u00e8re est faussement accueillante : l&rsquo;entr\u00e9e ronde et prometteuse vous emm\u00e8ne bient\u00f4t sur une \u00e9troiture plus s\u00e9v\u00e8re. La seconde est faussement dangereuse : l&rsquo;ovale \u00e9troit et noir donne au contraire acc\u00e8s \u00e0 deux salles spacieuses, la seconde est&hellip; <\/div><\/li>\n<li><a class=\"wp-block-latest-posts__post-title\" href=\"https:\/\/www.reveeveille.net\/cevennevivante\/le-chateau-de-blanquefort-repaire-de-brigands-ideal\/\">Le ch\u00e2teau de Blanquefort, repaire de brigands id\u00e9al<\/a><time datetime=\"2022-10-07T12:36:20+02:00\" class=\"wp-block-latest-posts__post-date\">7 octobre 2022<\/time><div class=\"wp-block-latest-posts__post-excerpt\">Pour une fois, je m&rsquo;attelle ici \u00e0 d\u00e9crire une destination touristique tout \u00e0 fait homologu\u00e9e. Le ch\u00e2teau de Blanquefort dispose en effet de son \u00e9toile rouge sur la carte IGN au 25.000\u00e8me. Ceci atteste la pr\u00e9sence d&rsquo;un site remarquable, mais aussi probablement de son accessibilit\u00e9 en voiture ! Les C\u00e9vennes sont bourr\u00e9es de lieux tout&hellip; <\/div><\/li>\n<li><a class=\"wp-block-latest-posts__post-title\" href=\"https:\/\/www.reveeveille.net\/cevennevivante\/les-badlands-dispagnac\/\">Les badlands d&rsquo;Ispagnac<\/a><time datetime=\"2022-10-07T12:35:53+02:00\" class=\"wp-block-latest-posts__post-date\">7 octobre 2022<\/time><div class=\"wp-block-latest-posts__post-excerpt\">J&rsquo;a-do-re les paysages secs et \u00e9rod\u00e9s. Comme dans les westerns. Les \u00ab\u00a0arroyos\u00a0\u00bb (lits de petites rivi\u00e8res temporaires), les strates de roches ac\u00e9r\u00e9es&nbsp;qui \u00e9mergent de la terre craquel\u00e9e, tout \u00e7a. Ce ne sont pas des paysages tr\u00e8s fr\u00e9quents en C\u00e9vennes, mais certains sites marneux, dans les \u00e9tages plut\u00f4t inf\u00e9rieurs des stratigraphies calcaires, y ressemblent un peu.&hellip; <\/div><\/li>\n<li><a class=\"wp-block-latest-posts__post-title\" href=\"https:\/\/www.reveeveille.net\/cevennevivante\/les-baumes-chaudes\/\">Les baumes chaudes<\/a><time datetime=\"2022-10-07T12:32:46+02:00\" class=\"wp-block-latest-posts__post-date\">7 octobre 2022<\/time><div class=\"wp-block-latest-posts__post-excerpt\">La grotte des baumes chaudes est un endroit \u00e9tonnant. Dans cette grotte facile d&rsquo;acc\u00e8s, situ\u00e9e sous le rebord sud du Causse de Sauveterre, pr\u00e8s du c\u00e9l\u00e9brissimme \u00ab\u00a0point sublime\u00a0\u00bb des gorges du Tarn, ont \u00e9t\u00e9 trouv\u00e9s des dizaines de cr\u00e2nes pr\u00e9historiques tr\u00e9pan\u00e9s datant d&rsquo;il y a plusieurs milliers d&rsquo;ann\u00e9es. La plupart des personnes qui ont subi&hellip; <\/div><\/li>\n<li><a class=\"wp-block-latest-posts__post-title\" href=\"https:\/\/www.reveeveille.net\/cevennevivante\/le-causse-mejean\/\">Le causse M\u00e9jean<\/a><time datetime=\"2022-10-07T12:27:28+02:00\" class=\"wp-block-latest-posts__post-date\">7 octobre 2022<\/time><div class=\"wp-block-latest-posts__post-excerpt\">\u00ab\u00a0Le causse M\u00e9jean, qui est bien le pays le plus d\u00e9sol\u00e9 et le plus mis\u00e9rable du monde, sans bois, sans eaux, sans cultures, sans villages, sans habitants, sans rien de ce qui est la vie, mais avec d\u2019immenses et mornes solitudes qui ne peuvent avoir de charme que pour ceux qui les parcourent rapidement en&hellip; <\/div><\/li>\n<li><a class=\"wp-block-latest-posts__post-title\" href=\"https:\/\/www.reveeveille.net\/cevennevivante\/au-fil-du-bonheur\/\">Au fil du Bonheur<\/a><time datetime=\"2022-10-07T12:26:14+02:00\" class=\"wp-block-latest-posts__post-date\">7 octobre 2022<\/time><div class=\"wp-block-latest-posts__post-excerpt\">Tous les jeux de mot possibles ont \u00e9t\u00e9 faits sur le Bonheur, cette rivi\u00e8re qui prend source pr\u00e8s du col de la Serreyr\u00e8de, sur le flanc sud-ouest de l&rsquo;Aigoual. Elle n&rsquo;est pas bien longue, \u00e0 peine 8 kilom\u00e8tres, mais elle a marqu\u00e9 de son nom toute la petite r\u00e9gion de Camprieu. Autour du village, les&hellip; <\/div><\/li>\n<li><a class=\"wp-block-latest-posts__post-title\" href=\"https:\/\/www.reveeveille.net\/cevennevivante\/empreintes-de-dinosaures-du-nouveau-en-vallee-du-tarnon\/\">Empreintes de dinosaures, du nouveau en vall\u00e9e du Tarnon<\/a><time datetime=\"2022-10-07T12:25:39+02:00\" class=\"wp-block-latest-posts__post-date\">7 octobre 2022<\/time><div class=\"wp-block-latest-posts__post-excerpt\">Dans les ann\u00e9es 60, au pied du Causse M\u00e9jean&#8230; Voil\u00e0 quelques temps d\u00e9j\u00e0 que Roger projette de fabriquer des beaux jambages courbes pour la chemin\u00e9e de la maison familiale. Pour qu\u2019elle tire mieux, et aussi pour le coup d\u2019\u0153il. Comme toujours, l\u2019indispensable a eu la priorit\u00e9 et les mois ont pass\u00e9 sans qu\u2019il trouve le&hellip; <\/div><\/li>\n<li><a class=\"wp-block-latest-posts__post-title\" href=\"https:\/\/www.reveeveille.net\/cevennevivante\/le-castor-speleologue\/\">Le castor sp\u00e9l\u00e9ologue<\/a><time datetime=\"2022-10-07T12:25:04+02:00\" class=\"wp-block-latest-posts__post-date\">7 octobre 2022<\/time><div class=\"wp-block-latest-posts__post-excerpt\">Un jour, mon sp\u00e9l\u00e9ologue de voisin Bertrand me pr\u00eate un topo des cavernes loz\u00e9riennes. J&rsquo;adore feuilleter ce genre d&rsquo;ouvrages compilant d&rsquo;interminables successions de profils d&rsquo;avens et de grottes qui se ressemblent tous et dans lesquels je n&rsquo;irai jamais (mais \u00e7a n&rsquo;est pas grave, je r\u00eave beaucoup, c&rsquo;est d\u00e9j\u00e0 \u00e7a). La majorit\u00e9 de l&rsquo;ouvrage \u00e9tait bien&hellip; <\/div><\/li>\n<li><a class=\"wp-block-latest-posts__post-title\" href=\"https:\/\/www.reveeveille.net\/cevennevivante\/le-menhir-de-grizac\/\">Le menhir de Grizac<\/a><time datetime=\"2022-10-07T12:24:36+02:00\" class=\"wp-block-latest-posts__post-date\">7 octobre 2022<\/time><div class=\"wp-block-latest-posts__post-excerpt\">Jeannot Fossard est un copain passionn\u00e9 par les C\u00e9vennes, et en particulier la zone qui entoure sa maison, le vallon de Malaval, surmont\u00e9 des Puechs des bondons. Il a d\u00e9velopp\u00e9 au sujet de ces deux excroissances calcaires une th\u00e9orie particuli\u00e8re : leur forme de seins, et la cambrure ample de l&rsquo;Eschino-d&rsquo;Aze tout proche qui fait&hellip; <\/div><\/li>\n<li><a class=\"wp-block-latest-posts__post-title\" href=\"https:\/\/www.reveeveille.net\/cevennevivante\/le-cinema-associatif-en-cevennes\/\">Le cin\u00e9ma associatif en C\u00e9vennes<\/a><time datetime=\"2022-10-07T12:23:41+02:00\" class=\"wp-block-latest-posts__post-date\">7 octobre 2022<\/time><div class=\"wp-block-latest-posts__post-excerpt\">Avertissement&nbsp;: cet article a \u00e9t\u00e9 r\u00e9dig\u00e9 en 2008. Cin\u00e9co a beaucoup \u00e9volu\u00e9 depuis, notamment avec le passage au num\u00e9rique en 2013. Les projections ne se d\u00e9roulent plus exactement de la mani\u00e8re d\u00e9crite ici mais, souhaitons le, l&rsquo;esprit demeurera encore longtemps&nbsp;! Et merci \u00e0 Samuel Duhin pour la photo du projecteur. Projection cin\u00e9ma,Narnia 2, le prince&hellip; <\/div><\/li>\n<li><a class=\"wp-block-latest-posts__post-title\" href=\"https:\/\/www.reveeveille.net\/cevennevivante\/plongee-a-baume-dolente\/\">Plong\u00e9e souterraine \u00e0 Baume Dolente<\/a><time datetime=\"2022-10-07T12:23:12+02:00\" class=\"wp-block-latest-posts__post-date\">7 octobre 2022<\/time><div class=\"wp-block-latest-posts__post-excerpt\">Baume Dolente est une grotte situ\u00e9e dans la vall\u00e9e du Tarnon. Son large porche, abrit\u00e9 des regards par un dense taillis arbor\u00e9, s&rsquo;ouvre au pied des falaises de la can de l&rsquo;Hospitalet, et se prolonge d&rsquo;une vaste galerie de pr\u00e8s de 50 m\u00e8tres de long. Au cours des si\u00e8cles, ce lieu cach\u00e9 a \u00e9t\u00e9 souvent&hellip; <\/div><\/li>\n<li><a class=\"wp-block-latest-posts__post-title\" href=\"https:\/\/www.reveeveille.net\/cevennevivante\/lepisode-cevenol\/\">L&rsquo;\u00e9pisode c\u00e9venol<\/a><time datetime=\"2022-10-07T12:22:10+02:00\" class=\"wp-block-latest-posts__post-date\">7 octobre 2022<\/time><div class=\"wp-block-latest-posts__post-excerpt\">Dans la nuit, le vent est pass\u00e9 au sud, poussant vers les C\u00e9vennes un plafond de nuages lourds qui d\u00e9filent devant la lune. Les arbres, les volets, les portes de la maison ont commenc\u00e9 \u00e0 respirer sous l&rsquo;influence du souffle ti\u00e8de aux odeurs de mer et de garrigue. A l&rsquo;int\u00e9rieur des maison, une agitation inqui\u00e8te&hellip; <\/div><\/li>\n<li><a class=\"wp-block-latest-posts__post-title\" href=\"https:\/\/www.reveeveille.net\/cevennevivante\/jeux-denfants\/\">Jeux d&rsquo;enfants<\/a><time datetime=\"2022-10-07T12:21:26+02:00\" class=\"wp-block-latest-posts__post-date\">7 octobre 2022<\/time><div class=\"wp-block-latest-posts__post-excerpt\">Les C\u00e9vennes ne sont exemptes ni de Playstations ni de tablettes&#8230; les enfants y connaissent autant qu&rsquo;ailleurs des sollicitations du monde moderne propres \u00e0 \u00e9nerver les parents qui trouvent \u00ab\u00a0qu&rsquo;ils ne savent plus s&rsquo;amuser avec ce qu&rsquo;ils ont\u00a0\u00bb, ou \u00ab\u00a0qu&rsquo;ils veulent toujours plus\u00a0\u00bb&#8230; En plus de tout ce fatras, les enfants c\u00e9venols ont cependant \u00e0&hellip; <\/div><\/li>\n<li><a class=\"wp-block-latest-posts__post-title\" href=\"https:\/\/www.reveeveille.net\/cevennevivante\/le-tableau-electrique\/\">Le tableau \u00e9lectrique<\/a><time datetime=\"2022-10-07T12:21:08+02:00\" class=\"wp-block-latest-posts__post-date\">7 octobre 2022<\/time><div class=\"wp-block-latest-posts__post-excerpt\">Mon copain Steph, il a install\u00e9 tout seul l&rsquo;\u00e9lectricit\u00e9 de sa maison. C&rsquo;est un crack ! Y&rsquo;a qu&rsquo;\u00e0 voir le tableau \u00e9lectrique ! Remarquez, c&rsquo;est facile \u00e0 r\u00e9parer !<\/div><\/li>\n<li><a class=\"wp-block-latest-posts__post-title\" href=\"https:\/\/www.reveeveille.net\/cevennevivante\/quizz-dans-une-cuisine-cevenole\/\">Quizz dans une cuisine c\u00e9venole<\/a><time datetime=\"2022-10-07T12:20:03+02:00\" class=\"wp-block-latest-posts__post-date\">7 octobre 2022<\/time><div class=\"wp-block-latest-posts__post-excerpt\">Regardez-bien la photo ci-dessus, et essayez de d\u00e9terminer de quoi il s&rsquo;agit. Si vous n&rsquo;\u00eates pas s\u00fbr(e) de vous, cliquez dessus pour la voir en plus grand&#8230; Alors ? S&rsquo;agit-il de la navette challenger qui explose sur fonds de ciel \u00e9toil\u00e9, avec ses volutes de fum\u00e9es blanches enturbann\u00e9es ? Point ! Pour vous aider, la&hellip; <\/div><\/li>\n<li><a class=\"wp-block-latest-posts__post-title\" href=\"https:\/\/www.reveeveille.net\/cevennevivante\/la-fleur-parfaite\/\">La fleur parfaite<\/a><time datetime=\"2022-10-07T12:19:43+02:00\" class=\"wp-block-latest-posts__post-date\">7 octobre 2022<\/time><div class=\"wp-block-latest-posts__post-excerpt\">Sous les assauts du printemps, le sous-bois est ti\u00e8de, charg\u00e9 d&rsquo;effluves r\u00e9sineuses, perc\u00e9s de rais de lumi\u00e8re qui constellent le sol de taches claires. Notre petit groupe a interrompu quelques instants sa mont\u00e9e vers la can de l&rsquo;Hospitalet pour profiter de l&rsquo;ambiance. J&rsquo;ai sorti les jumelles du sac, et je prom\u00e8ne mon regard d\u00e9multipli\u00e9 au&hellip; <\/div><\/li>\n<li><a class=\"wp-block-latest-posts__post-title\" href=\"https:\/\/www.reveeveille.net\/cevennevivante\/la-boite-aux-lettres-de-grattegals\/\">La boite aux lettres de Grattegals<\/a><time datetime=\"2022-10-07T12:19:17+02:00\" class=\"wp-block-latest-posts__post-date\">7 octobre 2022<\/time><div class=\"wp-block-latest-posts__post-excerpt\">Ce jour l\u00e0 je roulais, press\u00e9, sur la D907, quelque part entre Florac et V\u00e9bron. Pr\u00e9occup\u00e9, je ne pr\u00eatais aucune attention aux somptueux paysages que m&rsquo;offrait la vall\u00e9e du Tarnon \u00e0 l&rsquo;automne, jusqu&rsquo;\u00e0 ce que mon \u0153il indiff\u00e9rent per\u00e7ut, sur le bas-c\u00f4t\u00e9 de la route, une fulgurance de couleur jaune, \u00e0 la limite de mon&hellip; <\/div><\/li>\n<li><a class=\"wp-block-latest-posts__post-title\" href=\"https:\/\/www.reveeveille.net\/cevennevivante\/seance-de-balneotherapie\/\">S\u00e9ance de baln\u00e9oth\u00e9rapie<\/a><time datetime=\"2022-10-07T12:18:25+02:00\" class=\"wp-block-latest-posts__post-date\">7 octobre 2022<\/time><div class=\"wp-block-latest-posts__post-excerpt\">La photo est mauvaise mais l&rsquo;ambiance est l\u00e0. Ce soir l\u00e0, quelques jeunes habitants de Fraissinet-de-Loz\u00e8re avaient fait courir l&rsquo;annonce d&rsquo;une soir\u00e9e \u00ab\u00a0Four \u00e0 pain\u00a0\u00bb. Le principe est simple : on allume le four du village, vient qui veut avec ses plats \u00e0 cuire, quelques bouteilles, et voil\u00e0. L&rsquo;assembl\u00e9e \u00e9tait h\u00e9t\u00e9roclite : des tout jeunes&hellip; <\/div><\/li>\n<li><a class=\"wp-block-latest-posts__post-title\" href=\"https:\/\/www.reveeveille.net\/cevennevivante\/organiser-un-chantier-de-copains-une-journee-chinoise\/\">Organiser un chantier de copains, une journ\u00e9e chinoise<\/a><time datetime=\"2022-10-07T12:18:06+02:00\" class=\"wp-block-latest-posts__post-date\">7 octobre 2022<\/time><div class=\"wp-block-latest-posts__post-excerpt\">Les chantiers collectifs ne sont pas sp\u00e9cifiques aux C\u00e9vennes, mais c&rsquo;est ici que j&rsquo;ai d\u00e9couvert puis pratiqu\u00e9 cet exercice, diablement pratique pour r\u00e9aliser des t\u00e2ches qui d\u00e9passent les possibilit\u00e9s d&rsquo;une personne ou d&rsquo;une famille. La mise au point d&rsquo;une organisation ne s&rsquo;est pas faite en un jour : c&rsquo;est apr\u00e8s en avoir organis\u00e9 plusieurs ann\u00e9es&hellip; <\/div><\/li>\n<li><a class=\"wp-block-latest-posts__post-title\" href=\"https:\/\/www.reveeveille.net\/cevennevivante\/rat-des-villes-rat-des-champs\/\">Rat des villes, rat des champs<\/a><time datetime=\"2022-10-07T12:17:45+02:00\" class=\"wp-block-latest-posts__post-date\">7 octobre 2022<\/time><div class=\"wp-block-latest-posts__post-excerpt\">Novembre 2005. Les banlieues fran\u00e7aises flambent. Chaque matin, un \u00e9trange d\u00e9compte nous est propos\u00e9 aux informations : celui des voitures br\u00fbl\u00e9es dans la nuit, un peu partout dans le pays. Il y a quelques jours c&rsquo;\u00e9tait 100, puis 500, puis 1000. Et \u00e7a dure\u2026 Les jeunes se r\u00e9voltent, crient leur col\u00e8re. Certains s&rsquo;amusent aussi sans&hellip; <\/div><\/li>\n<li><a class=\"wp-block-latest-posts__post-title\" href=\"https:\/\/www.reveeveille.net\/cevennevivante\/le-loup-noceur\/\">Le loup noceur<\/a><time datetime=\"2022-10-07T12:17:22+02:00\" class=\"wp-block-latest-posts__post-date\">7 octobre 2022<\/time><div class=\"wp-block-latest-posts__post-excerpt\">Ce conte populaire se raconte dans de nombreuses r\u00e9gions de France et d&rsquo;ailleurs, sous des formes vari\u00e9es. En voici une version personnelle que j&rsquo;ai r\u00e9dig\u00e9e pour servir de support \u00e0 un morceau du groupe Bas les Pattes, dont j&rsquo;ai fait partie de 2002 \u00e0 2017. La noce avait \u00e9t\u00e9 magnifique. Les mari\u00e9s avaient \u00e9t\u00e9 beaux&hellip; <\/div><\/li>\n<li><a class=\"wp-block-latest-posts__post-title\" href=\"https:\/\/www.reveeveille.net\/cevennevivante\/la-montagne-qui-coule\/\">La montagne qui coule<\/a><time datetime=\"2022-10-07T12:16:57+02:00\" class=\"wp-block-latest-posts__post-date\">7 octobre 2022<\/time><div class=\"wp-block-latest-posts__post-excerpt\">\u00ab\u00a0Il n&rsquo;y a rien, l\u00e0-haut, rien d&rsquo;int\u00e9ressant !\u00a0\u00bb Le vieil homme contemple le versant d\u00e9nud\u00e9 de ses yeux bleu froid. L&rsquo;intensit\u00e9 de son regard, la concentration avec laquelle il explore m\u00e9thodiquement les replis de la montagne, semblent contredire ses propos. Il cherche \u00e0 apercevoir quelque chose qu&rsquo;il conna\u00eet, j&rsquo;en mettrai ma main au feu. \u00ab\u00a0Que&hellip; <\/div><\/li>\n<li><a class=\"wp-block-latest-posts__post-title\" href=\"https:\/\/www.reveeveille.net\/cevennevivante\/aigoual-montagne-maudite\/\">Aigoual, montagne maudite<\/a><time datetime=\"2022-10-07T12:16:06+02:00\" class=\"wp-block-latest-posts__post-date\">7 octobre 2022<\/time><div class=\"wp-block-latest-posts__post-excerpt\">Aujourd&rsquo;hui c&rsquo;est soir\u00e9e conte \u00e0 la ferme de Fretma. Les enfants et les parents, tout excit\u00e9s \u00e0 l&rsquo;id\u00e9e d&rsquo;\u00e9couter une fois encore les histoires de Grand-p\u00e8re, s&rsquo;installent autour de lui, sur les bancs du cantou, sur le tapis, dans les fauteuils, il y en a partout. L&rsquo;agitation ne perturbe pas le moins du monde Grand&hellip; <\/div><\/li>\n<li><a class=\"wp-block-latest-posts__post-title\" href=\"https:\/\/www.reveeveille.net\/cevennevivante\/les-fabuleuses-aventures-de-pioupiou-en-cevennes\/\">Les fabuleuses aventures de pioupiou en C\u00e9vennes<\/a><time datetime=\"2022-10-07T12:15:17+02:00\" class=\"wp-block-latest-posts__post-date\">7 octobre 2022<\/time><div class=\"wp-block-latest-posts__post-excerpt\">Lieu de l&rsquo;aventure : la rambarde de ma terrasse, face au Mont Aigoual et au Causse M\u00e9jean Alors, vous avez aim\u00e9 cette aventure ? On vit des choses pas possibles en C\u00e9vennes, hein ? Vous devez m&rsquo;envier&#8230;<\/div><\/li>\n<li><a class=\"wp-block-latest-posts__post-title\" href=\"https:\/\/www.reveeveille.net\/cevennevivante\/sept-tableaux-pour-la-draille\/\">Sept tableaux pour la draille<\/a><time datetime=\"2022-10-07T12:13:30+02:00\" class=\"wp-block-latest-posts__post-date\">7 octobre 2022<\/time><div class=\"wp-block-latest-posts__post-excerpt\">Le jour de mes 12 ans, mes parents m&rsquo;ont emmen\u00e9 voir ma premi\u00e8re transhumance. Je vous vois sourire&#8230; je comprend \u00e7a. Vous qui \u00eates n\u00e9s ici, vous avez grandi avec la transhumance. Mais moi, j&rsquo;avais grandi \u00e0 la ville, j&rsquo;en avais juste entendu parler et c&rsquo;\u00e9tait un grand bonheur de pouvoir enfin la voir pour&hellip; <\/div><\/li>\n<li><a class=\"wp-block-latest-posts__post-title\" href=\"https:\/\/www.reveeveille.net\/cevennevivante\/aigoual-lesprit-dun-grand\/\">Aigoual : l&rsquo;esprit d&rsquo;un grand<\/a><time datetime=\"2022-10-07T12:13:07+02:00\" class=\"wp-block-latest-posts__post-date\">7 octobre 2022<\/time><div class=\"wp-block-latest-posts__post-excerpt\">D&rsquo;abord, il y a la for\u00eat. Elle enserre la montagne sur tous ses versants. Pas question d&rsquo;atteindre le c\u0153ur du massif sans de longues travers\u00e9es ombrag\u00e9es. Mais attention : ce n&rsquo;est pas de la for\u00eat s\u00e8che et \u00e9pineuse des vall\u00e9es c\u00e9venoles dont il s&rsquo;agit ici, ni m\u00eame de la pure for\u00eat de pins de certaines&hellip; <\/div><\/li>\n<li><a class=\"wp-block-latest-posts__post-title\" href=\"https:\/\/www.reveeveille.net\/cevennevivante\/une-rose-au-paradis\/\">Une rose au paradis<\/a><time datetime=\"2022-10-06T17:22:15+02:00\" class=\"wp-block-latest-posts__post-date\">6 octobre 2022<\/time><div class=\"wp-block-latest-posts__post-excerpt\">\u00ab\u00a0Une rose au paradis\u00a0\u00bb est le titre d&rsquo;un roman de Ren\u00e9 Barjavel, que j&rsquo;ai aim\u00e9, comme tous ses romans&#8230; Il y est question d&rsquo;un couple d&rsquo;enfants qui survit \u00e0 un cataclysme nucl\u00e9aire. Je vous conseille de le lire. Mais ne cherchez pas le rapport avec ce qui suit, il n&rsquo;y en a pas, sinon le&hellip; <\/div><\/li>\n<li><a class=\"wp-block-latest-posts__post-title\" href=\"https:\/\/www.reveeveille.net\/cevennevivante\/mais-ou-est-passe-le-colonel-pradeille\/\">Mais o\u00f9 est pass\u00e9 le colonel Pradeille ?<\/a><time datetime=\"2022-10-06T17:21:58+02:00\" class=\"wp-block-latest-posts__post-date\">6 octobre 2022<\/time><div class=\"wp-block-latest-posts__post-excerpt\">Ce jeudi 8 janvier 2004, \u00e0 19 heures, la nuit est tomb\u00e9e depuis longtemps sur les C\u00e9vennes. Un lourd plafond de nuages bas \u00e9crase les vall\u00e9es et renforce l&rsquo;obscurit\u00e9. Autour de Florac, sur les routes sinueuses qui partent \u00e0 l&rsquo;assaut des versants, on aper\u00e7oit les phares des voitures qui retournent vers leurs hameaux respectifs, pleines&hellip; <\/div><\/li>\n<li><a class=\"wp-block-latest-posts__post-title\" href=\"https:\/\/www.reveeveille.net\/cevennevivante\/notes-sur-laventure-de-la-decouverte-du-corail-du-serre-de-montgros\/\">Notes sur l&rsquo;aventure de la d\u00e9couverte du corail du Serre de Montgros<\/a><time datetime=\"2022-10-06T17:21:42+02:00\" class=\"wp-block-latest-posts__post-date\">6 octobre 2022<\/time><div class=\"wp-block-latest-posts__post-excerpt\">Un jour, alors que je redescendais du Serre de Montgros par le broussailleux versant ouest, il me prit une soudaine envie de pisser. \u00c9v\u00e9nement de peu de port\u00e9e, me r\u00e9torquerez-vous avec raison. Certes. Mais pourtant, dans cette affaire, tout alla diff\u00e9remment de ce qu&rsquo;il aurait d\u00fb advenir, et c&rsquo;est ainsi que les cons\u00e9quences de ce&hellip; <\/div><\/li>\n<li><a class=\"wp-block-latest-posts__post-title\" href=\"https:\/\/www.reveeveille.net\/cevennevivante\/le-chemin-destive-de-racoules\/\">Le chemin de la farine de racoules<\/a><time datetime=\"2022-10-06T17:21:10+02:00\" class=\"wp-block-latest-posts__post-date\">6 octobre 2022<\/time><div class=\"wp-block-latest-posts__post-excerpt\">Comme tous hameau de la vall\u00e9e du Tarnon qui se respecte, Racoules a son chemin de la farine. Celui-ci est particuli\u00e8rement impressionnant. La premi\u00e8re partie de la mont\u00e9e est malheureusement tr\u00e8s abim\u00e9e. Le chemin dispara\u00eet parfois presque sous les ronces, \u00e0 tel point que des \u00ab\u00a0raccourcis\u00a0\u00bb montant tout droit ont \u00e9t\u00e9 am\u00e9nag\u00e9s pour s&#8217;emb\u00eater le&hellip; <\/div><\/li>\n<li><a class=\"wp-block-latest-posts__post-title\" href=\"https:\/\/www.reveeveille.net\/cevennevivante\/autour-de-colobrieres\/\">Autour de Colobri\u00e8res<\/a><time datetime=\"2022-10-06T17:20:42+02:00\" class=\"wp-block-latest-posts__post-date\">6 octobre 2022<\/time><div class=\"wp-block-latest-posts__post-excerpt\">Le versant sur du Mont Loz\u00e8re permet une infinie vari\u00e9t\u00e9 de boucles, bien expos\u00e9es, pas trop difficiles. En voici une de plus, qui fait le tour de la vall\u00e9e de Colobri\u00e8re en partant par une ar\u00eate qui la surplombe \u00e0 l&rsquo;ouest et en redescendant par celle qui la surplombe \u00e0 l&rsquo;est. C&rsquo;est donc un itin\u00e9raire&hellip; <\/div><\/li>\n<li><a class=\"wp-block-latest-posts__post-title\" href=\"https:\/\/www.reveeveille.net\/cevennevivante\/du-tarnon-au-gargo\/\">Du Tarnon au Gargo<\/a><time datetime=\"2022-10-06T17:20:09+02:00\" class=\"wp-block-latest-posts__post-date\">6 octobre 2022<\/time><div class=\"wp-block-latest-posts__post-excerpt\">Passer du causse \u00e0 la vall\u00e9e ou inversement est toujours un choc. Au moment de franchir le rebord, en quelques m\u00e8tres, en quelques secondes les paysages changent brutalement, les perspectives s&rsquo;allongent ou se raccourcissent au tournant d&rsquo;un virage. Cette balade en est une bonne illustration. Le d\u00e9part peut se faire de Vernagues, petit hameau situ\u00e9&hellip; <\/div><\/li>\n<li><a class=\"wp-block-latest-posts__post-title\" href=\"https:\/\/www.reveeveille.net\/cevennevivante\/pelerinage-aux-sources-du-tarn\/\">P\u00e9lerinage aux sources du Tarn<\/a><time datetime=\"2022-10-06T17:19:12+02:00\" class=\"wp-block-latest-posts__post-date\">6 octobre 2022<\/time><div class=\"wp-block-latest-posts__post-excerpt\">En octobre 2005, avec plusieurs membres de l&rsquo;association de conteurs \u00ab Paroles de sources \u00bb, nous sommes partis randonner sur le flanc nord du Mont Loz\u00e8re, pour chercher ensemble l&rsquo;inspiration d&rsquo;un nouveau spectacle, qui a finalement \u00e9t\u00e9 cr\u00e9\u00e9 en f\u00e9vrier 2006 \u00e0 l&rsquo;occasion du Festival \u00ab\u00a0Contes et Rencontres\u00a0\u00bb. Le texte qui suit a des points&hellip; <\/div><\/li>\n<li><a class=\"wp-block-latest-posts__post-title\" href=\"https:\/\/www.reveeveille.net\/cevennevivante\/autour-de-nimes-le-vieux\/\">Autour de N\u00eemes-le-vieux<\/a><time datetime=\"2022-10-06T17:18:12+02:00\" class=\"wp-block-latest-posts__post-date\">6 octobre 2022<\/time><div class=\"wp-block-latest-posts__post-excerpt\">N\u00eemes-le-vieux est l&rsquo;un des sites les plus courus du Causse M\u00e9jean. Il est sur les plaquettes les plus officielles, il a son sentier de d\u00e9couverte mis en place par le Parc National des C\u00e9vennes (\u00e0 l&rsquo;Hom), et m\u00eame un sentier de d\u00e9couverte priv\u00e9 concurrent, mis en place par les propri\u00e9taires du lieu (au Veygalier). Il&hellip; <\/div><\/li>\n<li><a class=\"wp-block-latest-posts__post-title\" href=\"https:\/\/www.reveeveille.net\/cevennevivante\/le-plateau-de-grizac\/\">Le plateau de Grizac<\/a><time datetime=\"2022-10-06T17:17:42+02:00\" class=\"wp-block-latest-posts__post-date\">6 octobre 2022<\/time><div class=\"wp-block-latest-posts__post-excerpt\">Le petit plateau de Grizac, perch\u00e9 au dessus du village du Pont de Montvert, sous les derni\u00e8res pentes du mont Boug\u00e8s, est un endroit singulier. On y croise un m\u00e9lange de calcaire et de granite, avec deux v\u00e9g\u00e9tations bien diff\u00e9rentes, des formes de relief changeantes&#8230; Malgr\u00e9 son altitude moyenne (entre 1000 et 1100 m\u00e8tres), la&hellip; <\/div><\/li>\n<li><a class=\"wp-block-latest-posts__post-title\" href=\"https:\/\/www.reveeveille.net\/cevennevivante\/comment-je-trouve-les-bons-coins\/\">Comment je trouve les bons coins<\/a><time datetime=\"2022-10-06T17:16:41+02:00\" class=\"wp-block-latest-posts__post-date\">6 octobre 2022<\/time><div class=\"wp-block-latest-posts__post-excerpt\">Pour trouver les coins d\u00e9crits dans ce site, j&rsquo;ai une strat\u00e9gie toute simple mais diablement efficace : le \u00ab\u00a0hasard accompagn\u00e9\u00a0\u00bb. Sur un mur de la maison j&rsquo;ai attach\u00e9 ensemble 3 cartes IGN au 25.000\u00e8me (les \u00ab\u00a0top 25\u00a0\u00bb, elles marquent vraiment bien le relief). Ce sont \u00ab\u00a0Gorges du Tarn\u00a0\u00bb, \u00ab\u00a0Mont-Loz\u00e8re\u00a0\u00bb, \u00ab\u00a0Corniche des C\u00e9vennes\u00a0\u00bb. H\u00e9las, mon mur&hellip; <\/div><\/li>\n<li><a class=\"wp-block-latest-posts__post-title\" href=\"https:\/\/www.reveeveille.net\/cevennevivante\/roger-le-marcheur-des-cevennes\/\">Roger, le marcheur des C\u00e9vennes<\/a><time datetime=\"2022-10-06T17:12:53+02:00\" class=\"wp-block-latest-posts__post-date\">6 octobre 2022<\/time><div class=\"wp-block-latest-posts__post-excerpt\">Un jour, Roger frappa \u00e0 ma porte avec une \u00e9paisse chemise cartonn\u00e9e orange sous le bras. Elle \u00e9tait pleine de vieux documents&nbsp;: des cartes griffonn\u00e9es \u00e0 la main, des textes tap\u00e9s avec une machine tr\u00e8s ancienne, des articles d\u00e9coup\u00e9s dans des revues depuis longtemps disparues&#8230; Examinant minutieusement ces feuilles jaunies par les ann\u00e9es, il m\u2019expliqua&hellip; <\/div><\/li>\n<li><a class=\"wp-block-latest-posts__post-title\" href=\"https:\/\/www.reveeveille.net\/cevennevivante\/la-chapelle-magique\/\">La chapelle magique<\/a><time datetime=\"2022-10-06T17:09:09+02:00\" class=\"wp-block-latest-posts__post-date\">6 octobre 2022<\/time><div class=\"wp-block-latest-posts__post-excerpt\">Certains pr\u00e9tendent que la can de l&rsquo;Hospitalet est un endroit oubli\u00e9 de Dieu.&nbsp;Enfonc\u00e9s dans les fauteuils profonds de leurs&nbsp;voitures de luxe neuves,&nbsp;ils parcourent en exc\u00e8s de vitesse la longue ligne&nbsp;droite qui relie la Borie \u00e0 l&rsquo;Hospitalet. Ils ne voient l\u00e0 que des buttes couvertes de pierres et&nbsp;des prairies \u00e0 l&rsquo;herbe rase et grise qui ne&hellip; <\/div><\/li>\n<li><a class=\"wp-block-latest-posts__post-title\" href=\"https:\/\/www.reveeveille.net\/cevennevivante\/lozere-peu-peuplee\/\">Loz\u00e8re peu peupl\u00e9e<\/a><time datetime=\"2022-10-06T17:08:42+02:00\" class=\"wp-block-latest-posts__post-date\">6 octobre 2022<\/time><div class=\"wp-block-latest-posts__post-excerpt\">Une large partie des C\u00e9vennes est situ\u00e9e dans le d\u00e9partement de la Loz\u00e8re. Ce d\u00e9partement peu banal pr\u00e9sente la particularit\u00e9 d&rsquo;\u00eatre le moins peupl\u00e9 de France avec \u00e0 peine plus de 70.000 habitants, \u00e0 comparer avec les 650.000 de la moyenne nationale, et les 2 ou 3 millions des plus denses. Imaginez les habitants d&rsquo;un&hellip; <\/div><\/li>\n<li><a class=\"wp-block-latest-posts__post-title\" href=\"https:\/\/www.reveeveille.net\/cevennevivante\/les-cevennes-et-le-parc-national-en-1970\/\">Les C\u00e9vennes et le Parc National, en 1970<\/a><time datetime=\"2022-10-06T17:05:46+02:00\" class=\"wp-block-latest-posts__post-date\">6 octobre 2022<\/time><div class=\"wp-block-latest-posts__post-excerpt\">Un ami m&rsquo;a montr\u00e9 le texte d&rsquo;un \u00e9tonnant discours prononc\u00e9 en 1970, juste avant la cr\u00e9ation officielle du Parc National (intervenue le 2 septembre 1970). Il est \u00e9tonnant de constater que toutes les probl\u00e9matiques d&rsquo;aujourd&rsquo;hui y sont d\u00e9crites. C&rsquo;est dense, mais \u00e7a vaut la peine de lire jusqu&rsquo;au bout ! Discours prononc\u00e9 par monsieur Michel&hellip; <\/div><\/li>\n<\/ul>","protected":false},"excerpt":{"rendered":"","protected":false},"author":3,"featured_media":0,"parent":0,"menu_order":0,"comment_status":"closed","ping_status":"closed","template":"","meta":{"footnotes":""},"class_list":["post-2709","page","type-page","status-publish","hentry"],"jetpack_sharing_enabled":true,"_links":{"self":[{"href":"https:\/\/www.reveeveille.net\/cevennevivante\/wp-json\/wp\/v2\/pages\/2709","targetHints":{"allow":["GET"]}}],"collection":[{"href":"https:\/\/www.reveeveille.net\/cevennevivante\/wp-json\/wp\/v2\/pages"}],"about":[{"href":"https:\/\/www.reveeveille.net\/cevennevivante\/wp-json\/wp\/v2\/types\/page"}],"author":[{"embeddable":true,"href":"https:\/\/www.reveeveille.net\/cevennevivante\/wp-json\/wp\/v2\/users\/3"}],"replies":[{"embeddable":true,"href":"https:\/\/www.reveeveille.net\/cevennevivante\/wp-json\/wp\/v2\/comments?post=2709"}],"version-history":[{"count":2,"href":"https:\/\/www.reveeveille.net\/cevennevivante\/wp-json\/wp\/v2\/pages\/2709\/revisions"}],"predecessor-version":[{"id":2714,"href":"https:\/\/www.reveeveille.net\/cevennevivante\/wp-json\/wp\/v2\/pages\/2709\/revisions\/2714"}],"wp:attachment":[{"href":"https:\/\/www.reveeveille.net\/cevennevivante\/wp-json\/wp\/v2\/media?parent=2709"}],"curies":[{"name":"wp","href":"https:\/\/api.w.org\/{rel}","templated":true}]}}