{"id":267,"date":"2021-01-30T07:49:11","date_gmt":"2021-01-30T06:49:11","guid":{"rendered":"http:\/\/www.reveeveille.net\/cevennevivante\/wordpress\/?page_id=267"},"modified":"2024-04-01T10:43:06","modified_gmt":"2024-04-01T08:43:06","slug":"le-mont-lozere","status":"publish","type":"page","link":"https:\/\/www.reveeveille.net\/cevennevivante\/le-mont-lozere\/","title":{"rendered":"Le Mont Loz\u00e8re"},"content":{"rendered":"\n<p>Le Mont Loz\u00e8re, c&rsquo;est la Bretagne des C\u00e9vennes : au dessus des \u00e9tendues de bruy\u00e8re \u00e9mergent, de loin en loin, des chaos granitiques du haut desquels on peut contempler la mer (de nuages) et deviner par del\u00e0 les flots des pays qui font r\u00eaver. Un conte local met en sc\u00e8ne une barque \u00ab\u00a0qui peut aller sur terre et sur mer\u00a0\u00bb. Parfois, dans la tourmente brumeuse qui surprend sans crier gare au milieu des \u00e9tendues d\u00e9sol\u00e9es des prairies d&rsquo;altitude, il arrive de l&rsquo;apercevoir, voguant sa route au milieu des touffes d&rsquo;herbe courb\u00e9es par le vent.<\/p>\n\n\n<div class=\"wp-block-image\">\n<figure class=\"aligncenter\"><img decoding=\"async\" src=\"http:\/\/www.reveeveille.net\/photos\/2023\/1126_ruas_lozerette\/20231126_ruas_lozerette_05.jpg\" alt=\"\"\/><figcaption class=\"wp-element-caption\">Randonn\u00e9e au dessus de Ruas, au fonds l&rsquo;eschino-d&rsquo;aze et les puechs des Bondons<\/figcaption><\/figure>\n<\/div>\n\n<div class=\"wp-block-image\">\n<figure class=\"aligncenter\"><img decoding=\"async\" src=\"http:\/\/www.reveeveille.net\/photos\/2023\/0830_descente_mont_lozere_velo\/20230830_descente_mont_lozere_velo_08.jpg\" alt=\"\"\/><figcaption class=\"wp-element-caption\">Face au Causse M\u00e9jean<\/figcaption><\/figure>\n<\/div>\n\n<div class=\"wp-block-image\">\n<figure class=\"aligncenter\"><img decoding=\"async\" src=\"http:\/\/www.reveeveille.net\/photos\/2023\/0207_ski_de_fonds_mont_lozere\/20230207_ski_de_fonds_mont_lozere_03.jpg\" alt=\"\"\/><figcaption class=\"wp-element-caption\">Le pic de Finiels<\/figcaption><\/figure>\n<\/div>\n\n<div class=\"wp-block-image\">\n<figure class=\"aligncenter\"><img decoding=\"async\" src=\"http:\/\/www.reveeveille.net\/photos\/2021\/0905_tour_des_sagnes_mont_lozere_rym_laure_sylvie\/20210905_tour_des_sagnes_mont_lozere_rym_laure_sylvie_04.jpg\" alt=\"\"\/><\/figure>\n<\/div>\n\n\n<iframe loading=\"lazy\" src=\"https:\/\/www.reveeveille.net\/geoportail\/cartepublique.aspx?idrubric=104\" width=\"100%\" height=\"400\"><\/iframe>\n\n\n<div class=\"pt-cv-wrapper\"><div class=\"pt-cv-view pt-cv-grid pt-cv-colsys\" id=\"pt-cv-view-d5deea5vro\"><div data-id=\"pt-cv-page-1\" class=\"pt-cv-page\" data-cvc=\"1\"><div class=\"col-md-12 col-sm-12 col-xs-12 pt-cv-content-item pt-cv-2-col\" ><div class='pt-cv-ifield'><a href=\"https:\/\/www.reveeveille.net\/cevennevivante\/malaval-la-mauvaise-vallee\/\" class=\"_self pt-cv-href-thumbnail pt-cv-thumb-left\" target=\"_self\" ><img loading=\"lazy\" decoding=\"async\" width=\"150\" height=\"150\" src=\"https:\/\/www.reveeveille.net\/cevennevivante\/wp-content\/uploads\/2021\/02\/20050110_boucle_malaval_silhouette_sur_base_puech-150x150.jpg\" class=\"pt-cv-thumbnail pull-left\" alt=\"\" \/><\/a>\n<h4 class=\"pt-cv-title\"><a href=\"https:\/\/www.reveeveille.net\/cevennevivante\/malaval-la-mauvaise-vallee\/\" class=\"_self\" target=\"_self\" >Malaval, la mauvaise vall\u00e9e<\/a><\/h4>\n<div class=\"pt-cv-content\">Malaval, la mauvaise vall\u00e9e... Malbosc : la mauvaise for\u00eat... Malapertus : le mauvais passage... Qu'a donc fait ce vallon au ...<br \/><div class=\"pt-cv-rmwrap\"><a href=\"https:\/\/www.reveeveille.net\/cevennevivante\/malaval-la-mauvaise-vallee\/\" class=\"_self pt-cv-readmore btn btn-success\" target=\"_self\">Lire La Suite\u2026<\/a><\/div><\/div><\/div><\/div>\n<div class=\"col-md-12 col-sm-12 col-xs-12 pt-cv-content-item pt-cv-2-col\" ><div class='pt-cv-ifield'><a href=\"https:\/\/www.reveeveille.net\/cevennevivante\/les-sites-de-transformation-du-plomb-argentifere-sur-le-mont-lozere\/\" class=\"_self pt-cv-href-thumbnail pt-cv-thumb-left\" target=\"_self\" ><img loading=\"lazy\" decoding=\"async\" width=\"150\" height=\"150\" src=\"https:\/\/www.reveeveille.net\/cevennevivante\/wp-content\/uploads\/2021\/12\/20210905_site_a_plomb_argentifere_mont_lozere_02-150x150.jpg\" class=\"pt-cv-thumbnail pull-left\" alt=\"\" \/><\/a>\n<h4 class=\"pt-cv-title\"><a href=\"https:\/\/www.reveeveille.net\/cevennevivante\/les-sites-de-transformation-du-plomb-argentifere-sur-le-mont-lozere\/\" class=\"_self\" target=\"_self\" >L&rsquo;industrie du plomb sur le Mont-Loz\u00e8re \u00e0 l&rsquo;\u00e9poque m\u00e9di\u00e9vale<\/a><\/h4>\n<div class=\"pt-cv-content\">Si vous partez balader sur les hauteurs occidentales du Mont-Loz\u00e8re, et que d'aventure vous sortez du sentier pour p\u00e9n\u00e9trer dans ...<br \/><div class=\"pt-cv-rmwrap\"><a href=\"https:\/\/www.reveeveille.net\/cevennevivante\/les-sites-de-transformation-du-plomb-argentifere-sur-le-mont-lozere\/\" class=\"_self pt-cv-readmore btn btn-success\" target=\"_self\">Lire La Suite\u2026<\/a><\/div><\/div><\/div><\/div>\n<div class=\"col-md-12 col-sm-12 col-xs-12 pt-cv-content-item pt-cv-2-col\" ><div class='pt-cv-ifield'><a href=\"https:\/\/www.reveeveille.net\/cevennevivante\/les-deux-bramont-du-mont-lozere\/\" class=\"_self pt-cv-href-thumbnail pt-cv-thumb-left\" target=\"_self\" ><img loading=\"lazy\" decoding=\"async\" width=\"150\" height=\"150\" src=\"https:\/\/www.reveeveille.net\/cevennevivante\/wp-content\/uploads\/2024\/06\/20240411_cham_des_bomdons_barrandon_02-150x150.jpg\" class=\"pt-cv-thumbnail pull-left\" alt=\"\" \/><\/a>\n<h4 class=\"pt-cv-title\"><a href=\"https:\/\/www.reveeveille.net\/cevennevivante\/les-deux-bramont-du-mont-lozere\/\" class=\"_self\" target=\"_self\" >Imago S\u00e9koya \u00e0 Th\u00e9tys plage, ou les deux Bramont du Mont Loz\u00e8re<\/a><\/h4>\n<div class=\"pt-cv-content\">Certains lieux ne peuvent se suffire d'une seule histoire pour \u00eatre cont\u00e9s dans leur enti\u00e8ret\u00e9 et leur complexit\u00e9. C'est le ...<br \/><div class=\"pt-cv-rmwrap\"><a href=\"https:\/\/www.reveeveille.net\/cevennevivante\/les-deux-bramont-du-mont-lozere\/\" class=\"_self pt-cv-readmore btn btn-success\" target=\"_self\">Lire La Suite\u2026<\/a><\/div><\/div><\/div><\/div>\n<div class=\"col-md-12 col-sm-12 col-xs-12 pt-cv-content-item pt-cv-2-col\" ><div class='pt-cv-ifield'><a href=\"https:\/\/www.reveeveille.net\/cevennevivante\/le-tour-de-la-tourbiere-des-sagnes\/\" class=\"_self pt-cv-href-thumbnail pt-cv-thumb-left\" target=\"_self\" ><img loading=\"lazy\" decoding=\"async\" width=\"150\" height=\"150\" src=\"https:\/\/www.reveeveille.net\/cevennevivante\/wp-content\/uploads\/2021\/12\/20210905_tour_des_sagnes_mont_lozere_rym_laure_sylvie_05-150x150.jpg\" class=\"pt-cv-thumbnail pull-left\" alt=\"\" \/><\/a>\n<h4 class=\"pt-cv-title\"><a href=\"https:\/\/www.reveeveille.net\/cevennevivante\/le-tour-de-la-tourbiere-des-sagnes\/\" class=\"_self\" target=\"_self\" >Le tour de la tourbi\u00e8re des Sagnes et du peschio<\/a><\/h4>\n<div class=\"pt-cv-content\">Le secteur du Mont Loz\u00e8re o\u00f9 se situe cette balade est l'un des plus fr\u00e9quent\u00e9s du massif, et pour cause ...<br \/><div class=\"pt-cv-rmwrap\"><a href=\"https:\/\/www.reveeveille.net\/cevennevivante\/le-tour-de-la-tourbiere-des-sagnes\/\" class=\"_self pt-cv-readmore btn btn-success\" target=\"_self\">Lire La Suite\u2026<\/a><\/div><\/div><\/div><\/div>\n<div class=\"col-md-12 col-sm-12 col-xs-12 pt-cv-content-item pt-cv-2-col\" ><div class='pt-cv-ifield'><a href=\"https:\/\/www.reveeveille.net\/cevennevivante\/allegre-et-mariette-ou-les-puechs-des-bondons\/\" class=\"_self pt-cv-href-thumbnail pt-cv-thumb-left\" target=\"_self\" ><img loading=\"lazy\" decoding=\"async\" width=\"150\" height=\"150\" src=\"https:\/\/www.reveeveille.net\/cevennevivante\/wp-content\/uploads\/2021\/08\/20111030_lhermet_02-150x150.jpg\" class=\"pt-cv-thumbnail pull-left\" alt=\"\" \/><\/a>\n<h4 class=\"pt-cv-title\"><a href=\"https:\/\/www.reveeveille.net\/cevennevivante\/allegre-et-mariette-ou-les-puechs-des-bondons\/\" class=\"_self\" target=\"_self\" >All\u00e8gre et Mariette, ou les puechs des Bondons<\/a><\/h4>\n<div class=\"pt-cv-content\">A la frange de cet univers de granite qu'est l'immense \u00e9paule du Mont Loz\u00e8re, survit un \u00e9parpillement de crottes de ...<br \/><div class=\"pt-cv-rmwrap\"><a href=\"https:\/\/www.reveeveille.net\/cevennevivante\/allegre-et-mariette-ou-les-puechs-des-bondons\/\" class=\"_self pt-cv-readmore btn btn-success\" target=\"_self\">Lire La Suite\u2026<\/a><\/div><\/div><\/div><\/div>\n<div class=\"col-md-12 col-sm-12 col-xs-12 pt-cv-content-item pt-cv-2-col\" ><div class='pt-cv-ifield'><a href=\"https:\/\/www.reveeveille.net\/cevennevivante\/la-grotte-de-malaval\/\" class=\"_self pt-cv-href-thumbnail pt-cv-thumb-left\" target=\"_self\" ><img loading=\"lazy\" decoding=\"async\" width=\"150\" height=\"150\" src=\"https:\/\/www.reveeveille.net\/cevennevivante\/wp-content\/uploads\/2021\/08\/20130105_autour_de_malaval_12-150x150.jpg\" class=\"pt-cv-thumbnail pull-left\" alt=\"\" \/><\/a>\n<h4 class=\"pt-cv-title\"><a href=\"https:\/\/www.reveeveille.net\/cevennevivante\/la-grotte-de-malaval\/\" class=\"_self\" target=\"_self\" >La grotte de Malaval<\/a><\/h4>\n<div class=\"pt-cv-content\">Le Mont Loz\u00e8re est un coquin. Ce massif cristallin, entretenant une secr\u00e8te alliance avec les causses, h\u00e9berge sur ses rebords ...<br \/><div class=\"pt-cv-rmwrap\"><a href=\"https:\/\/www.reveeveille.net\/cevennevivante\/la-grotte-de-malaval\/\" class=\"_self pt-cv-readmore btn btn-success\" target=\"_self\">Lire La Suite\u2026<\/a><\/div><\/div><\/div><\/div>\n<div class=\"col-md-12 col-sm-12 col-xs-12 pt-cv-content-item pt-cv-2-col\" ><div class='pt-cv-ifield'><a href=\"https:\/\/www.reveeveille.net\/cevennevivante\/calcaire-vs-granit-au-mont-lozere\/\" class=\"_self pt-cv-href-thumbnail pt-cv-thumb-left\" target=\"_self\" ><img loading=\"lazy\" decoding=\"async\" width=\"150\" height=\"150\" src=\"https:\/\/www.reveeveille.net\/cevennevivante\/wp-content\/uploads\/2022\/10\/20220129_boucle_autour_de_ruas_06-150x150.jpg\" class=\"pt-cv-thumbnail pull-left\" alt=\"\" \/><\/a>\n<h4 class=\"pt-cv-title\"><a href=\"https:\/\/www.reveeveille.net\/cevennevivante\/calcaire-vs-granit-au-mont-lozere\/\" class=\"_self\" target=\"_self\" >Calcaire vs granit au Mont Loz\u00e8re<\/a><\/h4>\n<div class=\"pt-cv-content\">Le Mont Loz\u00e8re n'est pas un massif qui fait spontan\u00e9ment penser au calcaire, que l'on associe plus naturellement aux causses ...<br \/><div class=\"pt-cv-rmwrap\"><a href=\"https:\/\/www.reveeveille.net\/cevennevivante\/calcaire-vs-granit-au-mont-lozere\/\" class=\"_self pt-cv-readmore btn btn-success\" target=\"_self\">Lire La Suite\u2026<\/a><\/div><\/div><\/div><\/div>\n<div class=\"col-md-12 col-sm-12 col-xs-12 pt-cv-content-item pt-cv-2-col\" ><div class='pt-cv-ifield'><a href=\"https:\/\/www.reveeveille.net\/cevennevivante\/le-petit-tailleur-de-pierre-du-roc-du-chien-fou\/\" class=\"_self pt-cv-href-thumbnail pt-cv-thumb-left\" target=\"_self\" ><img loading=\"lazy\" decoding=\"async\" width=\"150\" height=\"150\" src=\"https:\/\/www.reveeveille.net\/cevennevivante\/wp-content\/uploads\/2021\/09\/20051006_barrandon_nils_sur_roc-150x150.jpg\" class=\"pt-cv-thumbnail pull-left\" alt=\"\" \/><\/a>\n<h4 class=\"pt-cv-title\"><a href=\"https:\/\/www.reveeveille.net\/cevennevivante\/le-petit-tailleur-de-pierre-du-roc-du-chien-fou\/\" class=\"_self\" target=\"_self\" >Le petit tailleur de pierre du roc du chien fou<\/a><\/h4>\n<div class=\"pt-cv-content\">Un arch\u00e9ologue \u00e9minent donne \u00e0 Florac une conf\u00e9rence sur \"L'occupation du Mont Loz\u00e8re \u00e0 la p\u00e9riode n\u00e9olithique\". Quelque chose comme ...<br \/><div class=\"pt-cv-rmwrap\"><a href=\"https:\/\/www.reveeveille.net\/cevennevivante\/le-petit-tailleur-de-pierre-du-roc-du-chien-fou\/\" class=\"_self pt-cv-readmore btn btn-success\" target=\"_self\">Lire La Suite\u2026<\/a><\/div><\/div><\/div><\/div>\n<div class=\"col-md-12 col-sm-12 col-xs-12 pt-cv-content-item pt-cv-2-col\" ><div class='pt-cv-ifield'><a href=\"https:\/\/www.reveeveille.net\/cevennevivante\/descente-du-mont-lozere-a-velo\/\" class=\"_self pt-cv-href-thumbnail pt-cv-thumb-left\" target=\"_self\" ><img loading=\"lazy\" decoding=\"async\" width=\"150\" height=\"150\" src=\"https:\/\/www.reveeveille.net\/cevennevivante\/wp-content\/uploads\/2024\/03\/20230830_descente_mont_lozere_velo_08-150x150.jpg\" class=\"pt-cv-thumbnail pull-left\" alt=\"\" \/><\/a>\n<h4 class=\"pt-cv-title\"><a href=\"https:\/\/www.reveeveille.net\/cevennevivante\/descente-du-mont-lozere-a-velo\/\" class=\"_self\" target=\"_self\" >Descente du Mont Loz\u00e8re \u00e0 v\u00e9lo<\/a><\/h4>\n<div class=\"pt-cv-content\">Durant les mois d'\u00e9t\u00e9, circule entre Florac et le Mont Loz\u00e8re une navette touristique qui pr\u00e9sente deux int\u00e9r\u00eats majeurs : ...<br \/><div class=\"pt-cv-rmwrap\"><a href=\"https:\/\/www.reveeveille.net\/cevennevivante\/descente-du-mont-lozere-a-velo\/\" class=\"_self pt-cv-readmore btn btn-success\" target=\"_self\">Lire La Suite\u2026<\/a><\/div><\/div><\/div><\/div>\n<div class=\"col-md-12 col-sm-12 col-xs-12 pt-cv-content-item pt-cv-2-col\" ><div class='pt-cv-ifield'><a href=\"https:\/\/www.reveeveille.net\/cevennevivante\/la-cascade-de-rune\/\" class=\"_self pt-cv-href-thumbnail pt-cv-thumb-left\" target=\"_self\" ><img loading=\"lazy\" decoding=\"async\" width=\"150\" height=\"150\" src=\"https:\/\/www.reveeveille.net\/cevennevivante\/wp-content\/uploads\/2021\/09\/20061008_cascade_de_runes_entre_feuillages-150x150.jpg\" class=\"pt-cv-thumbnail pull-left\" alt=\"\" \/><\/a>\n<h4 class=\"pt-cv-title\"><a href=\"https:\/\/www.reveeveille.net\/cevennevivante\/la-cascade-de-rune\/\" class=\"_self\" target=\"_self\" >De la cascade de Runes aux runes de la Cascade<\/a><\/h4>\n<div class=\"pt-cv-content\">\"Un ruisseau qui descend de la montagne de la Loz\u00e8re et se perd dans le Tarn pr\u00e8s de Miral, forme ...<br \/><div class=\"pt-cv-rmwrap\"><a href=\"https:\/\/www.reveeveille.net\/cevennevivante\/la-cascade-de-rune\/\" class=\"_self pt-cv-readmore btn btn-success\" target=\"_self\">Lire La Suite\u2026<\/a><\/div><\/div><\/div><\/div><\/div><\/div><\/div>\n","protected":false},"excerpt":{"rendered":"<p>Le Mont Loz\u00e8re, c&rsquo;est la Bretagne des C\u00e9vennes : au dessus des \u00e9tendues de bruy\u00e8re \u00e9mergent, de loin en loin, des chaos granitiques du haut desquels on peut contempler la&hellip; <\/p>\n","protected":false},"author":3,"featured_media":198,"parent":0,"menu_order":0,"comment_status":"closed","ping_status":"closed","template":"","meta":{"footnotes":""},"class_list":["post-267","page","type-page","status-publish","has-post-thumbnail","hentry"],"jetpack_sharing_enabled":true,"_links":{"self":[{"href":"https:\/\/www.reveeveille.net\/cevennevivante\/wp-json\/wp\/v2\/pages\/267","targetHints":{"allow":["GET"]}}],"collection":[{"href":"https:\/\/www.reveeveille.net\/cevennevivante\/wp-json\/wp\/v2\/pages"}],"about":[{"href":"https:\/\/www.reveeveille.net\/cevennevivante\/wp-json\/wp\/v2\/types\/page"}],"author":[{"embeddable":true,"href":"https:\/\/www.reveeveille.net\/cevennevivante\/wp-json\/wp\/v2\/users\/3"}],"replies":[{"embeddable":true,"href":"https:\/\/www.reveeveille.net\/cevennevivante\/wp-json\/wp\/v2\/comments?post=267"}],"version-history":[{"count":4,"href":"https:\/\/www.reveeveille.net\/cevennevivante\/wp-json\/wp\/v2\/pages\/267\/revisions"}],"predecessor-version":[{"id":2650,"href":"https:\/\/www.reveeveille.net\/cevennevivante\/wp-json\/wp\/v2\/pages\/267\/revisions\/2650"}],"wp:featuredmedia":[{"embeddable":true,"href":"https:\/\/www.reveeveille.net\/cevennevivante\/wp-json\/wp\/v2\/media\/198"}],"wp:attachment":[{"href":"https:\/\/www.reveeveille.net\/cevennevivante\/wp-json\/wp\/v2\/media?parent=267"}],"curies":[{"name":"wp","href":"https:\/\/api.w.org\/{rel}","templated":true}]}}