{"id":302,"date":"2022-10-07T15:04:43","date_gmt":"2022-10-07T15:04:43","guid":{"rendered":"http:\/\/www.reveeveille.net\/cevennevivante\/wordpress\/?page_id=302"},"modified":"2022-10-07T15:04:44","modified_gmt":"2022-10-07T15:04:44","slug":"grottes-et-avens","status":"publish","type":"page","link":"https:\/\/www.reveeveille.net\/candelhospitalet\/grottes-et-avens\/","title":{"rendered":"Grottes et avens"},"content":{"rendered":"\n<p>Les grottes et le milieu souterrain occupent une place particuli\u00e8re dans la vie que je m\u00e8ne ici. Sans \u00eatre un sp\u00e9l\u00e9ologue assidu, j&rsquo;adore faire un tour dans celles qui se pr\u00e9sentent \u00e0 proximit\u00e9, que ce soient de belles cavit\u00e9s riches en concr\u00e9tion ou d&rsquo;inf\u00e2mes trous malpratiques et boueux. J&rsquo;aime autant gratter un peu pour d\u00e9nicher un boyau inconnu que visiter  les somptueuses cavit\u00e9s am\u00e9nag\u00e9es comme n&rsquo;importe quel touristes.<\/p>\n\n\n\n<p>Bien s\u00fbr, ce n&rsquo;est pas du c\u00f4t\u00e9 du schiste ni du granite qu&rsquo;il faut chercher. On est ici dans le calcaire des causses et nulle part ailleurs! Attention, beaucoup de grottes abritent des <a href=\"https:\/\/www.reveeveille.net\/candelhospitalet\/les-chauves-souris\/\">chauves-souris<\/a>, il faut absolument \u00e9viter d&rsquo;y aller entre la fin de l&rsquo;automne et le d\u00e9but du printemps. Bonne exploration !<\/p>\n\n\n\n<iframe loading=\"lazy\" src=\"https:\/\/www.reveeveille.net\/geoportail\/cartepublique.aspx?idrubric=371\" width=\"100%\" height=\"400\"><\/iframe>\n\n\n<div class=\"pt-cv-wrapper\"><div class=\"pt-cv-view pt-cv-grid pt-cv-colsys\" id=\"pt-cv-view-cd38bdau4m\"><div data-id=\"pt-cv-page-1\" class=\"pt-cv-page\" data-cvc=\"2\"><div class=\"col-md-6 col-sm-6 col-xs-12 pt-cv-content-item pt-cv-2-col\" ><div class='pt-cv-ifield'><a href=\"https:\/\/www.reveeveille.net\/candelhospitalet\/laven-de-pommaret\/\" class=\"_self pt-cv-href-thumbnail pt-cv-thumb-left\" target=\"_self\" ><img loading=\"lazy\" decoding=\"async\" width=\"150\" height=\"150\" src=\"https:\/\/www.reveeveille.net\/candelhospitalet\/wp-content\/uploads\/2021\/07\/20051025_fau_florit_aven_depommaret_2-150x150.jpg\" class=\"pt-cv-thumbnail pull-left\" alt=\"\" \/><\/a>\n<h4 class=\"pt-cv-title\"><a href=\"https:\/\/www.reveeveille.net\/candelhospitalet\/laven-de-pommaret\/\" class=\"_self\" target=\"_self\" >L&rsquo;aven de Pommaret<\/a><\/h4>\n<div class=\"pt-cv-content\">L'aven de Pommaret est indiqu\u00e9 sur la carte IGN. Il est situ\u00e9 au sommet du versant nord du vallon du ...<br \/><div class=\"pt-cv-rmwrap\"><a href=\"https:\/\/www.reveeveille.net\/candelhospitalet\/laven-de-pommaret\/\" class=\"_self pt-cv-readmore btn btn-success\" target=\"_self\">Lire<\/a><\/div><\/div><\/div><\/div>\n<div class=\"col-md-6 col-sm-6 col-xs-12 pt-cv-content-item pt-cv-2-col\" ><div class='pt-cv-ifield'><a href=\"https:\/\/www.reveeveille.net\/candelhospitalet\/la-grotte-de-solperiere\/\" class=\"_self pt-cv-href-thumbnail pt-cv-thumb-left\" target=\"_self\" ><img loading=\"lazy\" decoding=\"async\" width=\"150\" height=\"150\" src=\"https:\/\/www.reveeveille.net\/candelhospitalet\/wp-content\/uploads\/2021\/07\/20100418_baume_dolente_claire_et_julien_sandra_et_pierre_15-150x150.jpg\" class=\"pt-cv-thumbnail pull-left\" alt=\"\" \/><\/a>\n<h4 class=\"pt-cv-title\"><a href=\"https:\/\/www.reveeveille.net\/candelhospitalet\/la-grotte-de-solperiere\/\" class=\"_self\" target=\"_self\" >La grotte de Solp\u00e9ri\u00e8re<\/a><\/h4>\n<div class=\"pt-cv-content\">Depuis des ann\u00e9es j'entendais parler de la \"grotte de Solp\u00e9ri\u00e8re\", mais d'une mani\u00e8re floue, faisant appara\u00eetre des informations contradictoires. Selon ...<br \/><div class=\"pt-cv-rmwrap\"><a href=\"https:\/\/www.reveeveille.net\/candelhospitalet\/la-grotte-de-solperiere\/\" class=\"_self pt-cv-readmore btn btn-success\" target=\"_self\">Lire<\/a><\/div><\/div><\/div><\/div>\n<div class=\"col-md-6 col-sm-6 col-xs-12 pt-cv-content-item pt-cv-2-col\" ><div class='pt-cv-ifield'><a href=\"https:\/\/www.reveeveille.net\/candelhospitalet\/la-baume-de-giral\/\" class=\"_self pt-cv-href-thumbnail pt-cv-thumb-left\" target=\"_self\" ><img loading=\"lazy\" decoding=\"async\" width=\"150\" height=\"150\" src=\"https:\/\/www.reveeveille.net\/candelhospitalet\/wp-content\/uploads\/2021\/07\/20060618_baume_de_giral_entree-150x150.jpg\" class=\"pt-cv-thumbnail pull-left\" alt=\"\" \/><\/a>\n<h4 class=\"pt-cv-title\"><a href=\"https:\/\/www.reveeveille.net\/candelhospitalet\/la-baume-de-giral\/\" class=\"_self\" target=\"_self\" >La Baume de Giral<\/a><\/h4>\n<div class=\"pt-cv-content\">Voici encore un lieu plein de souvenirs, o\u00f9 le r\u00e9el et l'imaginaire se c\u00f4toient sans qu'il soit toujours possible de ...<br \/><div class=\"pt-cv-rmwrap\"><a href=\"https:\/\/www.reveeveille.net\/candelhospitalet\/la-baume-de-giral\/\" class=\"_self pt-cv-readmore btn btn-success\" target=\"_self\">Lire<\/a><\/div><\/div><\/div><\/div>\n<div class=\"col-md-6 col-sm-6 col-xs-12 pt-cv-content-item pt-cv-2-col\" ><div class='pt-cv-ifield'><a href=\"https:\/\/www.reveeveille.net\/candelhospitalet\/le-ponor-des-crottes\/\" class=\"_self pt-cv-href-thumbnail pt-cv-thumb-left\" target=\"_self\" ><img loading=\"lazy\" decoding=\"async\" width=\"150\" height=\"150\" src=\"https:\/\/www.reveeveille.net\/candelhospitalet\/wp-content\/uploads\/2021\/07\/20051106_can_hospitalet_pano_plaine_crottes_doline_1-150x150.jpg\" class=\"pt-cv-thumbnail pull-left\" alt=\"\" \/><\/a>\n<h4 class=\"pt-cv-title\"><a href=\"https:\/\/www.reveeveille.net\/candelhospitalet\/le-ponor-des-crottes\/\" class=\"_self\" target=\"_self\" >Le ponor des Crottes<\/a><\/h4>\n<div class=\"pt-cv-content\">Entre la ferme des crottes et la ferme de la Bastide s'\u00e9tend une vaste prairie d'un vert intense, couleur rare ...<br \/><div class=\"pt-cv-rmwrap\"><a href=\"https:\/\/www.reveeveille.net\/candelhospitalet\/le-ponor-des-crottes\/\" class=\"_self pt-cv-readmore btn btn-success\" target=\"_self\">Lire<\/a><\/div><\/div><\/div><\/div>\n<div class=\"col-md-6 col-sm-6 col-xs-12 pt-cv-content-item pt-cv-2-col\" ><div class='pt-cv-ifield'><a href=\"https:\/\/www.reveeveille.net\/candelhospitalet\/prospections-speleo\/\" class=\"_self pt-cv-href-thumbnail pt-cv-thumb-left\" target=\"_self\" ><img loading=\"lazy\" decoding=\"async\" width=\"150\" height=\"150\" src=\"https:\/\/www.reveeveille.net\/candelhospitalet\/wp-content\/uploads\/2021\/07\/20111113_prospection_speleo_crottes_01-150x150.jpg\" class=\"pt-cv-thumbnail pull-left\" alt=\"\" \/><\/a>\n<h4 class=\"pt-cv-title\"><a href=\"https:\/\/www.reveeveille.net\/candelhospitalet\/prospections-speleo\/\" class=\"_self\" target=\"_self\" >Prospections sp\u00e9l\u00e9o<\/a><\/h4>\n<div class=\"pt-cv-content\">Prospecter... voil\u00e0 une activit\u00e9 \u00e0 laquelle se pr\u00eatent merveilleusement bien les causses et les plateaux des cans. Les grottes et ...<br \/><div class=\"pt-cv-rmwrap\"><a href=\"https:\/\/www.reveeveille.net\/candelhospitalet\/prospections-speleo\/\" class=\"_self pt-cv-readmore btn btn-success\" target=\"_self\">Lire<\/a><\/div><\/div><\/div><\/div>\n<div class=\"col-md-6 col-sm-6 col-xs-12 pt-cv-content-item pt-cv-2-col\" ><div class='pt-cv-ifield'><a href=\"https:\/\/www.reveeveille.net\/candelhospitalet\/la-grotte-du-col-du-rey-n1\/\" class=\"_self pt-cv-href-thumbnail pt-cv-thumb-left\" target=\"_self\" ><img loading=\"lazy\" decoding=\"async\" width=\"150\" height=\"150\" src=\"https:\/\/www.reveeveille.net\/candelhospitalet\/wp-content\/uploads\/2021\/07\/20070131_grottes_col_du_rey_interieur_entree_grotte_1-150x150.jpg\" class=\"pt-cv-thumbnail pull-left\" alt=\"\" \/><\/a>\n<h4 class=\"pt-cv-title\"><a href=\"https:\/\/www.reveeveille.net\/candelhospitalet\/la-grotte-du-col-du-rey-n1\/\" class=\"_self\" target=\"_self\" >La grotte du col du Rey n\u00b01<\/a><\/h4>\n<div class=\"pt-cv-content\">La grotte du col du Rey n\u00b01 est un couloir \u00e0 peu pr\u00e8s lin\u00e9aire, probablement une ancienne petite rivi\u00e8re souterraine ...<br \/><div class=\"pt-cv-rmwrap\"><a href=\"https:\/\/www.reveeveille.net\/candelhospitalet\/la-grotte-du-col-du-rey-n1\/\" class=\"_self pt-cv-readmore btn btn-success\" target=\"_self\">Lire<\/a><\/div><\/div><\/div><\/div>\n<div class=\"col-md-6 col-sm-6 col-xs-12 pt-cv-content-item pt-cv-2-col\" ><div class='pt-cv-ifield'><a href=\"https:\/\/www.reveeveille.net\/candelhospitalet\/laven-de-ventajols\/\" class=\"_self pt-cv-href-thumbnail pt-cv-thumb-left\" target=\"_self\" ><img loading=\"lazy\" decoding=\"async\" width=\"150\" height=\"150\" src=\"https:\/\/www.reveeveille.net\/candelhospitalet\/wp-content\/uploads\/2021\/07\/20070428_aven_ventajols_nils_entree-150x150.jpg\" class=\"pt-cv-thumbnail pull-left\" alt=\"\" \/><\/a>\n<h4 class=\"pt-cv-title\"><a href=\"https:\/\/www.reveeveille.net\/candelhospitalet\/laven-de-ventajols\/\" class=\"_self\" target=\"_self\" >L&rsquo;aven de Ventajols<\/a><\/h4>\n<div class=\"pt-cv-content\">L'aven de Ventajols est situ\u00e9 sur le rebord occidental de la can de Balazu\u00e8gnes, non loin du point c\u00f4t\u00e9 972 ...<br \/><div class=\"pt-cv-rmwrap\"><a href=\"https:\/\/www.reveeveille.net\/candelhospitalet\/laven-de-ventajols\/\" class=\"_self pt-cv-readmore btn btn-success\" target=\"_self\">Lire<\/a><\/div><\/div><\/div><\/div>\n<div class=\"col-md-6 col-sm-6 col-xs-12 pt-cv-content-item pt-cv-2-col\" ><div class='pt-cv-ifield'><a href=\"https:\/\/www.reveeveille.net\/candelhospitalet\/la-diffluence-montgros-baume-dolente-tartabisac\/\" class=\"_self pt-cv-href-thumbnail pt-cv-thumb-left\" target=\"_self\" ><img loading=\"lazy\" decoding=\"async\" width=\"150\" height=\"150\" src=\"https:\/\/www.reveeveille.net\/candelhospitalet\/wp-content\/uploads\/2021\/07\/20090925_tartabisac_14-150x150.jpg\" class=\"pt-cv-thumbnail pull-left\" alt=\"\" \/><\/a>\n<h4 class=\"pt-cv-title\"><a href=\"https:\/\/www.reveeveille.net\/candelhospitalet\/la-diffluence-montgros-baume-dolente-tartabisac\/\" class=\"_self\" target=\"_self\" >La diffluence Montgros &#8211; Baume dolente &#8211; Tartabisac<\/a><\/h4>\n<div class=\"pt-cv-content\">En 1982, Guilhem Fabre et Yves Maurin, deux hydrog\u00e9ologues s'int\u00e9ressant aux circulations d'eau souterraines de la can de l'Hospitalet, cherchent ...<br \/><div class=\"pt-cv-rmwrap\"><a href=\"https:\/\/www.reveeveille.net\/candelhospitalet\/la-diffluence-montgros-baume-dolente-tartabisac\/\" class=\"_self pt-cv-readmore btn btn-success\" target=\"_self\">Lire<\/a><\/div><\/div><\/div><\/div>\n<div class=\"col-md-6 col-sm-6 col-xs-12 pt-cv-content-item pt-cv-2-col\" ><div class='pt-cv-ifield'><a href=\"https:\/\/www.reveeveille.net\/candelhospitalet\/la-mysterieuse-grotte-de-lhospitalet\/\" class=\"_self pt-cv-href-thumbnail pt-cv-thumb-left\" target=\"_self\" ><img loading=\"lazy\" decoding=\"async\" width=\"150\" height=\"150\" src=\"https:\/\/www.reveeveille.net\/candelhospitalet\/wp-content\/uploads\/2021\/07\/20050506_coin_magique_baumoleiro_interieur-150x150.jpg\" class=\"pt-cv-thumbnail pull-left\" alt=\"\" \/><\/a>\n<h4 class=\"pt-cv-title\"><a href=\"https:\/\/www.reveeveille.net\/candelhospitalet\/la-mysterieuse-grotte-de-lhospitalet\/\" class=\"_self\" target=\"_self\" >La myst\u00e9rieuse grotte de l&rsquo;Hospitalet<\/a><\/h4>\n<div class=\"pt-cv-content\">Sur une carte g\u00e9omorphologique sommaire de la can de l'Hospitalet (par J. Rouire et Cl. Rousset, 1973, voir ci-dessous), j'ai ...<br \/><div class=\"pt-cv-rmwrap\"><a href=\"https:\/\/www.reveeveille.net\/candelhospitalet\/la-mysterieuse-grotte-de-lhospitalet\/\" class=\"_self pt-cv-readmore btn btn-success\" target=\"_self\">Lire<\/a><\/div><\/div><\/div><\/div>\n<div class=\"col-md-6 col-sm-6 col-xs-12 pt-cv-content-item pt-cv-2-col\" ><div class='pt-cv-ifield'><a href=\"https:\/\/www.reveeveille.net\/candelhospitalet\/la-grotte-de-tartabisac-2\/\" class=\"_self pt-cv-href-thumbnail pt-cv-thumb-left\" target=\"_self\" ><img loading=\"lazy\" decoding=\"async\" width=\"150\" height=\"150\" src=\"https:\/\/www.reveeveille.net\/candelhospitalet\/wp-content\/uploads\/2021\/07\/20080613_tartabisac_2_01-150x150.jpg\" class=\"pt-cv-thumbnail pull-left\" alt=\"\" \/><\/a>\n<h4 class=\"pt-cv-title\"><a href=\"https:\/\/www.reveeveille.net\/candelhospitalet\/la-grotte-de-tartabisac-2\/\" class=\"_self\" target=\"_self\" >La grotte de Tartabisac 2<\/a><\/h4>\n<div class=\"pt-cv-content\">Tartabisac 2 est une rivi\u00e8re souterraine qui sort de la can de l'Hospitalet \u00e0 l'ouest du col du m\u00eame nom ...<br \/><div class=\"pt-cv-rmwrap\"><a href=\"https:\/\/www.reveeveille.net\/candelhospitalet\/la-grotte-de-tartabisac-2\/\" class=\"_self pt-cv-readmore btn btn-success\" target=\"_self\">Lire<\/a><\/div><\/div><\/div><\/div>\n<div class=\"col-md-6 col-sm-6 col-xs-12 pt-cv-content-item pt-cv-2-col\" ><div class='pt-cv-ifield'><a href=\"https:\/\/www.reveeveille.net\/candelhospitalet\/la-grotte-des-faisses\/\" class=\"_self pt-cv-href-thumbnail pt-cv-thumb-left\" target=\"_self\" ><img loading=\"lazy\" decoding=\"async\" width=\"150\" height=\"150\" src=\"https:\/\/www.reveeveille.net\/candelhospitalet\/wp-content\/uploads\/2021\/07\/20100407_prospection_col_des_faisses_01-150x150.jpg\" class=\"pt-cv-thumbnail pull-left\" alt=\"\" \/><\/a>\n<h4 class=\"pt-cv-title\"><a href=\"https:\/\/www.reveeveille.net\/candelhospitalet\/la-grotte-des-faisses\/\" class=\"_self\" target=\"_self\" >La grotte du col des Fa\u00efsses<\/a><\/h4>\n<div class=\"pt-cv-content\">Comme la plupart des grottes de Fau Florit, la grotte du col des Fa\u00efsses s'ouvre sous la forme d'un toboggan ...<br \/><div class=\"pt-cv-rmwrap\"><a href=\"https:\/\/www.reveeveille.net\/candelhospitalet\/la-grotte-des-faisses\/\" class=\"_self pt-cv-readmore btn btn-success\" target=\"_self\">Lire<\/a><\/div><\/div><\/div><\/div>\n<div class=\"col-md-6 col-sm-6 col-xs-12 pt-cv-content-item pt-cv-2-col\" ><div class='pt-cv-ifield'><a href=\"https:\/\/www.reveeveille.net\/candelhospitalet\/dolines-a-surveiller-dans-le-vallon-au-dessus-de-loultre\/\" class=\"_self pt-cv-href-thumbnail pt-cv-thumb-left\" target=\"_self\" ><img loading=\"lazy\" decoding=\"async\" width=\"150\" height=\"150\" src=\"https:\/\/www.reveeveille.net\/candelhospitalet\/wp-content\/uploads\/2022\/02\/20070416_can_oultre_dolines_1-150x150.jpg\" class=\"pt-cv-thumbnail pull-left\" alt=\"\" \/><\/a>\n<h4 class=\"pt-cv-title\"><a href=\"https:\/\/www.reveeveille.net\/candelhospitalet\/dolines-a-surveiller-dans-le-vallon-au-dessus-de-loultre\/\" class=\"_self\" target=\"_self\" >Dolines a surveiller dans le vallon au dessus de l&rsquo;Oultre<\/a><\/h4>\n<div class=\"pt-cv-content\">La combe situ\u00e9e sur la can, \u00e0 l'ouest de l'oultre, est constitu\u00e9e par un bel ensemble de prairies verdoyantes au ...<br \/><div class=\"pt-cv-rmwrap\"><a href=\"https:\/\/www.reveeveille.net\/candelhospitalet\/dolines-a-surveiller-dans-le-vallon-au-dessus-de-loultre\/\" class=\"_self pt-cv-readmore btn btn-success\" target=\"_self\">Lire<\/a><\/div><\/div><\/div><\/div>\n<div class=\"col-md-6 col-sm-6 col-xs-12 pt-cv-content-item pt-cv-2-col\" ><div class='pt-cv-ifield'><a href=\"https:\/\/www.reveeveille.net\/candelhospitalet\/la-grotte-des-fees-de-bassurels\/\" class=\"_self pt-cv-href-thumbnail pt-cv-thumb-left\" target=\"_self\" ><img loading=\"lazy\" decoding=\"async\" width=\"150\" height=\"150\" src=\"https:\/\/www.reveeveille.net\/candelhospitalet\/wp-content\/uploads\/2021\/07\/20070119_grotte_des_fees_sortie_principale-150x150.jpg\" class=\"pt-cv-thumbnail pull-left\" alt=\"\" \/><\/a>\n<h4 class=\"pt-cv-title\"><a href=\"https:\/\/www.reveeveille.net\/candelhospitalet\/la-grotte-des-fees-de-bassurels\/\" class=\"_self\" target=\"_self\" >La grotte des f\u00e9es de Bassurels<\/a><\/h4>\n<div class=\"pt-cv-content\">A son extr\u00e9mit\u00e9 sud, la can de l'Hospitalet se termine de mani\u00e8re abrupte au dessus de la vall\u00e9e Borgne. Une ...<br \/><div class=\"pt-cv-rmwrap\"><a href=\"https:\/\/www.reveeveille.net\/candelhospitalet\/la-grotte-des-fees-de-bassurels\/\" class=\"_self pt-cv-readmore btn btn-success\" target=\"_self\">Lire<\/a><\/div><\/div><\/div><\/div>\n<div class=\"col-md-6 col-sm-6 col-xs-12 pt-cv-content-item pt-cv-2-col\" ><div class='pt-cv-ifield'><a href=\"https:\/\/www.reveeveille.net\/candelhospitalet\/la-baume-des-sorcieres\/\" class=\"_self pt-cv-href-thumbnail pt-cv-thumb-left\" target=\"_self\" ><img loading=\"lazy\" decoding=\"async\" width=\"150\" height=\"150\" src=\"https:\/\/www.reveeveille.net\/candelhospitalet\/wp-content\/uploads\/2021\/07\/20061002_baume_sorciere_echelle_descente-150x150.jpg\" class=\"pt-cv-thumbnail pull-left\" alt=\"\" \/><\/a>\n<h4 class=\"pt-cv-title\"><a href=\"https:\/\/www.reveeveille.net\/candelhospitalet\/la-baume-des-sorcieres\/\" class=\"_self\" target=\"_self\" >La baume des sorci\u00e8res<\/a><\/h4>\n<div class=\"pt-cv-content\">La baume des sorci\u00e8res ne pr\u00e9sente ni int\u00e9r\u00eat sp\u00e9l\u00e9ologique de premier ordre, ni int\u00e9r\u00eat arch\u00e9ologique. Elle est ch\u00e8re \u00e0 mon ...<br \/><div class=\"pt-cv-rmwrap\"><a href=\"https:\/\/www.reveeveille.net\/candelhospitalet\/la-baume-des-sorcieres\/\" class=\"_self pt-cv-readmore btn btn-success\" target=\"_self\">Lire<\/a><\/div><\/div><\/div><\/div>\n<div class=\"col-md-6 col-sm-6 col-xs-12 pt-cv-content-item pt-cv-2-col\" ><div class='pt-cv-ifield'><a href=\"https:\/\/www.reveeveille.net\/candelhospitalet\/la-grotte-en-chapeau-de-gendarme-de-noziere\/\" class=\"_self pt-cv-href-thumbnail pt-cv-thumb-left\" target=\"_self\" ><img loading=\"lazy\" decoding=\"async\" width=\"150\" height=\"150\" src=\"https:\/\/www.reveeveille.net\/candelhospitalet\/wp-content\/uploads\/2021\/08\/20060425_can_hospitalet_grotte_pres_noziere_1-150x150.jpg\" class=\"pt-cv-thumbnail pull-left\" alt=\"\" \/><\/a>\n<h4 class=\"pt-cv-title\"><a href=\"https:\/\/www.reveeveille.net\/candelhospitalet\/la-grotte-en-chapeau-de-gendarme-de-noziere\/\" class=\"_self\" target=\"_self\" >La grotte en chapeau de gendarme de Nozi\u00e8re<\/a><\/h4>\n<div class=\"pt-cv-content\">Celle-l\u00e0, on peut dire qu'elle m'a fait travailler ! Des ann\u00e9es auparavant, j'avais vu sur une carte g\u00e9omorphologique tr\u00e8s impr\u00e9cise, ...<br \/><div class=\"pt-cv-rmwrap\"><a href=\"https:\/\/www.reveeveille.net\/candelhospitalet\/la-grotte-en-chapeau-de-gendarme-de-noziere\/\" class=\"_self pt-cv-readmore btn btn-success\" target=\"_self\">Lire<\/a><\/div><\/div><\/div><\/div>\n<div class=\"col-md-6 col-sm-6 col-xs-12 pt-cv-content-item pt-cv-2-col\" ><div class='pt-cv-ifield'><a href=\"https:\/\/www.reveeveille.net\/candelhospitalet\/aven-rebouche-de-la-ferme-de-montgros\/\" class=\"_self pt-cv-href-thumbnail pt-cv-thumb-left\" target=\"_self\" ><img loading=\"lazy\" decoding=\"async\" width=\"150\" height=\"150\" src=\"https:\/\/www.reveeveille.net\/candelhospitalet\/wp-content\/uploads\/2021\/07\/20070410_coin_magique_au_coeur-150x150.jpg\" class=\"pt-cv-thumbnail pull-left\" alt=\"\" \/><\/a>\n<h4 class=\"pt-cv-title\"><a href=\"https:\/\/www.reveeveille.net\/candelhospitalet\/aven-rebouche-de-la-ferme-de-montgros\/\" class=\"_self\" target=\"_self\" >Aven rebouch\u00e9 de la ferme de Montgros<\/a><\/h4>\n<div class=\"pt-cv-content\">En 2007, l'exploitant agricole du secteur de Montgros a racont\u00e9 \u00e0 Raymond Lefillatre que quelques ann\u00e9es auparavant, un aven s'est ...<br \/><div class=\"pt-cv-rmwrap\"><a href=\"https:\/\/www.reveeveille.net\/candelhospitalet\/aven-rebouche-de-la-ferme-de-montgros\/\" class=\"_self pt-cv-readmore btn btn-success\" target=\"_self\">Lire<\/a><\/div><\/div><\/div><\/div>\n<div class=\"col-md-6 col-sm-6 col-xs-12 pt-cv-content-item pt-cv-2-col\" ><div class='pt-cv-ifield'><a href=\"https:\/\/www.reveeveille.net\/candelhospitalet\/amorces-du-chaos-de-petit-le-vieux\/\" class=\"_self pt-cv-href-thumbnail pt-cv-thumb-left\" target=\"_self\" ><img loading=\"lazy\" decoding=\"async\" width=\"150\" height=\"150\" src=\"https:\/\/www.reveeveille.net\/candelhospitalet\/wp-content\/uploads\/2021\/08\/20061021_plaine_crottes_aven_bouche-150x150.jpg\" class=\"pt-cv-thumbnail pull-left\" alt=\"\" \/><\/a>\n<h4 class=\"pt-cv-title\"><a href=\"https:\/\/www.reveeveille.net\/candelhospitalet\/amorces-du-chaos-de-petit-le-vieux\/\" class=\"_self\" target=\"_self\" >Les amorces du \u00ab\u00a0chaos de petit le vieux\u00a0\u00bb<\/a><\/h4>\n<div class=\"pt-cv-content\">Le long de la route qui m\u00e8ne de l'Hospitalet au Pompidou, sur la gauche, \u00e0 environ 200 m\u00e8tres avant l'entr\u00e9e ...<br \/><div class=\"pt-cv-rmwrap\"><a href=\"https:\/\/www.reveeveille.net\/candelhospitalet\/amorces-du-chaos-de-petit-le-vieux\/\" class=\"_self pt-cv-readmore btn btn-success\" target=\"_self\">Lire<\/a><\/div><\/div><\/div><\/div>\n<div class=\"col-md-6 col-sm-6 col-xs-12 pt-cv-content-item pt-cv-2-col\" ><div class='pt-cv-ifield'><a href=\"https:\/\/www.reveeveille.net\/candelhospitalet\/inventaire-des-grottes-de-la-can-de-lhospitalet\/\" class=\"_self pt-cv-href-thumbnail pt-cv-thumb-left\" target=\"_self\" ><img loading=\"lazy\" decoding=\"async\" width=\"150\" height=\"150\" src=\"https:\/\/www.reveeveille.net\/candelhospitalet\/wp-content\/uploads\/2021\/08\/20100314_trou_souffleur_solperiere_02-150x150.jpg\" class=\"pt-cv-thumbnail pull-left\" alt=\"\" \/><\/a>\n<h4 class=\"pt-cv-title\"><a href=\"https:\/\/www.reveeveille.net\/candelhospitalet\/inventaire-des-grottes-de-la-can-de-lhospitalet\/\" class=\"_self\" target=\"_self\" >Inventaire des grottes de la can de l&rsquo;Hospitalet<\/a><\/h4>\n<div class=\"pt-cv-content\">Voici un inventaire en perp\u00e9tuelle \u00e9volution des grottes et cavit\u00e9s de la can de l'Hospitalet. Les positions ne sont certifi\u00e9es ...<br \/><div class=\"pt-cv-rmwrap\"><a href=\"https:\/\/www.reveeveille.net\/candelhospitalet\/inventaire-des-grottes-de-la-can-de-lhospitalet\/\" class=\"_self pt-cv-readmore btn btn-success\" target=\"_self\">Lire<\/a><\/div><\/div><\/div><\/div>\n<div class=\"col-md-6 col-sm-6 col-xs-12 pt-cv-content-item pt-cv-2-col\" ><div class='pt-cv-ifield'><a href=\"https:\/\/www.reveeveille.net\/candelhospitalet\/sites-speleo-a-surveiller\/\" class=\"_self pt-cv-href-thumbnail pt-cv-thumb-left\" target=\"_self\" ><img loading=\"lazy\" decoding=\"async\" width=\"150\" height=\"150\" src=\"https:\/\/www.reveeveille.net\/candelhospitalet\/wp-content\/uploads\/2021\/08\/20080804_prairie_des_crottes_ouverture_01-150x150.jpg\" class=\"pt-cv-thumbnail pull-left\" alt=\"\" \/><\/a>\n<h4 class=\"pt-cv-title\"><a href=\"https:\/\/www.reveeveille.net\/candelhospitalet\/sites-speleo-a-surveiller\/\" class=\"_self\" target=\"_self\" >Sites sp\u00e9l\u00e9o \u00e0 surveiller<\/a><\/h4>\n<div class=\"pt-cv-content\">Les sites \"A surveiller\" ne sont ni des grottes ni des avens av\u00e9r\u00e9s. Il s'agit de tous ces effondrements, dolines ...<br \/><div class=\"pt-cv-rmwrap\"><a href=\"https:\/\/www.reveeveille.net\/candelhospitalet\/sites-speleo-a-surveiller\/\" class=\"_self pt-cv-readmore btn btn-success\" target=\"_self\">Lire<\/a><\/div><\/div><\/div><\/div>\n<div class=\"col-md-6 col-sm-6 col-xs-12 pt-cv-content-item pt-cv-2-col\" ><div class='pt-cv-ifield'><a href=\"https:\/\/www.reveeveille.net\/candelhospitalet\/la-grotte-de-la-carriere-pnc\/\" class=\"_self pt-cv-href-thumbnail pt-cv-thumb-left\" target=\"_self\" ><img loading=\"lazy\" decoding=\"async\" width=\"150\" height=\"150\" src=\"https:\/\/www.reveeveille.net\/candelhospitalet\/wp-content\/uploads\/2021\/07\/20060424_le_barret_carriere-150x150.jpg\" class=\"pt-cv-thumbnail pull-left\" alt=\"\" \/><\/a>\n<h4 class=\"pt-cv-title\"><a href=\"https:\/\/www.reveeveille.net\/candelhospitalet\/la-grotte-de-la-carriere-pnc\/\" class=\"_self\" target=\"_self\" >La grotte de la carri\u00e8re PNC<\/a><\/h4>\n<div class=\"pt-cv-content\">Cette grotte s'ouvrait autrefois sur le site de la carri\u00e8re qui a fourni en pierre le chantier de r\u00e9novation du ...<br \/><div class=\"pt-cv-rmwrap\"><a href=\"https:\/\/www.reveeveille.net\/candelhospitalet\/la-grotte-de-la-carriere-pnc\/\" class=\"_self pt-cv-readmore btn btn-success\" target=\"_self\">Lire<\/a><\/div><\/div><\/div><\/div><\/div><\/div>\n<div class=\" pt-cv-pagination-wrapper\"><ul class=\"pt-cv-pagination pt-cv-ajax pagination\" data-totalpages=\"3\" data-currentpage=\"1\" data-sid=\"cd38bdau4m\" data-unid=\"\" data-isblock=\"\" data-postid=\"\"><li class=\"active\"><a href=\"#\">1<\/a><\/li>\n\t<li ><a class=\"\" href=\"https:\/\/www.reveeveille.net\/candelhospitalet\/wp-json\/wp\/v2\/pages\/302\/?_page=2\">2<\/a><\/li>\n\t<li ><a class=\"\" href=\"https:\/\/www.reveeveille.net\/candelhospitalet\/wp-json\/wp\/v2\/pages\/302\/?_page=3\">3<\/a><\/li>\n\t<li ><a class=\" \" href=\"https:\/\/www.reveeveille.net\/candelhospitalet\/wp-json\/wp\/v2\/pages\/302\/?_page=2\">&rsaquo;<\/a><\/li>\n\t<\/ul><img loading=\"lazy\" decoding=\"async\" width=\"15\" height=\"15\" class=\"pt-cv-spinner\" alt=\"Chargement\u2026\" src=\"data:image\/gif;base64,R0lGODlhDwAPALMPAMrKygwMDJOTkz09PZWVla+vr3p6euTk5M7OzuXl5TMzMwAAAJmZmWZmZszMzP\/\/\/yH\/C05FVFNDQVBFMi4wAwEAAAAh+QQFCgAPACwAAAAADwAPAAAEQvDJaZaZOIcV8iQK8VRX4iTYoAwZ4iCYoAjZ4RxejhVNoT+mRGP4cyF4Pp0N98sBGIBMEMOotl6YZ3S61Bmbkm4mAgAh+QQFCgAPACwAAAAADQANAAAENPDJSRSZeA418itN8QiK8BiLITVsFiyBBIoYqnoewAD4xPw9iY4XLGYSjkQR4UAUD45DLwIAIfkEBQoADwAsAAAAAA8ACQAABC\/wyVlamTi3nSdgwFNdhEJgTJoNyoB9ISYoQmdjiZPcj7EYCAeCF1gEDo4Dz2eIAAAh+QQFCgAPACwCAAAADQANAAAEM\/DJBxiYeLKdX3IJZT1FU0iIg2RNKx3OkZVnZ98ToRD4MyiDnkAh6BkNC0MvsAj0kMpHBAAh+QQFCgAPACwGAAAACQAPAAAEMDC59KpFDll73HkAA2wVY5KgiK5b0RRoI6MuzG6EQqCDMlSGheEhUAgqgUUAFRySIgAh+QQFCgAPACwCAAIADQANAAAEM\/DJKZNLND\/kkKaHc3xk+QAMYDKsiaqmZCxGVjSFFCxB1vwy2oOgIDxuucxAMTAJFAJNBAAh+QQFCgAPACwAAAYADwAJAAAEMNAs86q1yaWwwv2Ig0jUZx3OYa4XoRAfwADXoAwfo1+CIjyFRuEho60aSNYlOPxEAAAh+QQFCgAPACwAAAIADQANAAAENPA9s4y8+IUVcqaWJ4qEQozSoAzoIyhCK2NFU2SJk0hNnyEOhKR2AzAAj4Pj4GE4W0bkJQIAOw==\" \/><div class=\"clear pt-cv-clear-pagination\"><\/div><\/div><\/div>\n","protected":false},"excerpt":{"rendered":"<p>Les grottes et le milieu souterrain occupent une place particuli\u00e8re dans la vie que je m\u00e8ne ici. Sans \u00eatre un sp\u00e9l\u00e9ologue assidu, j&rsquo;adore faire un tour dans celles qui se&hellip; <\/p>\n","protected":false},"author":3,"featured_media":0,"parent":0,"menu_order":0,"comment_status":"closed","ping_status":"closed","template":"","meta":{"_monsterinsights_skip_tracking":false,"_monsterinsights_sitenote_active":false,"_monsterinsights_sitenote_note":"","_monsterinsights_sitenote_category":0,"footnotes":""},"class_list":["post-302","page","type-page","status-publish","hentry"],"_links":{"self":[{"href":"https:\/\/www.reveeveille.net\/candelhospitalet\/wp-json\/wp\/v2\/pages\/302","targetHints":{"allow":["GET"]}}],"collection":[{"href":"https:\/\/www.reveeveille.net\/candelhospitalet\/wp-json\/wp\/v2\/pages"}],"about":[{"href":"https:\/\/www.reveeveille.net\/candelhospitalet\/wp-json\/wp\/v2\/types\/page"}],"author":[{"embeddable":true,"href":"https:\/\/www.reveeveille.net\/candelhospitalet\/wp-json\/wp\/v2\/users\/3"}],"replies":[{"embeddable":true,"href":"https:\/\/www.reveeveille.net\/candelhospitalet\/wp-json\/wp\/v2\/comments?post=302"}],"version-history":[{"count":3,"href":"https:\/\/www.reveeveille.net\/candelhospitalet\/wp-json\/wp\/v2\/pages\/302\/revisions"}],"predecessor-version":[{"id":3931,"href":"https:\/\/www.reveeveille.net\/candelhospitalet\/wp-json\/wp\/v2\/pages\/302\/revisions\/3931"}],"wp:attachment":[{"href":"https:\/\/www.reveeveille.net\/candelhospitalet\/wp-json\/wp\/v2\/media?parent=302"}],"curies":[{"name":"wp","href":"https:\/\/api.w.org\/{rel}","templated":true}]}}